{"version":"1.0","provider_name":"Kuzeyin Sesi","provider_url":"https:\/\/kuzeyinsesi.org","author_name":"Kuzeyin Sesi","author_url":"https:\/\/kuzeyinsesi.org\/index.php\/author\/guven\/","title":"\u201cEngeli Ya\u015famak\u201d sergisi Sal\u0131 g\u00fcn\u00fc a\u00e7\u0131l\u0131yor - Kuzeyin Sesi","type":"rich","width":600,"height":338,"html":"<blockquote class=\"wp-embedded-content\" data-secret=\"yzRXqEqDZC\"><a href=\"https:\/\/kuzeyinsesi.org\/index.php\/2024\/07\/05\/engeli-yasamak-sergisi-sali-gunu-aciliyor\/\">\u201cEngeli Ya\u015famak\u201d sergisi Sal\u0131 g\u00fcn\u00fc a\u00e7\u0131l\u0131yor<\/a><\/blockquote><iframe sandbox=\"allow-scripts\" security=\"restricted\" src=\"https:\/\/kuzeyinsesi.org\/index.php\/2024\/07\/05\/engeli-yasamak-sergisi-sali-gunu-aciliyor\/embed\/#?secret=yzRXqEqDZC\" width=\"600\" height=\"338\" title=\"&#8220;\u201cEngeli Ya\u015famak\u201d sergisi Sal\u0131 g\u00fcn\u00fc a\u00e7\u0131l\u0131yor&#8221; &#8212; Kuzeyin Sesi\" data-secret=\"yzRXqEqDZC\" frameborder=\"0\" marginwidth=\"0\" marginheight=\"0\" scrolling=\"no\" class=\"wp-embedded-content\"><\/iframe><script type=\"text\/javascript\">\n\/* <![CDATA[ *\/\n\/*! This file is auto-generated *\/\n!function(d,l){\"use strict\";l.querySelector&&d.addEventListener&&\"undefined\"!=typeof URL&&(d.wp=d.wp||{},d.wp.receiveEmbedMessage||(d.wp.receiveEmbedMessage=function(e){var t=e.data;if((t||t.secret||t.message||t.value)&&!\/[^a-zA-Z0-9]\/.test(t.secret)){for(var s,r,n,a=l.querySelectorAll('iframe[data-secret=\"'+t.secret+'\"]'),o=l.querySelectorAll('blockquote[data-secret=\"'+t.secret+'\"]'),c=new RegExp(\"^https?:$\",\"i\"),i=0;i<o.length;i++)o[i].style.display=\"none\";for(i=0;i<a.length;i++)s=a[i],e.source===s.contentWindow&&(s.removeAttribute(\"style\"),\"height\"===t.message?(1e3<(r=parseInt(t.value,10))?r=1e3:~~r<200&&(r=200),s.height=r):\"link\"===t.message&&(r=new URL(s.getAttribute(\"src\")),n=new URL(t.value),c.test(n.protocol))&&n.host===r.host&&l.activeElement===s&&(d.top.location.href=t.value))}},d.addEventListener(\"message\",d.wp.receiveEmbedMessage,!1),l.addEventListener(\"DOMContentLoaded\",function(){for(var e,t,s=l.querySelectorAll(\"iframe.wp-embedded-content\"),r=0;r<s.length;r++)(t=(e=s[r]).getAttribute(\"data-secret\"))||(t=Math.random().toString(36).substring(2,12),e.src+=\"#?secret=\"+t,e.setAttribute(\"data-secret\",t)),e.contentWindow.postMessage({message:\"ready\",secret:t},\"*\")},!1)))}(window,document);\n\/\/# sourceURL=https:\/\/kuzeyinsesi.org\/wp-includes\/js\/wp-embed.min.js\n\/* ]]> *\/\n<\/script>\n","thumbnail_url":"https:\/\/brtk.net\/wp-content\/uploads\/2024\/07\/05\/foder-sergi.jpeg?ver=3513edcfa52478529fa7acdc83d25a7c","thumbnail_width":600,"thumbnail_height":314,"description":"K\u0131br\u0131s T\u00fcrk Foto\u011fraf Derne\u011fi \u00fcyelerinin foto\u011fraflar\u0131ndan olu\u015fan \u201cEngeli Ya\u015famak\u201d sergisi Sal\u0131 g\u00fcn\u00fc Lefko\u015fa Atat\u00fcrk K\u00fclt\u00fcr Merkezi\u2019nde a\u00e7\u0131l\u0131yor. A\u00e7\u0131l\u0131\u015f\u0131 saat 20.00\u2019de yap\u0131lacak sergi 19 Temmuz\u2019a kadar ziyaret edilebilecek. Serginin l\u00fcrat\u00f6rl\u00fc\u011f\u00fcn\u00fc \u0130smail G\u00f6k\u00e7e\u2019nin yapt\u0131. \u00a0"}