{"version":"1.0","provider_name":"Kuzeyin Sesi","provider_url":"https:\/\/kuzeyinsesi.org","author_name":"Kuzeyin Sesi","author_url":"https:\/\/kuzeyinsesi.org\/index.php\/author\/guven\/","title":"\u00c7a\u011fda\u015f M\u00fczik Derne\u011fi Girne\u2019de yard\u0131m konseri verdi - Kuzeyin Sesi","type":"rich","width":600,"height":338,"html":"<blockquote class=\"wp-embedded-content\" data-secret=\"vQjj18pZmF\"><a href=\"https:\/\/kuzeyinsesi.org\/index.php\/2024\/07\/02\/cagdas-muzik-dernegi-girnede-yardim-konseri-verdi\/\">\u00c7a\u011fda\u015f M\u00fczik Derne\u011fi Girne\u2019de yard\u0131m konseri verdi<\/a><\/blockquote><iframe sandbox=\"allow-scripts\" security=\"restricted\" src=\"https:\/\/kuzeyinsesi.org\/index.php\/2024\/07\/02\/cagdas-muzik-dernegi-girnede-yardim-konseri-verdi\/embed\/#?secret=vQjj18pZmF\" width=\"600\" height=\"338\" title=\"&#8220;\u00c7a\u011fda\u015f M\u00fczik Derne\u011fi Girne\u2019de yard\u0131m konseri verdi&#8221; &#8212; Kuzeyin Sesi\" data-secret=\"vQjj18pZmF\" frameborder=\"0\" marginwidth=\"0\" marginheight=\"0\" scrolling=\"no\" class=\"wp-embedded-content\"><\/iframe><script type=\"text\/javascript\">\n\/* <![CDATA[ *\/\n\/*! This file is auto-generated *\/\n!function(d,l){\"use strict\";l.querySelector&&d.addEventListener&&\"undefined\"!=typeof URL&&(d.wp=d.wp||{},d.wp.receiveEmbedMessage||(d.wp.receiveEmbedMessage=function(e){var t=e.data;if((t||t.secret||t.message||t.value)&&!\/[^a-zA-Z0-9]\/.test(t.secret)){for(var s,r,n,a=l.querySelectorAll('iframe[data-secret=\"'+t.secret+'\"]'),o=l.querySelectorAll('blockquote[data-secret=\"'+t.secret+'\"]'),c=new RegExp(\"^https?:$\",\"i\"),i=0;i<o.length;i++)o[i].style.display=\"none\";for(i=0;i<a.length;i++)s=a[i],e.source===s.contentWindow&&(s.removeAttribute(\"style\"),\"height\"===t.message?(1e3<(r=parseInt(t.value,10))?r=1e3:~~r<200&&(r=200),s.height=r):\"link\"===t.message&&(r=new URL(s.getAttribute(\"src\")),n=new URL(t.value),c.test(n.protocol))&&n.host===r.host&&l.activeElement===s&&(d.top.location.href=t.value))}},d.addEventListener(\"message\",d.wp.receiveEmbedMessage,!1),l.addEventListener(\"DOMContentLoaded\",function(){for(var e,t,s=l.querySelectorAll(\"iframe.wp-embedded-content\"),r=0;r<s.length;r++)(t=(e=s[r]).getAttribute(\"data-secret\"))||(t=Math.random().toString(36).substring(2,12),e.src+=\"#?secret=\"+t,e.setAttribute(\"data-secret\",t)),e.contentWindow.postMessage({message:\"ready\",secret:t},\"*\")},!1)))}(window,document);\n\/\/# sourceURL=https:\/\/kuzeyinsesi.org\/wp-includes\/js\/wp-embed.min.js\n\/* ]]> *\/\n<\/script>\n","thumbnail_url":"https:\/\/kuzeyinsesi.org\/wp-content\/uploads\/2024\/07\/342342.jpg","thumbnail_width":1562,"thumbnail_height":885,"description":"\u00c7a\u011fda\u015f M\u00fczik Derne\u011fi, d\u00fcn ak\u015fam Girne\u2019de konser verdi. Konser geliri Dr. Burhan Nalbanto\u011flu Devlet Hastanesi \u00c7ocuk Onkoloji Servisi\u2019ne ba\u011f\u0131\u015flanacak. Dernek\u2019ten verilen bilgiye g\u00f6re, Girne Amfi Tiyatro\u2019da yer alan konserde TRT sanat\u00e7\u0131lar\u0131 Ay\u015fe Ekiz, \u00c7i\u011fdem G\u00fcrdal, Mustafa Demiro\u011flu, Esra \u0130\u00e7\u00f6z ve Nusret Y\u0131lmaz; saz sanat\u00e7\u0131lar\u0131, yerel sanat\u00e7\u0131lardan Ayhan Ba\u015fkal ve Cemal \u00d6zg\u00fcrsel; \u00c7a\u011fda\u015f Gen\u00e7ler Orkestras\u0131 ve [&hellip;]"}