{"version":"1.0","provider_name":"Kuzeyin Sesi","provider_url":"https:\/\/kuzeyinsesi.org","author_name":"Kuzeyin Sesi","author_url":"https:\/\/kuzeyinsesi.org\/index.php\/author\/guven\/","title":"Tatl\u0131su\u2019da yar\u0131n do\u011fal \u00fcr\u00fcn pazar\u0131 a\u00e7\u0131l\u0131yor - Kuzeyin Sesi","type":"rich","width":600,"height":338,"html":"<blockquote class=\"wp-embedded-content\" data-secret=\"2fS5j6JH3J\"><a href=\"https:\/\/kuzeyinsesi.org\/index.php\/2024\/06\/29\/tatlisuda-yarin-dogal-urun-pazari-aciliyor\/\">Tatl\u0131su\u2019da yar\u0131n do\u011fal \u00fcr\u00fcn pazar\u0131 a\u00e7\u0131l\u0131yor<\/a><\/blockquote><iframe sandbox=\"allow-scripts\" security=\"restricted\" src=\"https:\/\/kuzeyinsesi.org\/index.php\/2024\/06\/29\/tatlisuda-yarin-dogal-urun-pazari-aciliyor\/embed\/#?secret=2fS5j6JH3J\" width=\"600\" height=\"338\" title=\"&#8220;Tatl\u0131su\u2019da yar\u0131n do\u011fal \u00fcr\u00fcn pazar\u0131 a\u00e7\u0131l\u0131yor&#8221; &#8212; Kuzeyin Sesi\" data-secret=\"2fS5j6JH3J\" frameborder=\"0\" marginwidth=\"0\" marginheight=\"0\" scrolling=\"no\" class=\"wp-embedded-content\"><\/iframe><script type=\"text\/javascript\">\n\/* <![CDATA[ *\/\n\/*! This file is auto-generated *\/\n!function(d,l){\"use strict\";l.querySelector&&d.addEventListener&&\"undefined\"!=typeof URL&&(d.wp=d.wp||{},d.wp.receiveEmbedMessage||(d.wp.receiveEmbedMessage=function(e){var t=e.data;if((t||t.secret||t.message||t.value)&&!\/[^a-zA-Z0-9]\/.test(t.secret)){for(var s,r,n,a=l.querySelectorAll('iframe[data-secret=\"'+t.secret+'\"]'),o=l.querySelectorAll('blockquote[data-secret=\"'+t.secret+'\"]'),c=new RegExp(\"^https?:$\",\"i\"),i=0;i<o.length;i++)o[i].style.display=\"none\";for(i=0;i<a.length;i++)s=a[i],e.source===s.contentWindow&&(s.removeAttribute(\"style\"),\"height\"===t.message?(1e3<(r=parseInt(t.value,10))?r=1e3:~~r<200&&(r=200),s.height=r):\"link\"===t.message&&(r=new URL(s.getAttribute(\"src\")),n=new URL(t.value),c.test(n.protocol))&&n.host===r.host&&l.activeElement===s&&(d.top.location.href=t.value))}},d.addEventListener(\"message\",d.wp.receiveEmbedMessage,!1),l.addEventListener(\"DOMContentLoaded\",function(){for(var e,t,s=l.querySelectorAll(\"iframe.wp-embedded-content\"),r=0;r<s.length;r++)(t=(e=s[r]).getAttribute(\"data-secret\"))||(t=Math.random().toString(36).substring(2,12),e.src+=\"#?secret=\"+t,e.setAttribute(\"data-secret\",t)),e.contentWindow.postMessage({message:\"ready\",secret:t},\"*\")},!1)))}(window,document);\n\/\/# sourceURL=https:\/\/kuzeyinsesi.org\/wp-includes\/js\/wp-embed.min.js\n\/* ]]> *\/\n<\/script>\n","thumbnail_url":"https:\/\/kuzeyinsesi.org\/wp-content\/uploads\/2024\/06\/pazar.jpeg","thumbnail_width":1080,"thumbnail_height":608,"description":"Tatl\u0131su\u2019da yar\u0131n do\u011fal \u00fcr\u00fcn pazar\u0131 a\u00e7\u0131l\u0131yor. Rauf Denkta\u015f Futbol Sahas\u0131 yan\u0131ndaki pazar yerinde saat 10.00\u2019da a\u00e7\u0131lacak ve g\u00fcn boyu s\u00fcrecek pazarda geleneksel y\u00f6ntemlerle \u00fcretilen harnup pekmezi, zeytinya\u011f\u0131, macunlar, re\u00e7eller, do\u011fal \u00e7aylar, sal\u00e7a ve tur\u015fu \u00e7e\u015fitleri sat\u0131\u015fa sunulacak. Tatl\u0131su Belediye Ba\u015fkan\u0131 Hayri Or\u00e7an sosyal medya hesab\u0131ndan duyuru yaparak taptaze toplanm\u0131\u015f sebze ve meyveler, k\u00f6y ekme\u011fi, hellimli-zeytinli [&hellip;]"}