{"version":"1.0","provider_name":"Kuzeyin Sesi","provider_url":"https:\/\/kuzeyinsesi.org","author_name":"Kuzeyin Sesi","author_url":"https:\/\/kuzeyinsesi.org\/index.php\/author\/guven\/","title":"MF\u00d6, Salamis Antik Tiyatro\u2019da konser verdi - Kuzeyin Sesi","type":"rich","width":600,"height":338,"html":"<blockquote class=\"wp-embedded-content\" data-secret=\"z53ZgHcovc\"><a href=\"https:\/\/kuzeyinsesi.org\/index.php\/2024\/06\/28\/mfo-salamis-antik-tiyatroda-konser-verdi\/\">MF\u00d6, Salamis Antik Tiyatro\u2019da konser verdi<\/a><\/blockquote><iframe sandbox=\"allow-scripts\" security=\"restricted\" src=\"https:\/\/kuzeyinsesi.org\/index.php\/2024\/06\/28\/mfo-salamis-antik-tiyatroda-konser-verdi\/embed\/#?secret=z53ZgHcovc\" width=\"600\" height=\"338\" title=\"&#8220;MF\u00d6, Salamis Antik Tiyatro\u2019da konser verdi&#8221; &#8212; Kuzeyin Sesi\" data-secret=\"z53ZgHcovc\" frameborder=\"0\" marginwidth=\"0\" marginheight=\"0\" scrolling=\"no\" class=\"wp-embedded-content\"><\/iframe><script type=\"text\/javascript\">\n\/* <![CDATA[ *\/\n\/*! This file is auto-generated *\/\n!function(d,l){\"use strict\";l.querySelector&&d.addEventListener&&\"undefined\"!=typeof URL&&(d.wp=d.wp||{},d.wp.receiveEmbedMessage||(d.wp.receiveEmbedMessage=function(e){var t=e.data;if((t||t.secret||t.message||t.value)&&!\/[^a-zA-Z0-9]\/.test(t.secret)){for(var s,r,n,a=l.querySelectorAll('iframe[data-secret=\"'+t.secret+'\"]'),o=l.querySelectorAll('blockquote[data-secret=\"'+t.secret+'\"]'),c=new RegExp(\"^https?:$\",\"i\"),i=0;i<o.length;i++)o[i].style.display=\"none\";for(i=0;i<a.length;i++)s=a[i],e.source===s.contentWindow&&(s.removeAttribute(\"style\"),\"height\"===t.message?(1e3<(r=parseInt(t.value,10))?r=1e3:~~r<200&&(r=200),s.height=r):\"link\"===t.message&&(r=new URL(s.getAttribute(\"src\")),n=new URL(t.value),c.test(n.protocol))&&n.host===r.host&&l.activeElement===s&&(d.top.location.href=t.value))}},d.addEventListener(\"message\",d.wp.receiveEmbedMessage,!1),l.addEventListener(\"DOMContentLoaded\",function(){for(var e,t,s=l.querySelectorAll(\"iframe.wp-embedded-content\"),r=0;r<s.length;r++)(t=(e=s[r]).getAttribute(\"data-secret\"))||(t=Math.random().toString(36).substring(2,12),e.src+=\"#?secret=\"+t,e.setAttribute(\"data-secret\",t)),e.contentWindow.postMessage({message:\"ready\",secret:t},\"*\")},!1)))}(window,document);\n\/\/# sourceURL=https:\/\/kuzeyinsesi.org\/wp-includes\/js\/wp-embed.min.js\n\/* ]]> *\/\n<\/script>\n","thumbnail_url":"https:\/\/kuzeyinsesi.org\/wp-content\/uploads\/2024\/06\/gazimagusa-festivali1.jpeg","thumbnail_width":2560,"thumbnail_height":1706,"description":"T\u00fcrk pop ve rock m\u00fczik grubu MF\u00d6 \u00fcyeleri Mazhar Alanson ve Fuat G\u00fcner, 24. Uluslararas\u0131 Ma\u011fusa K\u00fclt\u00fcr-Sanat Festivali kapsam\u0131nda d\u00fcn ak\u015fam konser verdi. Salamis Antik Tiyatro\u2019da yer alan konserde, grubun hitleri dinleyicilerle beraber s\u00f6ylenirken, grubun \u201cEle G\u00fcne Kar\u015f\u0131 Yapayaln\u0131z\u201d alb\u00fcmlerinde yer alan \u201cG\u00fcllerin \u0130\u00e7inden\u201d \u015fark\u0131s\u0131 ile bir s\u00fcre \u00f6nce hayat\u0131n\u0131 kaybeden grup \u00fcyesi \u00d6zkan U\u011fur [&hellip;]"}