{"version":"1.0","provider_name":"Kuzeyin Sesi","provider_url":"https:\/\/kuzeyinsesi.org","author_name":"Kuzeyin Sesi","author_url":"https:\/\/kuzeyinsesi.org\/index.php\/author\/guven\/","title":"\u0130skele Festivali bug\u00fcn ba\u015fl\u0131yor - Kuzeyin Sesi","type":"rich","width":600,"height":338,"html":"<blockquote class=\"wp-embedded-content\" data-secret=\"Asd8PSNGog\"><a href=\"https:\/\/kuzeyinsesi.org\/index.php\/2024\/06\/28\/iskele-festivali-bugun-basliyor\/\">\u0130skele Festivali bug\u00fcn ba\u015fl\u0131yor<\/a><\/blockquote><iframe sandbox=\"allow-scripts\" security=\"restricted\" src=\"https:\/\/kuzeyinsesi.org\/index.php\/2024\/06\/28\/iskele-festivali-bugun-basliyor\/embed\/#?secret=Asd8PSNGog\" width=\"600\" height=\"338\" title=\"&#8220;\u0130skele Festivali bug\u00fcn ba\u015fl\u0131yor&#8221; &#8212; Kuzeyin Sesi\" data-secret=\"Asd8PSNGog\" frameborder=\"0\" marginwidth=\"0\" marginheight=\"0\" scrolling=\"no\" class=\"wp-embedded-content\"><\/iframe><script type=\"text\/javascript\">\n\/* <![CDATA[ *\/\n\/*! This file is auto-generated *\/\n!function(d,l){\"use strict\";l.querySelector&&d.addEventListener&&\"undefined\"!=typeof URL&&(d.wp=d.wp||{},d.wp.receiveEmbedMessage||(d.wp.receiveEmbedMessage=function(e){var t=e.data;if((t||t.secret||t.message||t.value)&&!\/[^a-zA-Z0-9]\/.test(t.secret)){for(var s,r,n,a=l.querySelectorAll('iframe[data-secret=\"'+t.secret+'\"]'),o=l.querySelectorAll('blockquote[data-secret=\"'+t.secret+'\"]'),c=new RegExp(\"^https?:$\",\"i\"),i=0;i<o.length;i++)o[i].style.display=\"none\";for(i=0;i<a.length;i++)s=a[i],e.source===s.contentWindow&&(s.removeAttribute(\"style\"),\"height\"===t.message?(1e3<(r=parseInt(t.value,10))?r=1e3:~~r<200&&(r=200),s.height=r):\"link\"===t.message&&(r=new URL(s.getAttribute(\"src\")),n=new URL(t.value),c.test(n.protocol))&&n.host===r.host&&l.activeElement===s&&(d.top.location.href=t.value))}},d.addEventListener(\"message\",d.wp.receiveEmbedMessage,!1),l.addEventListener(\"DOMContentLoaded\",function(){for(var e,t,s=l.querySelectorAll(\"iframe.wp-embedded-content\"),r=0;r<s.length;r++)(t=(e=s[r]).getAttribute(\"data-secret\"))||(t=Math.random().toString(36).substring(2,12),e.src+=\"#?secret=\"+t,e.setAttribute(\"data-secret\",t)),e.contentWindow.postMessage({message:\"ready\",secret:t},\"*\")},!1)))}(window,document);\n\/\/# sourceURL=https:\/\/kuzeyinsesi.org\/wp-includes\/js\/wp-embed.min.js\n\/* ]]> *\/\n<\/script>\n","thumbnail_url":"https:\/\/kuzeyinsesi.org\/wp-content\/uploads\/2024\/06\/iskele-fest.webp.webp","thumbnail_width":1280,"thumbnail_height":720,"description":"Geleneksel \u0130skele Festivali, bug\u00fcn ba\u015fl\u0131yor. 10 g\u00fcn s\u00fcrecek Festival, 7 Temmuz\u2019da sona erecek. \u0130skele Belediyesi Bas\u0131n ve Yay\u0131n Birimi taraf\u0131ndan yap\u0131lan a\u00e7\u0131klamaya g\u00f6re, Larnaka Deniz Panay\u0131r\u0131 olarak ba\u015flayan ve 1974 sonras\u0131 \u0130skele\u2019ye ta\u015f\u0131nan Festival, be\u015f y\u0131l aradan sonra yeniden yap\u0131lacak. \u0130skele Ecevit Meydan\u0131\u2019nda yer alacak Festival\u2019de; halk danslar\u0131, Larnakal\u0131lar Gecesi, Karadenizliler Gecesi, \u0130skele Rallisi, Benon [&hellip;]"}