{"version":"1.0","provider_name":"Kuzeyin Sesi","provider_url":"https:\/\/kuzeyinsesi.org","author_name":"Kuzeyin Sesi","author_url":"https:\/\/kuzeyinsesi.org\/index.php\/author\/guven\/","title":"46\u2019nc\u0131 G\u00fczelyurt Portakal Festivali ba\u015flad\u0131 - Kuzeyin Sesi","type":"rich","width":600,"height":338,"html":"<blockquote class=\"wp-embedded-content\" data-secret=\"1i58FTdJqh\"><a href=\"https:\/\/kuzeyinsesi.org\/index.php\/2024\/06\/25\/46nci-guzelyurt-portakal-festivali-basladi\/\">46\u2019nc\u0131 G\u00fczelyurt Portakal Festivali ba\u015flad\u0131<\/a><\/blockquote><iframe sandbox=\"allow-scripts\" security=\"restricted\" src=\"https:\/\/kuzeyinsesi.org\/index.php\/2024\/06\/25\/46nci-guzelyurt-portakal-festivali-basladi\/embed\/#?secret=1i58FTdJqh\" width=\"600\" height=\"338\" title=\"&#8220;46\u2019nc\u0131 G\u00fczelyurt Portakal Festivali ba\u015flad\u0131&#8221; &#8212; Kuzeyin Sesi\" data-secret=\"1i58FTdJqh\" frameborder=\"0\" marginwidth=\"0\" marginheight=\"0\" scrolling=\"no\" class=\"wp-embedded-content\"><\/iframe><script type=\"text\/javascript\">\n\/* <![CDATA[ *\/\n\/*! This file is auto-generated *\/\n!function(d,l){\"use strict\";l.querySelector&&d.addEventListener&&\"undefined\"!=typeof URL&&(d.wp=d.wp||{},d.wp.receiveEmbedMessage||(d.wp.receiveEmbedMessage=function(e){var t=e.data;if((t||t.secret||t.message||t.value)&&!\/[^a-zA-Z0-9]\/.test(t.secret)){for(var s,r,n,a=l.querySelectorAll('iframe[data-secret=\"'+t.secret+'\"]'),o=l.querySelectorAll('blockquote[data-secret=\"'+t.secret+'\"]'),c=new RegExp(\"^https?:$\",\"i\"),i=0;i<o.length;i++)o[i].style.display=\"none\";for(i=0;i<a.length;i++)s=a[i],e.source===s.contentWindow&&(s.removeAttribute(\"style\"),\"height\"===t.message?(1e3<(r=parseInt(t.value,10))?r=1e3:~~r<200&&(r=200),s.height=r):\"link\"===t.message&&(r=new URL(s.getAttribute(\"src\")),n=new URL(t.value),c.test(n.protocol))&&n.host===r.host&&l.activeElement===s&&(d.top.location.href=t.value))}},d.addEventListener(\"message\",d.wp.receiveEmbedMessage,!1),l.addEventListener(\"DOMContentLoaded\",function(){for(var e,t,s=l.querySelectorAll(\"iframe.wp-embedded-content\"),r=0;r<s.length;r++)(t=(e=s[r]).getAttribute(\"data-secret\"))||(t=Math.random().toString(36).substring(2,12),e.src+=\"#?secret=\"+t,e.setAttribute(\"data-secret\",t)),e.contentWindow.postMessage({message:\"ready\",secret:t},\"*\")},!1)))}(window,document);\n\/\/# sourceURL=https:\/\/kuzeyinsesi.org\/wp-includes\/js\/wp-embed.min.js\n\/* ]]> *\/\n<\/script>\n","thumbnail_url":"https:\/\/kuzeyinsesi.org\/wp-content\/uploads\/2024\/06\/InShot_20240625_073145500-scaled.jpg","thumbnail_width":2560,"thumbnail_height":1439,"description":"\u00a0 G\u00fczelyurt Belediyesi taraf\u0131ndan her y\u0131l d\u00fczenlenen G\u00fczelyurt Portakal Festivali\u2019nin bu y\u0131l 46\u2019nc\u0131s\u0131 yap\u0131l\u0131yor. \u00a0 Festival \u00f6ncesinde G\u00fczelyurt Kurtulu\u015f \u0130lkokulu \u00f6n\u00fcnden ba\u015flayarak G\u00fczelyurt Festival Park\u0131\u2019na kadar devam eden kortej ger\u00e7ekle\u015fti. \u00a0 Festivalin a\u00e7\u0131l\u0131\u015f t\u00f6reni G\u00fczelyurt Festival Park\u0131 Amfi Tiyatro\u2019daki dans g\u00f6sterileriyle ba\u015flad\u0131. Festivalde daha sonra a\u00e7\u0131l\u0131\u015f konu\u015fmalar\u0131na ge\u00e7ildi. \u00a0 \u00a0 Festivalin a\u00e7\u0131l\u0131\u015f konu\u015fmas\u0131n\u0131 yapan G\u00fczelyurt [&hellip;]"}