{"version":"1.0","provider_name":"Kuzeyin Sesi","provider_url":"https:\/\/kuzeyinsesi.org","author_name":"Kuzeyin Sesi","author_url":"https:\/\/kuzeyinsesi.org\/index.php\/author\/guven\/","title":"46. G\u00fczelyurt Portakal Festivali 24 Haziran\u2019da ba\u015fl\u0131yor - Kuzeyin Sesi","type":"rich","width":600,"height":338,"html":"<blockquote class=\"wp-embedded-content\" data-secret=\"QCtPe7ae7Y\"><a href=\"https:\/\/kuzeyinsesi.org\/index.php\/2024\/06\/21\/46-guzelyurt-portakal-festivali-24-haziranda-basliyor\/\">46. G\u00fczelyurt Portakal Festivali 24 Haziran\u2019da ba\u015fl\u0131yor<\/a><\/blockquote><iframe sandbox=\"allow-scripts\" security=\"restricted\" src=\"https:\/\/kuzeyinsesi.org\/index.php\/2024\/06\/21\/46-guzelyurt-portakal-festivali-24-haziranda-basliyor\/embed\/#?secret=QCtPe7ae7Y\" width=\"600\" height=\"338\" title=\"&#8220;46. G\u00fczelyurt Portakal Festivali 24 Haziran\u2019da ba\u015fl\u0131yor&#8221; &#8212; Kuzeyin Sesi\" data-secret=\"QCtPe7ae7Y\" frameborder=\"0\" marginwidth=\"0\" marginheight=\"0\" scrolling=\"no\" class=\"wp-embedded-content\"><\/iframe><script type=\"text\/javascript\">\n\/* <![CDATA[ *\/\n\/*! This file is auto-generated *\/\n!function(d,l){\"use strict\";l.querySelector&&d.addEventListener&&\"undefined\"!=typeof URL&&(d.wp=d.wp||{},d.wp.receiveEmbedMessage||(d.wp.receiveEmbedMessage=function(e){var t=e.data;if((t||t.secret||t.message||t.value)&&!\/[^a-zA-Z0-9]\/.test(t.secret)){for(var s,r,n,a=l.querySelectorAll('iframe[data-secret=\"'+t.secret+'\"]'),o=l.querySelectorAll('blockquote[data-secret=\"'+t.secret+'\"]'),c=new RegExp(\"^https?:$\",\"i\"),i=0;i<o.length;i++)o[i].style.display=\"none\";for(i=0;i<a.length;i++)s=a[i],e.source===s.contentWindow&&(s.removeAttribute(\"style\"),\"height\"===t.message?(1e3<(r=parseInt(t.value,10))?r=1e3:~~r<200&&(r=200),s.height=r):\"link\"===t.message&&(r=new URL(s.getAttribute(\"src\")),n=new URL(t.value),c.test(n.protocol))&&n.host===r.host&&l.activeElement===s&&(d.top.location.href=t.value))}},d.addEventListener(\"message\",d.wp.receiveEmbedMessage,!1),l.addEventListener(\"DOMContentLoaded\",function(){for(var e,t,s=l.querySelectorAll(\"iframe.wp-embedded-content\"),r=0;r<s.length;r++)(t=(e=s[r]).getAttribute(\"data-secret\"))||(t=Math.random().toString(36).substring(2,12),e.src+=\"#?secret=\"+t,e.setAttribute(\"data-secret\",t)),e.contentWindow.postMessage({message:\"ready\",secret:t},\"*\")},!1)))}(window,document);\n\/\/# sourceURL=https:\/\/kuzeyinsesi.org\/wp-includes\/js\/wp-embed.min.js\n\/* ]]> *\/\n<\/script>\n","thumbnail_url":"https:\/\/kuzeyinsesi.org\/wp-content\/uploads\/2024\/06\/46-Guzelyurt-Portakal-Festivali-a.webp.webp","thumbnail_width":1280,"thumbnail_height":720,"description":"46. G\u00fczelyurt Portakal Festivali 24 Haziran\u2019da ba\u015fl\u0131yor. Bu y\u0131l 24-30 Haziran tarihleri aras\u0131nda ger\u00e7ekle\u015ftirilecek 46. G\u00fczelyurt Portakal Festivali\u2019nin a\u00e7\u0131l\u0131\u015f\u0131, 24 Haziran Pazartesi g\u00fcn\u00fc saat 18.30\u2019da kortejle yap\u0131lacak. G\u00fczelyurt Belediyesi\u2019nden yap\u0131lan a\u00e7\u0131klamaya g\u00f6re, bir hafta s\u00fcrecek festivalde, T\u00fcrkiye ve yerel sanat\u00e7\u0131lar\u0131n konserleri, \u00e7ocuk \u015fenli\u011fi ve bir\u00e7ok etkinlik yer alacak. Festival s\u00fcresince ger\u00e7ekle\u015ftirilecek t\u00fcm etkinlikler \u00fccretsiz olacak. [&hellip;]"}