{"version":"1.0","provider_name":"Kuzeyin Sesi","provider_url":"https:\/\/kuzeyinsesi.org","author_name":"Kuzeyin Sesi","author_url":"https:\/\/kuzeyinsesi.org\/index.php\/author\/guven\/","title":"E\u011fitimci M\u00fcfide Akal\u0131n belgesel \u00e7ekimleri ba\u015flad\u0131 - Kuzeyin Sesi","type":"rich","width":600,"height":338,"html":"<blockquote class=\"wp-embedded-content\" data-secret=\"PGurzhNoPI\"><a href=\"https:\/\/kuzeyinsesi.org\/index.php\/2024\/06\/15\/egitimci-mufide-akalin-belgesel-cekimleri-basladi\/\">E\u011fitimci M\u00fcfide Akal\u0131n belgesel \u00e7ekimleri ba\u015flad\u0131<\/a><\/blockquote><iframe sandbox=\"allow-scripts\" security=\"restricted\" src=\"https:\/\/kuzeyinsesi.org\/index.php\/2024\/06\/15\/egitimci-mufide-akalin-belgesel-cekimleri-basladi\/embed\/#?secret=PGurzhNoPI\" width=\"600\" height=\"338\" title=\"&#8220;E\u011fitimci M\u00fcfide Akal\u0131n belgesel \u00e7ekimleri ba\u015flad\u0131&#8221; &#8212; Kuzeyin Sesi\" data-secret=\"PGurzhNoPI\" frameborder=\"0\" marginwidth=\"0\" marginheight=\"0\" scrolling=\"no\" class=\"wp-embedded-content\"><\/iframe><script type=\"text\/javascript\">\n\/* <![CDATA[ *\/\n\/*! This file is auto-generated *\/\n!function(d,l){\"use strict\";l.querySelector&&d.addEventListener&&\"undefined\"!=typeof URL&&(d.wp=d.wp||{},d.wp.receiveEmbedMessage||(d.wp.receiveEmbedMessage=function(e){var t=e.data;if((t||t.secret||t.message||t.value)&&!\/[^a-zA-Z0-9]\/.test(t.secret)){for(var s,r,n,a=l.querySelectorAll('iframe[data-secret=\"'+t.secret+'\"]'),o=l.querySelectorAll('blockquote[data-secret=\"'+t.secret+'\"]'),c=new RegExp(\"^https?:$\",\"i\"),i=0;i<o.length;i++)o[i].style.display=\"none\";for(i=0;i<a.length;i++)s=a[i],e.source===s.contentWindow&&(s.removeAttribute(\"style\"),\"height\"===t.message?(1e3<(r=parseInt(t.value,10))?r=1e3:~~r<200&&(r=200),s.height=r):\"link\"===t.message&&(r=new URL(s.getAttribute(\"src\")),n=new URL(t.value),c.test(n.protocol))&&n.host===r.host&&l.activeElement===s&&(d.top.location.href=t.value))}},d.addEventListener(\"message\",d.wp.receiveEmbedMessage,!1),l.addEventListener(\"DOMContentLoaded\",function(){for(var e,t,s=l.querySelectorAll(\"iframe.wp-embedded-content\"),r=0;r<s.length;r++)(t=(e=s[r]).getAttribute(\"data-secret\"))||(t=Math.random().toString(36).substring(2,12),e.src+=\"#?secret=\"+t,e.setAttribute(\"data-secret\",t)),e.contentWindow.postMessage({message:\"ready\",secret:t},\"*\")},!1)))}(window,document);\n\/\/# sourceURL=https:\/\/kuzeyinsesi.org\/wp-includes\/js\/wp-embed.min.js\n\/* ]]> *\/\n<\/script>\n","thumbnail_url":"https:\/\/kuzeyinsesi.org\/wp-content\/uploads\/2024\/06\/koder-4-1.jpeg","thumbnail_width":2048,"thumbnail_height":1536,"description":"K\u0131br\u0131s Kad\u0131n \u00d6yk\u00fcleri Derne\u011fi (K\u00d6DER), e\u011fitimci M\u00fcfide Akal\u0131n\u2019\u0131n belgesel \u00e7ekimlerinin ba\u015flad\u0131\u011f\u0131n\u0131 duyurdu. Dernekten verilen bilgiye g\u00f6re, K\u0131br\u0131s T\u00fcrk \u00d6\u011fretmenler Sendikas\u0131 (KT\u00d6S) ve K\u0131br\u0131s T\u00fcrk \u00d6\u011fretmenler Kooperatifi LTD (KT\u00d6K) i\u015f birli\u011finde, KT\u00d6S\u2019\u00fcn kurulu\u015f a\u015famas\u0131nda g\u00f6rev alan birka\u00e7 kad\u0131ndan biri olan Ev \u0130daresi \u00d6\u011fretmeni M\u00fcfide Akal\u0131n belgeselinin \u00e7ekimleri yap\u0131l\u0131yor. K\u00d6DER Ba\u015fkan\u0131 \u015eenay Ekingen konuyla ilgili a\u00e7\u0131klamas\u0131nda derne\u011fin [&hellip;]"}