{"version":"1.0","provider_name":"Kuzeyin Sesi","provider_url":"https:\/\/kuzeyinsesi.org","author_name":"Kuzeyin Sesi","author_url":"https:\/\/kuzeyinsesi.org\/index.php\/author\/guven\/","title":"7. G\u00f6rne\u00e7 El Makarnas\u0131 Festivali yap\u0131ld\u0131 - Kuzeyin Sesi","type":"rich","width":600,"height":338,"html":"<blockquote class=\"wp-embedded-content\" data-secret=\"deSawHej3j\"><a href=\"https:\/\/kuzeyinsesi.org\/index.php\/2024\/06\/10\/7-gornec-el-makarnasi-festivali-yapildi\/\">7. G\u00f6rne\u00e7 El Makarnas\u0131 Festivali yap\u0131ld\u0131<\/a><\/blockquote><iframe sandbox=\"allow-scripts\" security=\"restricted\" src=\"https:\/\/kuzeyinsesi.org\/index.php\/2024\/06\/10\/7-gornec-el-makarnasi-festivali-yapildi\/embed\/#?secret=deSawHej3j\" width=\"600\" height=\"338\" title=\"&#8220;7. G\u00f6rne\u00e7 El Makarnas\u0131 Festivali yap\u0131ld\u0131&#8221; &#8212; Kuzeyin Sesi\" data-secret=\"deSawHej3j\" frameborder=\"0\" marginwidth=\"0\" marginheight=\"0\" scrolling=\"no\" class=\"wp-embedded-content\"><\/iframe><script type=\"text\/javascript\">\n\/* <![CDATA[ *\/\n\/*! This file is auto-generated *\/\n!function(d,l){\"use strict\";l.querySelector&&d.addEventListener&&\"undefined\"!=typeof URL&&(d.wp=d.wp||{},d.wp.receiveEmbedMessage||(d.wp.receiveEmbedMessage=function(e){var t=e.data;if((t||t.secret||t.message||t.value)&&!\/[^a-zA-Z0-9]\/.test(t.secret)){for(var s,r,n,a=l.querySelectorAll('iframe[data-secret=\"'+t.secret+'\"]'),o=l.querySelectorAll('blockquote[data-secret=\"'+t.secret+'\"]'),c=new RegExp(\"^https?:$\",\"i\"),i=0;i<o.length;i++)o[i].style.display=\"none\";for(i=0;i<a.length;i++)s=a[i],e.source===s.contentWindow&&(s.removeAttribute(\"style\"),\"height\"===t.message?(1e3<(r=parseInt(t.value,10))?r=1e3:~~r<200&&(r=200),s.height=r):\"link\"===t.message&&(r=new URL(s.getAttribute(\"src\")),n=new URL(t.value),c.test(n.protocol))&&n.host===r.host&&l.activeElement===s&&(d.top.location.href=t.value))}},d.addEventListener(\"message\",d.wp.receiveEmbedMessage,!1),l.addEventListener(\"DOMContentLoaded\",function(){for(var e,t,s=l.querySelectorAll(\"iframe.wp-embedded-content\"),r=0;r<s.length;r++)(t=(e=s[r]).getAttribute(\"data-secret\"))||(t=Math.random().toString(36).substring(2,12),e.src+=\"#?secret=\"+t,e.setAttribute(\"data-secret\",t)),e.contentWindow.postMessage({message:\"ready\",secret:t},\"*\")},!1)))}(window,document);\n\/\/# sourceURL=https:\/\/kuzeyinsesi.org\/wp-includes\/js\/wp-embed.min.js\n\/* ]]> *\/\n<\/script>\n","thumbnail_url":"https:\/\/kuzeyinsesi.org\/wp-content\/uploads\/2024\/06\/98989.jpg","thumbnail_width":1600,"thumbnail_height":1066,"description":"Ge\u00e7itkale \u2013 Serdarl\u0131 Belediyesi\u2019nin d\u00fczenledi\u011fi G\u00f6rne\u00e7 7. El Makarnas\u0131 Festivali\u2019nin a\u00e7\u0131l\u0131\u015f\u0131, Cumhurba\u015fkan\u0131 Ersin Tatar, Turizm \u00c7evre ve K\u00fclt\u00fcr Bakan\u0131 Fikri Atao\u011flu ile \u00c7al\u0131\u015fma ve Sosyal G\u00fcvenlik Bakan\u0131 Sad\u0131k Gardiyano\u011flu taraf\u0131ndan yap\u0131ld\u0131. \u00c7al\u0131\u015fma ve Sosyal G\u00fcvenlik Bakanl\u0131\u011f\u0131\u2019ndan verilen bilgiye g\u00f6re,Bakan Sad\u0131k Gardiyano\u011flu, a\u00e7\u0131l\u0131\u015fta yapt\u0131\u011f\u0131 konu\u015fmada, festivallerin \u00fclke k\u00fclt\u00fcr\u00fcn\u00fcn ya\u015fat\u0131lmas\u0131 ve tan\u0131t\u0131lmas\u0131 a\u00e7\u0131s\u0131ndan son derece \u00f6nemli oldu\u011funa [&hellip;]"}