{"version":"1.0","provider_name":"Kuzeyin Sesi","provider_url":"https:\/\/kuzeyinsesi.org","author_name":"Kuzeyin Sesi","author_url":"https:\/\/kuzeyinsesi.org\/index.php\/author\/guven\/","title":"Dilekkaya\u2019da 2. Hellim Festivali yap\u0131l\u0131yor - Kuzeyin Sesi","type":"rich","width":600,"height":338,"html":"<blockquote class=\"wp-embedded-content\" data-secret=\"Mv2XsMH5s0\"><a href=\"https:\/\/kuzeyinsesi.org\/index.php\/2024\/06\/09\/dilekkayada-2-hellim-festivali-yapiliyor\/\">Dilekkaya\u2019da 2. Hellim Festivali yap\u0131l\u0131yor<\/a><\/blockquote><iframe sandbox=\"allow-scripts\" security=\"restricted\" src=\"https:\/\/kuzeyinsesi.org\/index.php\/2024\/06\/09\/dilekkayada-2-hellim-festivali-yapiliyor\/embed\/#?secret=Mv2XsMH5s0\" width=\"600\" height=\"338\" title=\"&#8220;Dilekkaya\u2019da 2. Hellim Festivali yap\u0131l\u0131yor&#8221; &#8212; Kuzeyin Sesi\" data-secret=\"Mv2XsMH5s0\" frameborder=\"0\" marginwidth=\"0\" marginheight=\"0\" scrolling=\"no\" class=\"wp-embedded-content\"><\/iframe><script type=\"text\/javascript\">\n\/* <![CDATA[ *\/\n\/*! This file is auto-generated *\/\n!function(d,l){\"use strict\";l.querySelector&&d.addEventListener&&\"undefined\"!=typeof URL&&(d.wp=d.wp||{},d.wp.receiveEmbedMessage||(d.wp.receiveEmbedMessage=function(e){var t=e.data;if((t||t.secret||t.message||t.value)&&!\/[^a-zA-Z0-9]\/.test(t.secret)){for(var s,r,n,a=l.querySelectorAll('iframe[data-secret=\"'+t.secret+'\"]'),o=l.querySelectorAll('blockquote[data-secret=\"'+t.secret+'\"]'),c=new RegExp(\"^https?:$\",\"i\"),i=0;i<o.length;i++)o[i].style.display=\"none\";for(i=0;i<a.length;i++)s=a[i],e.source===s.contentWindow&&(s.removeAttribute(\"style\"),\"height\"===t.message?(1e3<(r=parseInt(t.value,10))?r=1e3:~~r<200&&(r=200),s.height=r):\"link\"===t.message&&(r=new URL(s.getAttribute(\"src\")),n=new URL(t.value),c.test(n.protocol))&&n.host===r.host&&l.activeElement===s&&(d.top.location.href=t.value))}},d.addEventListener(\"message\",d.wp.receiveEmbedMessage,!1),l.addEventListener(\"DOMContentLoaded\",function(){for(var e,t,s=l.querySelectorAll(\"iframe.wp-embedded-content\"),r=0;r<s.length;r++)(t=(e=s[r]).getAttribute(\"data-secret\"))||(t=Math.random().toString(36).substring(2,12),e.src+=\"#?secret=\"+t,e.setAttribute(\"data-secret\",t)),e.contentWindow.postMessage({message:\"ready\",secret:t},\"*\")},!1)))}(window,document);\n\/\/# sourceURL=https:\/\/kuzeyinsesi.org\/wp-includes\/js\/wp-embed.min.js\n\/* ]]> *\/\n<\/script>\n","thumbnail_url":"https:\/\/kuzeyinsesi.org\/wp-content\/uploads\/2024\/06\/dilekkaya-hellim-fest2.jpg","thumbnail_width":2048,"thumbnail_height":1536,"description":"De\u011firmenlik Ak\u0131nc\u0131lar Belediyesi\u2019nin d\u00fczenledi\u011fi \u201c2. Dilekkaya Hellim Festivali\u201d bug\u00fcn k\u00f6y meydan\u0131nda yap\u0131l\u0131yor. Halk danslar\u0131 g\u00f6sterileri, \u00e7ocuk korosu, cimnastik ve modern dans g\u00f6sterileri, koro ve orkestran\u0131n yer ald\u0131\u011f\u0131 etkinlik saat 11.00\u2019de ba\u015flad\u0131. Yiyecek ve i\u00e7ecek stantlar\u0131n\u0131n kuruldu\u011fu Dilekkaya k\u00f6y meydan\u0131ndaki festivalde, Soydan Korkmaz ve Ahmet Evan da \u015fark\u0131larla kat\u0131l\u0131mc\u0131lar\u0131 e\u011flendirecek."}