{"version":"1.0","provider_name":"Kuzeyin Sesi","provider_url":"https:\/\/kuzeyinsesi.org","author_name":"Kuzeyin Sesi","author_url":"https:\/\/kuzeyinsesi.org\/index.php\/author\/guven\/","title":"\u201cMoe A\u00e7\u0131k Hava Sahnesi\u201d bas\u0131na tan\u0131t\u0131lacak - Kuzeyin Sesi","type":"rich","width":600,"height":338,"html":"<blockquote class=\"wp-embedded-content\" data-secret=\"Y1LeCD0mMU\"><a href=\"https:\/\/kuzeyinsesi.org\/index.php\/2024\/06\/07\/moe-acik-hava-sahnesi-basina-tanitilacak\/\">\u201cMoe A\u00e7\u0131k Hava Sahnesi\u201d bas\u0131na tan\u0131t\u0131lacak<\/a><\/blockquote><iframe sandbox=\"allow-scripts\" security=\"restricted\" src=\"https:\/\/kuzeyinsesi.org\/index.php\/2024\/06\/07\/moe-acik-hava-sahnesi-basina-tanitilacak\/embed\/#?secret=Y1LeCD0mMU\" width=\"600\" height=\"338\" title=\"&#8220;\u201cMoe A\u00e7\u0131k Hava Sahnesi\u201d bas\u0131na tan\u0131t\u0131lacak&#8221; &#8212; Kuzeyin Sesi\" data-secret=\"Y1LeCD0mMU\" frameborder=\"0\" marginwidth=\"0\" marginheight=\"0\" scrolling=\"no\" class=\"wp-embedded-content\"><\/iframe><script type=\"text\/javascript\">\n\/* <![CDATA[ *\/\n\/*! This file is auto-generated *\/\n!function(d,l){\"use strict\";l.querySelector&&d.addEventListener&&\"undefined\"!=typeof URL&&(d.wp=d.wp||{},d.wp.receiveEmbedMessage||(d.wp.receiveEmbedMessage=function(e){var t=e.data;if((t||t.secret||t.message||t.value)&&!\/[^a-zA-Z0-9]\/.test(t.secret)){for(var s,r,n,a=l.querySelectorAll('iframe[data-secret=\"'+t.secret+'\"]'),o=l.querySelectorAll('blockquote[data-secret=\"'+t.secret+'\"]'),c=new RegExp(\"^https?:$\",\"i\"),i=0;i<o.length;i++)o[i].style.display=\"none\";for(i=0;i<a.length;i++)s=a[i],e.source===s.contentWindow&&(s.removeAttribute(\"style\"),\"height\"===t.message?(1e3<(r=parseInt(t.value,10))?r=1e3:~~r<200&&(r=200),s.height=r):\"link\"===t.message&&(r=new URL(s.getAttribute(\"src\")),n=new URL(t.value),c.test(n.protocol))&&n.host===r.host&&l.activeElement===s&&(d.top.location.href=t.value))}},d.addEventListener(\"message\",d.wp.receiveEmbedMessage,!1),l.addEventListener(\"DOMContentLoaded\",function(){for(var e,t,s=l.querySelectorAll(\"iframe.wp-embedded-content\"),r=0;r<s.length;r++)(t=(e=s[r]).getAttribute(\"data-secret\"))||(t=Math.random().toString(36).substring(2,12),e.src+=\"#?secret=\"+t,e.setAttribute(\"data-secret\",t)),e.contentWindow.postMessage({message:\"ready\",secret:t},\"*\")},!1)))}(window,document);\n\/\/# sourceURL=https:\/\/kuzeyinsesi.org\/wp-includes\/js\/wp-embed.min.js\n\/* ]]> *\/\n<\/script>\n","thumbnail_url":"https:\/\/kuzeyinsesi.org\/wp-content\/uploads\/2024\/06\/ksk-moe.jpeg","thumbnail_width":1280,"thumbnail_height":720,"description":"K\u00fclt\u00fcr Sanat K\u0131br\u0131s\u2019\u0131n (KSK) 4 bin ki\u015fi kapasiteli \u201cMoe A\u00e7\u0131k Hava Sahnesi\u201d yar\u0131n bas\u0131na tan\u0131t\u0131lacak. KSK taraf\u0131ndan verilen bilgiye g\u00f6re 14 Haziran- 24 Eyl\u00fcl tarihleri aras\u0131nda, tiyatro, sinema g\u00f6sterisi, konser ve yar\u0131\u015fma gibi \u00e7e\u015fitli etkinliklere ev sahipli\u011fi yapacak \u201cMoe A\u00e7\u0131k Hava Sahnesi\u201d yar\u0131n saat 10.00\u2019da Yak\u0131n Do\u011fu \u00dcniversitesi kamp\u00fcs\u00fcndeki Dorana Residence\u2019te d\u00fczenlenecek etkinlikte tan\u0131t\u0131lacak. Moe [&hellip;]"}