{"version":"1.0","provider_name":"Kuzeyin Sesi","provider_url":"https:\/\/kuzeyinsesi.org","author_name":"Kuzeyin Sesi","author_url":"https:\/\/kuzeyinsesi.org\/index.php\/author\/guven\/","title":"\u201cU\u00e7an \u015eemsiye\u201d D\u00fcnya \u00c7ocuk G\u00fcn\u00fc\u2019nde sahnelendi - Kuzeyin Sesi","type":"rich","width":600,"height":338,"html":"<blockquote class=\"wp-embedded-content\" data-secret=\"510NZ1HG2A\"><a href=\"https:\/\/kuzeyinsesi.org\/index.php\/2024\/06\/03\/ucan-semsiye-dunya-cocuk-gununde-sahnelendi\/\">\u201cU\u00e7an \u015eemsiye\u201d D\u00fcnya \u00c7ocuk G\u00fcn\u00fc\u2019nde sahnelendi<\/a><\/blockquote><iframe sandbox=\"allow-scripts\" security=\"restricted\" src=\"https:\/\/kuzeyinsesi.org\/index.php\/2024\/06\/03\/ucan-semsiye-dunya-cocuk-gununde-sahnelendi\/embed\/#?secret=510NZ1HG2A\" width=\"600\" height=\"338\" title=\"&#8220;\u201cU\u00e7an \u015eemsiye\u201d D\u00fcnya \u00c7ocuk G\u00fcn\u00fc\u2019nde sahnelendi&#8221; &#8212; Kuzeyin Sesi\" data-secret=\"510NZ1HG2A\" frameborder=\"0\" marginwidth=\"0\" marginheight=\"0\" scrolling=\"no\" class=\"wp-embedded-content\"><\/iframe><script type=\"text\/javascript\">\n\/* <![CDATA[ *\/\n\/*! This file is auto-generated *\/\n!function(d,l){\"use strict\";l.querySelector&&d.addEventListener&&\"undefined\"!=typeof URL&&(d.wp=d.wp||{},d.wp.receiveEmbedMessage||(d.wp.receiveEmbedMessage=function(e){var t=e.data;if((t||t.secret||t.message||t.value)&&!\/[^a-zA-Z0-9]\/.test(t.secret)){for(var s,r,n,a=l.querySelectorAll('iframe[data-secret=\"'+t.secret+'\"]'),o=l.querySelectorAll('blockquote[data-secret=\"'+t.secret+'\"]'),c=new RegExp(\"^https?:$\",\"i\"),i=0;i<o.length;i++)o[i].style.display=\"none\";for(i=0;i<a.length;i++)s=a[i],e.source===s.contentWindow&&(s.removeAttribute(\"style\"),\"height\"===t.message?(1e3<(r=parseInt(t.value,10))?r=1e3:~~r<200&&(r=200),s.height=r):\"link\"===t.message&&(r=new URL(s.getAttribute(\"src\")),n=new URL(t.value),c.test(n.protocol))&&n.host===r.host&&l.activeElement===s&&(d.top.location.href=t.value))}},d.addEventListener(\"message\",d.wp.receiveEmbedMessage,!1),l.addEventListener(\"DOMContentLoaded\",function(){for(var e,t,s=l.querySelectorAll(\"iframe.wp-embedded-content\"),r=0;r<s.length;r++)(t=(e=s[r]).getAttribute(\"data-secret\"))||(t=Math.random().toString(36).substring(2,12),e.src+=\"#?secret=\"+t,e.setAttribute(\"data-secret\",t)),e.contentWindow.postMessage({message:\"ready\",secret:t},\"*\")},!1)))}(window,document);\n\/\/# sourceURL=https:\/\/kuzeyinsesi.org\/wp-includes\/js\/wp-embed.min.js\n\/* ]]> *\/\n<\/script>\n","thumbnail_url":"https:\/\/kuzeyinsesi.org\/wp-content\/uploads\/2024\/06\/1asasa.jpg","thumbnail_width":1512,"thumbnail_height":1050,"description":"\u201cU\u00e7an \u015eemsiye\u201d adl\u0131 oyun Girne Belediyesi \u00c7ocuk Tiyatro ekibi taraf\u0131ndan 1 Haziran D\u00fcnya \u00c7ocuk G\u00fcn\u00fc\u2019nde sahnelendi. Girne Belediyesi K\u00fclt\u00fcr \u0130\u015fleri Birimi taraf\u0131ndan yap\u0131lan a\u00e7\u0131klamaya g\u00f6re, \u00dcmit Denizer\u2019in yazd\u0131\u011f\u0131, \u0130smihan Yorganc\u0131\u2019n\u0131n sahneye koydu\u011fu oyunda, \u00e7evreyi ve do\u011fay\u0131 temiz tutman\u0131n \u00f6nemi vurguland\u0131. \u00d6te yandan Girne Belediyesi Oda Tiyatrosu \u00e7ocuk ekibi kadrosunun geni\u015fletilece\u011fi a\u00e7\u0131kland\u0131. Yaz d\u00f6neminde tiyatro \u00e7al\u0131\u015fmalar\u0131n\u0131 [&hellip;]"}