{"version":"1.0","provider_name":"Kuzeyin Sesi","provider_url":"https:\/\/kuzeyinsesi.org","author_name":"Kuzeyin Sesi","author_url":"https:\/\/kuzeyinsesi.org\/index.php\/author\/guven\/","title":"LBO\u2019dan D\u00fcnya \u00c7ocuk G\u00fcn\u00fc \u00d6zel Konseri - Kuzeyin Sesi","type":"rich","width":600,"height":338,"html":"<blockquote class=\"wp-embedded-content\" data-secret=\"997xznBg1x\"><a href=\"https:\/\/kuzeyinsesi.org\/index.php\/2024\/06\/01\/lbodan-dunya-cocuk-gunu-ozel-konseri\/\">LBO\u2019dan D\u00fcnya \u00c7ocuk G\u00fcn\u00fc \u00d6zel Konseri<\/a><\/blockquote><iframe sandbox=\"allow-scripts\" security=\"restricted\" src=\"https:\/\/kuzeyinsesi.org\/index.php\/2024\/06\/01\/lbodan-dunya-cocuk-gunu-ozel-konseri\/embed\/#?secret=997xznBg1x\" width=\"600\" height=\"338\" title=\"&#8220;LBO\u2019dan D\u00fcnya \u00c7ocuk G\u00fcn\u00fc \u00d6zel Konseri&#8221; &#8212; Kuzeyin Sesi\" data-secret=\"997xznBg1x\" frameborder=\"0\" marginwidth=\"0\" marginheight=\"0\" scrolling=\"no\" class=\"wp-embedded-content\"><\/iframe><script type=\"text\/javascript\">\n\/* <![CDATA[ *\/\n\/*! This file is auto-generated *\/\n!function(d,l){\"use strict\";l.querySelector&&d.addEventListener&&\"undefined\"!=typeof URL&&(d.wp=d.wp||{},d.wp.receiveEmbedMessage||(d.wp.receiveEmbedMessage=function(e){var t=e.data;if((t||t.secret||t.message||t.value)&&!\/[^a-zA-Z0-9]\/.test(t.secret)){for(var s,r,n,a=l.querySelectorAll('iframe[data-secret=\"'+t.secret+'\"]'),o=l.querySelectorAll('blockquote[data-secret=\"'+t.secret+'\"]'),c=new RegExp(\"^https?:$\",\"i\"),i=0;i<o.length;i++)o[i].style.display=\"none\";for(i=0;i<a.length;i++)s=a[i],e.source===s.contentWindow&&(s.removeAttribute(\"style\"),\"height\"===t.message?(1e3<(r=parseInt(t.value,10))?r=1e3:~~r<200&&(r=200),s.height=r):\"link\"===t.message&&(r=new URL(s.getAttribute(\"src\")),n=new URL(t.value),c.test(n.protocol))&&n.host===r.host&&l.activeElement===s&&(d.top.location.href=t.value))}},d.addEventListener(\"message\",d.wp.receiveEmbedMessage,!1),l.addEventListener(\"DOMContentLoaded\",function(){for(var e,t,s=l.querySelectorAll(\"iframe.wp-embedded-content\"),r=0;r<s.length;r++)(t=(e=s[r]).getAttribute(\"data-secret\"))||(t=Math.random().toString(36).substring(2,12),e.src+=\"#?secret=\"+t,e.setAttribute(\"data-secret\",t)),e.contentWindow.postMessage({message:\"ready\",secret:t},\"*\")},!1)))}(window,document);\n\/\/# sourceURL=https:\/\/kuzeyinsesi.org\/wp-includes\/js\/wp-embed.min.js\n\/* ]]> *\/\n<\/script>\n","thumbnail_url":"https:\/\/kuzeyinsesi.org\/wp-content\/uploads\/2024\/06\/lbo-1-scaled.jpg","thumbnail_width":2560,"thumbnail_height":1278,"description":"Lefko\u015fa Belediye Orkestras\u0131 (LBO), LBO \u00c7ocuk ve \u00c7ok Sesli Gen\u00e7lik Korosu\u2019nun da yer ald\u0131\u011f\u0131 D\u00fcnya \u00c7ocuk G\u00fcn\u00fc \u00d6zel Konseri verdi. Belediye\u2019den yap\u0131lan a\u00e7\u0131klamaya g\u00f6re konser, Rauf Denkta\u015f \u00dcniversitesi K\u00fclt\u00fcr Merkezi\u2019nde verildi. Orkestra \u015eefli\u011fini Oskay Hoca\u2019n\u0131n, Koro \u015eefli\u011fini Hare Yakula\u2019n\u0131n \u00fcstlendi\u011fi konserde Minikler Korosu, Y\u0131ld\u0131zlar Korosu ve \u00c7ok Sesli Gen\u00e7lik Korosu, Lefko\u015fa Belediye Orkestras\u0131 ile ayn\u0131 [&hellip;]"}