{"version":"1.0","provider_name":"Kuzeyin Sesi","provider_url":"https:\/\/kuzeyinsesi.org","author_name":"Kuzeyin Sesi","author_url":"https:\/\/kuzeyinsesi.org\/index.php\/author\/guven\/","title":"14. Lefke Ceviz Festivali yar\u0131n yap\u0131lacak - Kuzeyin Sesi","type":"rich","width":600,"height":338,"html":"<blockquote class=\"wp-embedded-content\" data-secret=\"BulNJ0lgFI\"><a href=\"https:\/\/kuzeyinsesi.org\/index.php\/2024\/06\/01\/14-lefke-ceviz-festivali-yarin-yapilacak\/\">14. Lefke Ceviz Festivali yar\u0131n yap\u0131lacak<\/a><\/blockquote><iframe sandbox=\"allow-scripts\" security=\"restricted\" src=\"https:\/\/kuzeyinsesi.org\/index.php\/2024\/06\/01\/14-lefke-ceviz-festivali-yarin-yapilacak\/embed\/#?secret=BulNJ0lgFI\" width=\"600\" height=\"338\" title=\"&#8220;14. Lefke Ceviz Festivali yar\u0131n yap\u0131lacak&#8221; &#8212; Kuzeyin Sesi\" data-secret=\"BulNJ0lgFI\" frameborder=\"0\" marginwidth=\"0\" marginheight=\"0\" scrolling=\"no\" class=\"wp-embedded-content\"><\/iframe><script type=\"text\/javascript\">\n\/* <![CDATA[ *\/\n\/*! This file is auto-generated *\/\n!function(d,l){\"use strict\";l.querySelector&&d.addEventListener&&\"undefined\"!=typeof URL&&(d.wp=d.wp||{},d.wp.receiveEmbedMessage||(d.wp.receiveEmbedMessage=function(e){var t=e.data;if((t||t.secret||t.message||t.value)&&!\/[^a-zA-Z0-9]\/.test(t.secret)){for(var s,r,n,a=l.querySelectorAll('iframe[data-secret=\"'+t.secret+'\"]'),o=l.querySelectorAll('blockquote[data-secret=\"'+t.secret+'\"]'),c=new RegExp(\"^https?:$\",\"i\"),i=0;i<o.length;i++)o[i].style.display=\"none\";for(i=0;i<a.length;i++)s=a[i],e.source===s.contentWindow&&(s.removeAttribute(\"style\"),\"height\"===t.message?(1e3<(r=parseInt(t.value,10))?r=1e3:~~r<200&&(r=200),s.height=r):\"link\"===t.message&&(r=new URL(s.getAttribute(\"src\")),n=new URL(t.value),c.test(n.protocol))&&n.host===r.host&&l.activeElement===s&&(d.top.location.href=t.value))}},d.addEventListener(\"message\",d.wp.receiveEmbedMessage,!1),l.addEventListener(\"DOMContentLoaded\",function(){for(var e,t,s=l.querySelectorAll(\"iframe.wp-embedded-content\"),r=0;r<s.length;r++)(t=(e=s[r]).getAttribute(\"data-secret\"))||(t=Math.random().toString(36).substring(2,12),e.src+=\"#?secret=\"+t,e.setAttribute(\"data-secret\",t)),e.contentWindow.postMessage({message:\"ready\",secret:t},\"*\")},!1)))}(window,document);\n\/\/# sourceURL=https:\/\/kuzeyinsesi.org\/wp-includes\/js\/wp-embed.min.js\n\/* ]]> *\/\n<\/script>\n","thumbnail_url":"https:\/\/kuzeyinsesi.org\/wp-content\/uploads\/2024\/05\/lefke-ceviz.webp.webp","thumbnail_width":710,"thumbnail_height":370,"description":"Lefke Belediyesi, Lefke Turizm Derne\u011fi i\u015f birli\u011finde ve Telsim katk\u0131lar\u0131yla d\u00fczenlenecek 14. Lefke Ceviz Festivali yar\u0131n yap\u0131lacak. Lefke Belediyesi\u2019nden yap\u0131lan a\u00e7\u0131klamaya g\u00f6re, geleneksel olarak d\u00fczenlenen Lefke Ceviz Festivali, saat 09.30\u2019da kortejle ba\u015flayacak. G\u00fcn boyu s\u00fcrecek festivalde, okullar\u0131n etkinlikleri, sergiler, do\u011fa y\u00fcr\u00fcy\u00fc\u015fleri, Lefke tan\u0131t\u0131m y\u00fcr\u00fcy\u00fc\u015f\u00fc, \u201cCevizli \u00dcr\u00fcnler Yar\u0131\u015fmas\u0131\u201d ve halk danslar\u0131 yer alacak. Festivalde yap\u0131lmas\u0131 planlanan [&hellip;]"}