{"version":"1.0","provider_name":"Kuzeyin Sesi","provider_url":"https:\/\/kuzeyinsesi.org","author_name":"Kuzeyin Sesi","author_url":"https:\/\/kuzeyinsesi.org\/index.php\/author\/guven\/","title":"Ruzen Atakan\u2019\u0131n \u2018Just A Glimpse\u2019 sergisi a\u00e7\u0131ld\u0131 - Kuzeyin Sesi","type":"rich","width":600,"height":338,"html":"<blockquote class=\"wp-embedded-content\" data-secret=\"OU6TjbBfbK\"><a href=\"https:\/\/kuzeyinsesi.org\/index.php\/2024\/05\/29\/ruzen-atakanin-just-a-glimpse-sergisi-acildi\/\">Ruzen Atakan\u2019\u0131n \u2018Just A Glimpse\u2019 sergisi a\u00e7\u0131ld\u0131<\/a><\/blockquote><iframe sandbox=\"allow-scripts\" security=\"restricted\" src=\"https:\/\/kuzeyinsesi.org\/index.php\/2024\/05\/29\/ruzen-atakanin-just-a-glimpse-sergisi-acildi\/embed\/#?secret=OU6TjbBfbK\" width=\"600\" height=\"338\" title=\"&#8220;Ruzen Atakan\u2019\u0131n \u2018Just A Glimpse\u2019 sergisi a\u00e7\u0131ld\u0131&#8221; &#8212; Kuzeyin Sesi\" data-secret=\"OU6TjbBfbK\" frameborder=\"0\" marginwidth=\"0\" marginheight=\"0\" scrolling=\"no\" class=\"wp-embedded-content\"><\/iframe><script type=\"text\/javascript\">\n\/* <![CDATA[ *\/\n\/*! This file is auto-generated *\/\n!function(d,l){\"use strict\";l.querySelector&&d.addEventListener&&\"undefined\"!=typeof URL&&(d.wp=d.wp||{},d.wp.receiveEmbedMessage||(d.wp.receiveEmbedMessage=function(e){var t=e.data;if((t||t.secret||t.message||t.value)&&!\/[^a-zA-Z0-9]\/.test(t.secret)){for(var s,r,n,a=l.querySelectorAll('iframe[data-secret=\"'+t.secret+'\"]'),o=l.querySelectorAll('blockquote[data-secret=\"'+t.secret+'\"]'),c=new RegExp(\"^https?:$\",\"i\"),i=0;i<o.length;i++)o[i].style.display=\"none\";for(i=0;i<a.length;i++)s=a[i],e.source===s.contentWindow&&(s.removeAttribute(\"style\"),\"height\"===t.message?(1e3<(r=parseInt(t.value,10))?r=1e3:~~r<200&&(r=200),s.height=r):\"link\"===t.message&&(r=new URL(s.getAttribute(\"src\")),n=new URL(t.value),c.test(n.protocol))&&n.host===r.host&&l.activeElement===s&&(d.top.location.href=t.value))}},d.addEventListener(\"message\",d.wp.receiveEmbedMessage,!1),l.addEventListener(\"DOMContentLoaded\",function(){for(var e,t,s=l.querySelectorAll(\"iframe.wp-embedded-content\"),r=0;r<s.length;r++)(t=(e=s[r]).getAttribute(\"data-secret\"))||(t=Math.random().toString(36).substring(2,12),e.src+=\"#?secret=\"+t,e.setAttribute(\"data-secret\",t)),e.contentWindow.postMessage({message:\"ready\",secret:t},\"*\")},!1)))}(window,document);\n\/\/# sourceURL=https:\/\/kuzeyinsesi.org\/wp-includes\/js\/wp-embed.min.js\n\/* ]]> *\/\n<\/script>\n","thumbnail_url":"https:\/\/kuzeyinsesi.org\/wp-content\/uploads\/2024\/05\/1-horzfff-scaled.jpg","thumbnail_width":2560,"thumbnail_height":639,"description":"Sanat\u00e7\u0131 Ruzan Atakan\u2019n\u0131n 7\u2019inci ki\u015fisel resim sergisinin a\u00e7\u0131l\u0131\u015f\u0131\u00a0 Lefko\u015fa\u2019da Ruzen Art Gallery\u2019de yap\u0131ld\u0131. Serginin a\u00e7\u0131l\u0131\u015f konu\u015fmas\u0131n\u0131 yapan mimar Tun\u00e7 Adan\u0131r, sanat\u00e7\u0131 Atakan\u2019n\u0131n eserleriyle b\u00fct\u00fcnle\u015fip \u00fcretebilmesinin \u00f6nemine de\u011finerek, Ruzen Art Gallery binas\u0131n\u0131 ger\u00e7ekle\u015ftirmek i\u00e7in uzun y\u0131llar birlikte \u00e7al\u0131\u015ft\u0131klar\u0131n\u0131 ifade etti. Adan\u0131r,\u201cBir sanat\u00e7\u0131n\u0131n b\u00f6yle bir yerde \u00fcretebilmesi, ya\u015fayabilmesi, binayla birlikte b\u00fct\u00fcnle\u015fmesi ve sergileyebilmesi \u00e7ok \u00f6nemli\u201d diye konu\u015ftu. [&hellip;]"}