{"version":"1.0","provider_name":"Kuzeyin Sesi","provider_url":"https:\/\/kuzeyinsesi.org","author_name":"Kuzeyin Sesi","author_url":"https:\/\/kuzeyinsesi.org\/index.php\/author\/guven\/","title":"Lefke Ceviz Festivali 2 Haziran\u2019da yap\u0131lacak - Kuzeyin Sesi","type":"rich","width":600,"height":338,"html":"<blockquote class=\"wp-embedded-content\" data-secret=\"IY4SCjzUeZ\"><a href=\"https:\/\/kuzeyinsesi.org\/index.php\/2024\/05\/29\/lefke-ceviz-festivali-2-haziranda-yapilacak-2\/\">Lefke Ceviz Festivali 2 Haziran\u2019da yap\u0131lacak<\/a><\/blockquote><iframe sandbox=\"allow-scripts\" security=\"restricted\" src=\"https:\/\/kuzeyinsesi.org\/index.php\/2024\/05\/29\/lefke-ceviz-festivali-2-haziranda-yapilacak-2\/embed\/#?secret=IY4SCjzUeZ\" width=\"600\" height=\"338\" title=\"&#8220;Lefke Ceviz Festivali 2 Haziran\u2019da yap\u0131lacak&#8221; &#8212; Kuzeyin Sesi\" data-secret=\"IY4SCjzUeZ\" frameborder=\"0\" marginwidth=\"0\" marginheight=\"0\" scrolling=\"no\" class=\"wp-embedded-content\"><\/iframe><script type=\"text\/javascript\">\n\/* <![CDATA[ *\/\n\/*! This file is auto-generated *\/\n!function(d,l){\"use strict\";l.querySelector&&d.addEventListener&&\"undefined\"!=typeof URL&&(d.wp=d.wp||{},d.wp.receiveEmbedMessage||(d.wp.receiveEmbedMessage=function(e){var t=e.data;if((t||t.secret||t.message||t.value)&&!\/[^a-zA-Z0-9]\/.test(t.secret)){for(var s,r,n,a=l.querySelectorAll('iframe[data-secret=\"'+t.secret+'\"]'),o=l.querySelectorAll('blockquote[data-secret=\"'+t.secret+'\"]'),c=new RegExp(\"^https?:$\",\"i\"),i=0;i<o.length;i++)o[i].style.display=\"none\";for(i=0;i<a.length;i++)s=a[i],e.source===s.contentWindow&&(s.removeAttribute(\"style\"),\"height\"===t.message?(1e3<(r=parseInt(t.value,10))?r=1e3:~~r<200&&(r=200),s.height=r):\"link\"===t.message&&(r=new URL(s.getAttribute(\"src\")),n=new URL(t.value),c.test(n.protocol))&&n.host===r.host&&l.activeElement===s&&(d.top.location.href=t.value))}},d.addEventListener(\"message\",d.wp.receiveEmbedMessage,!1),l.addEventListener(\"DOMContentLoaded\",function(){for(var e,t,s=l.querySelectorAll(\"iframe.wp-embedded-content\"),r=0;r<s.length;r++)(t=(e=s[r]).getAttribute(\"data-secret\"))||(t=Math.random().toString(36).substring(2,12),e.src+=\"#?secret=\"+t,e.setAttribute(\"data-secret\",t)),e.contentWindow.postMessage({message:\"ready\",secret:t},\"*\")},!1)))}(window,document);\n\/\/# sourceURL=https:\/\/kuzeyinsesi.org\/wp-includes\/js\/wp-embed.min.js\n\/* ]]> *\/\n<\/script>\n","thumbnail_url":"https:\/\/kuzeyinsesi.org\/wp-content\/uploads\/2024\/05\/lefke-ceviz.webp.webp","thumbnail_width":710,"thumbnail_height":370,"description":"Lefke Belediyesi, Lefke Turizm Derne\u011fi i\u015f birli\u011finde ve Telsim katk\u0131lar\u0131yla d\u00fczenlenecek 14. Lefke Ceviz Festivali, 2 Haziran Pazar g\u00fcn\u00fc yap\u0131lacak. Lefke Belediyesi\u2019nden yap\u0131lan a\u00e7\u0131klamaya g\u00f6re Festival, pazar saat 09.30\u2019da kortejle ba\u015flayacak. A\u00e7\u0131l\u0131\u015f konu\u015fmalar\u0131n\u0131n ard\u0131ndan festivalde g\u00fcn boyu m\u00fczik ve halk danslar\u0131 g\u00f6sterilerinin yan\u0131 s\u0131ra k\u00fclt\u00fcrel \u00fcr\u00fcnler bulunacak. Festivalde, Erdem \u00c7olako\u011flu\u2019nun \u201cK\u0131br\u0131s ve Lefke A\u015fk\u0131\u201d isimli [&hellip;]"}