{"version":"1.0","provider_name":"Kuzeyin Sesi","provider_url":"https:\/\/kuzeyinsesi.org","author_name":"Kuzeyin Sesi","author_url":"https:\/\/kuzeyinsesi.org\/index.php\/author\/guven\/","title":"G\u00f6nyeli Alayk\u00f6y\u2019de D\u00fcnya \u00c7ocuk G\u00fcn\u00fc \u015eenli\u011fi - Kuzeyin Sesi","type":"rich","width":600,"height":338,"html":"<blockquote class=\"wp-embedded-content\" data-secret=\"JEJRCCEuOr\"><a href=\"https:\/\/kuzeyinsesi.org\/index.php\/2024\/05\/28\/gonyeli-alaykoyde-dunya-cocuk-gunu-senligi\/\">G\u00f6nyeli Alayk\u00f6y\u2019de D\u00fcnya \u00c7ocuk G\u00fcn\u00fc \u015eenli\u011fi<\/a><\/blockquote><iframe sandbox=\"allow-scripts\" security=\"restricted\" src=\"https:\/\/kuzeyinsesi.org\/index.php\/2024\/05\/28\/gonyeli-alaykoyde-dunya-cocuk-gunu-senligi\/embed\/#?secret=JEJRCCEuOr\" width=\"600\" height=\"338\" title=\"&#8220;G\u00f6nyeli Alayk\u00f6y\u2019de D\u00fcnya \u00c7ocuk G\u00fcn\u00fc \u015eenli\u011fi&#8221; &#8212; Kuzeyin Sesi\" data-secret=\"JEJRCCEuOr\" frameborder=\"0\" marginwidth=\"0\" marginheight=\"0\" scrolling=\"no\" class=\"wp-embedded-content\"><\/iframe><script type=\"text\/javascript\">\n\/* <![CDATA[ *\/\n\/*! This file is auto-generated *\/\n!function(d,l){\"use strict\";l.querySelector&&d.addEventListener&&\"undefined\"!=typeof URL&&(d.wp=d.wp||{},d.wp.receiveEmbedMessage||(d.wp.receiveEmbedMessage=function(e){var t=e.data;if((t||t.secret||t.message||t.value)&&!\/[^a-zA-Z0-9]\/.test(t.secret)){for(var s,r,n,a=l.querySelectorAll('iframe[data-secret=\"'+t.secret+'\"]'),o=l.querySelectorAll('blockquote[data-secret=\"'+t.secret+'\"]'),c=new RegExp(\"^https?:$\",\"i\"),i=0;i<o.length;i++)o[i].style.display=\"none\";for(i=0;i<a.length;i++)s=a[i],e.source===s.contentWindow&&(s.removeAttribute(\"style\"),\"height\"===t.message?(1e3<(r=parseInt(t.value,10))?r=1e3:~~r<200&&(r=200),s.height=r):\"link\"===t.message&&(r=new URL(s.getAttribute(\"src\")),n=new URL(t.value),c.test(n.protocol))&&n.host===r.host&&l.activeElement===s&&(d.top.location.href=t.value))}},d.addEventListener(\"message\",d.wp.receiveEmbedMessage,!1),l.addEventListener(\"DOMContentLoaded\",function(){for(var e,t,s=l.querySelectorAll(\"iframe.wp-embedded-content\"),r=0;r<s.length;r++)(t=(e=s[r]).getAttribute(\"data-secret\"))||(t=Math.random().toString(36).substring(2,12),e.src+=\"#?secret=\"+t,e.setAttribute(\"data-secret\",t)),e.contentWindow.postMessage({message:\"ready\",secret:t},\"*\")},!1)))}(window,document);\n\/\/# sourceURL=https:\/\/kuzeyinsesi.org\/wp-includes\/js\/wp-embed.min.js\n\/* ]]> *\/\n<\/script>\n","thumbnail_url":"https:\/\/kuzeyinsesi.org\/wp-content\/uploads\/2024\/05\/gonyeli-alaykoy-cocuk-senligi.png","thumbnail_width":1598,"thumbnail_height":1118,"description":"G\u00f6nyeli Alayk\u00f6y Belediyesi, 1 Haziran D\u00fcnya \u00c7ocuk G\u00fcn\u00fc nedeniyle \u00e7ocuk \u015fenli\u011fi d\u00fczenliyor. G\u00f6nyeli Alayk\u00f6y Belediyesi Bas\u0131n ve Halkla \u0130li\u015fkiler Birimi\u2019nden verilen bilgiye g\u00f6re, per\u015fembe kortej d\u00fczenlenecek. Yal\u00e7\u0131n Park\u2019ta sona erecek kortej G\u00f6nyeli Belediyesi Eski Hizmet Binas\u0131ndan ba\u015flayacak, G\u00f6nyeli Alayk\u00f6y Belediyesi\u2019nin Damla Sokak\u2019ta yapt\u0131\u011f\u0131 park\u0131n a\u00e7\u0131l\u0131\u015f\u0131 cuma g\u00fcn\u00fc yap\u0131lacak. Cumartesi g\u00fcn\u00fc G\u00f6nyeli Alayk\u00f6y Belediye Bulvar\u0131\u2019nda U\u00e7urtma [&hellip;]"}