{"version":"1.0","provider_name":"Kuzeyin Sesi","provider_url":"https:\/\/kuzeyinsesi.org","author_name":"Kuzeyin Sesi","author_url":"https:\/\/kuzeyinsesi.org\/index.php\/author\/guven\/","title":"\u201cElleri Var \u00d6zg\u00fcrl\u00fc\u011f\u00fcn\u201d isimli alb\u00fcm yay\u0131nland\u0131 - Kuzeyin Sesi","type":"rich","width":600,"height":338,"html":"<blockquote class=\"wp-embedded-content\" data-secret=\"Yg0fKwIoZK\"><a href=\"https:\/\/kuzeyinsesi.org\/index.php\/2024\/05\/26\/elleri-var-ozgurlugun-isimli-album-yayinlandi\/\">\u201cElleri Var \u00d6zg\u00fcrl\u00fc\u011f\u00fcn\u201d isimli alb\u00fcm yay\u0131nland\u0131<\/a><\/blockquote><iframe sandbox=\"allow-scripts\" security=\"restricted\" src=\"https:\/\/kuzeyinsesi.org\/index.php\/2024\/05\/26\/elleri-var-ozgurlugun-isimli-album-yayinlandi\/embed\/#?secret=Yg0fKwIoZK\" width=\"600\" height=\"338\" title=\"&#8220;\u201cElleri Var \u00d6zg\u00fcrl\u00fc\u011f\u00fcn\u201d isimli alb\u00fcm yay\u0131nland\u0131&#8221; &#8212; Kuzeyin Sesi\" data-secret=\"Yg0fKwIoZK\" frameborder=\"0\" marginwidth=\"0\" marginheight=\"0\" scrolling=\"no\" class=\"wp-embedded-content\"><\/iframe><script type=\"text\/javascript\">\n\/* <![CDATA[ *\/\n\/*! This file is auto-generated *\/\n!function(d,l){\"use strict\";l.querySelector&&d.addEventListener&&\"undefined\"!=typeof URL&&(d.wp=d.wp||{},d.wp.receiveEmbedMessage||(d.wp.receiveEmbedMessage=function(e){var t=e.data;if((t||t.secret||t.message||t.value)&&!\/[^a-zA-Z0-9]\/.test(t.secret)){for(var s,r,n,a=l.querySelectorAll('iframe[data-secret=\"'+t.secret+'\"]'),o=l.querySelectorAll('blockquote[data-secret=\"'+t.secret+'\"]'),c=new RegExp(\"^https?:$\",\"i\"),i=0;i<o.length;i++)o[i].style.display=\"none\";for(i=0;i<a.length;i++)s=a[i],e.source===s.contentWindow&&(s.removeAttribute(\"style\"),\"height\"===t.message?(1e3<(r=parseInt(t.value,10))?r=1e3:~~r<200&&(r=200),s.height=r):\"link\"===t.message&&(r=new URL(s.getAttribute(\"src\")),n=new URL(t.value),c.test(n.protocol))&&n.host===r.host&&l.activeElement===s&&(d.top.location.href=t.value))}},d.addEventListener(\"message\",d.wp.receiveEmbedMessage,!1),l.addEventListener(\"DOMContentLoaded\",function(){for(var e,t,s=l.querySelectorAll(\"iframe.wp-embedded-content\"),r=0;r<s.length;r++)(t=(e=s[r]).getAttribute(\"data-secret\"))||(t=Math.random().toString(36).substring(2,12),e.src+=\"#?secret=\"+t,e.setAttribute(\"data-secret\",t)),e.contentWindow.postMessage({message:\"ready\",secret:t},\"*\")},!1)))}(window,document);\n\/\/# sourceURL=https:\/\/kuzeyinsesi.org\/wp-includes\/js\/wp-embed.min.js\n\/* ]]> *\/\n<\/script>\n","thumbnail_url":"https:\/\/kuzeyinsesi.org\/wp-content\/uploads\/2024\/05\/sol-anahtari.jpeg","thumbnail_width":1600,"thumbnail_height":1066,"description":"Baraka K\u00fclt\u00fcr Merkezi m\u00fczik toplulu\u011fu Sol Anahtar\u0131\u2019n\u0131n da dahil oldu\u011fu, devrimci m\u00fczik gruplar\u0131n\u0131n olu\u015fturdu\u011fu Sol M\u00fczik Platformu\u2019nun \u201cElleri Var \u00d6zg\u00fcrl\u00fc\u011f\u00fcn\u201d isimli alb\u00fcm\u00fc yay\u0131nland\u0131. Baraka\u2019dan yap\u0131lan a\u00e7\u0131klamada, Sol Anahtar\u0131\u2019n\u0131n alb\u00fcmde yer alan \u201cKasiyerin \u015eark\u0131s\u0131\u201d isimli \u015fark\u0131s\u0131n\u0131n, dinleyicilerin be\u011fenisine sunulup, sosyal medya kanallar\u0131nda yay\u0131na girdi\u011fi duyuruldu. Eyl\u00fcl ay\u0131nda \u00e7\u0131kan \u201cKavga\u201d alb\u00fcm\u00fcn\u00fcn ard\u0131ndan Sol M\u00fczik\u2019in ikinci alb\u00fcm\u00fcnde 16 [&hellip;]"}