{"version":"1.0","provider_name":"Kuzeyin Sesi","provider_url":"https:\/\/kuzeyinsesi.org","author_name":"Kuzeyin Sesi","author_url":"https:\/\/kuzeyinsesi.org\/index.php\/author\/guven\/","title":"Devlet tiyatrolar\u0131 ekibi Konya\u2019da festival kat\u0131ld\u0131 - Kuzeyin Sesi","type":"rich","width":600,"height":338,"html":"<blockquote class=\"wp-embedded-content\" data-secret=\"5AVkWPOMZZ\"><a href=\"https:\/\/kuzeyinsesi.org\/index.php\/2024\/05\/26\/devlet-tiyatrolari-ekibi-konyada-festival-katildi\/\">Devlet tiyatrolar\u0131 ekibi Konya\u2019da festival kat\u0131ld\u0131<\/a><\/blockquote><iframe sandbox=\"allow-scripts\" security=\"restricted\" src=\"https:\/\/kuzeyinsesi.org\/index.php\/2024\/05\/26\/devlet-tiyatrolari-ekibi-konyada-festival-katildi\/embed\/#?secret=5AVkWPOMZZ\" width=\"600\" height=\"338\" title=\"&#8220;Devlet tiyatrolar\u0131 ekibi Konya\u2019da festival kat\u0131ld\u0131&#8221; &#8212; Kuzeyin Sesi\" data-secret=\"5AVkWPOMZZ\" frameborder=\"0\" marginwidth=\"0\" marginheight=\"0\" scrolling=\"no\" class=\"wp-embedded-content\"><\/iframe><script type=\"text\/javascript\">\n\/* <![CDATA[ *\/\n\/*! This file is auto-generated *\/\n!function(d,l){\"use strict\";l.querySelector&&d.addEventListener&&\"undefined\"!=typeof URL&&(d.wp=d.wp||{},d.wp.receiveEmbedMessage||(d.wp.receiveEmbedMessage=function(e){var t=e.data;if((t||t.secret||t.message||t.value)&&!\/[^a-zA-Z0-9]\/.test(t.secret)){for(var s,r,n,a=l.querySelectorAll('iframe[data-secret=\"'+t.secret+'\"]'),o=l.querySelectorAll('blockquote[data-secret=\"'+t.secret+'\"]'),c=new RegExp(\"^https?:$\",\"i\"),i=0;i<o.length;i++)o[i].style.display=\"none\";for(i=0;i<a.length;i++)s=a[i],e.source===s.contentWindow&&(s.removeAttribute(\"style\"),\"height\"===t.message?(1e3<(r=parseInt(t.value,10))?r=1e3:~~r<200&&(r=200),s.height=r):\"link\"===t.message&&(r=new URL(s.getAttribute(\"src\")),n=new URL(t.value),c.test(n.protocol))&&n.host===r.host&&l.activeElement===s&&(d.top.location.href=t.value))}},d.addEventListener(\"message\",d.wp.receiveEmbedMessage,!1),l.addEventListener(\"DOMContentLoaded\",function(){for(var e,t,s=l.querySelectorAll(\"iframe.wp-embedded-content\"),r=0;r<s.length;r++)(t=(e=s[r]).getAttribute(\"data-secret\"))||(t=Math.random().toString(36).substring(2,12),e.src+=\"#?secret=\"+t,e.setAttribute(\"data-secret\",t)),e.contentWindow.postMessage({message:\"ready\",secret:t},\"*\")},!1)))}(window,document);\n\/\/# sourceURL=https:\/\/kuzeyinsesi.org\/wp-includes\/js\/wp-embed.min.js\n\/* ]]> *\/\n<\/script>\n","thumbnail_url":"https:\/\/kuzeyinsesi.org\/wp-content\/uploads\/2024\/05\/e-tiyatro-4-.jpg","thumbnail_width":1600,"thumbnail_height":1200,"description":"Ba\u015fbakan Yard\u0131mc\u0131l\u0131\u011f\u0131, Turizm, K\u00fclt\u00fcr, Gen\u00e7lik ve \u00c7evre Bakanl\u0131\u011f\u0131\u2019na ba\u011fl\u0131 K\u0131br\u0131s T\u00fcrk Devlet Tiyatrolar\u0131, Konya Devlet Tiyatrosu ev sahipli\u011finde ger\u00e7ekle\u015ftirilen Konya 16. \u201cBin Nefes Bir Ses\u201d Uluslararas\u0131 T\u00fcrk\u00e7e Tiyatro Yapan \u00dclkeler Festivaline kat\u0131ld\u0131. Ba\u015fbakan Yard\u0131mc\u0131l\u0131\u011f\u0131, Turizm, K\u00fclt\u00fcr, Gen\u00e7lik ve \u00c7evre Bakanl\u0131\u011f\u0131\u2019ndan verilen bilgiye g\u00f6re, bu y\u0131l 25 May\u0131s-30 May\u0131s tarihleri aras\u0131ndaki festival, \u0130spanya, Tataristan, Azerbaycan, KKTC, [&hellip;]"}