{"version":"1.0","provider_name":"Kuzeyin Sesi","provider_url":"https:\/\/kuzeyinsesi.org","author_name":"Kuzeyin Sesi","author_url":"https:\/\/kuzeyinsesi.org\/index.php\/author\/guven\/","title":"Cannes Film Festivali\u2019nde \u00f6d\u00fcller sahiplerini buldu - Kuzeyin Sesi","type":"rich","width":600,"height":338,"html":"<blockquote class=\"wp-embedded-content\" data-secret=\"3reLeRs0CC\"><a href=\"https:\/\/kuzeyinsesi.org\/index.php\/2024\/05\/26\/cannes-film-festivalinde-oduller-sahiplerini-buldu\/\">Cannes Film Festivali\u2019nde \u00f6d\u00fcller sahiplerini buldu<\/a><\/blockquote><iframe sandbox=\"allow-scripts\" security=\"restricted\" src=\"https:\/\/kuzeyinsesi.org\/index.php\/2024\/05\/26\/cannes-film-festivalinde-oduller-sahiplerini-buldu\/embed\/#?secret=3reLeRs0CC\" width=\"600\" height=\"338\" title=\"&#8220;Cannes Film Festivali\u2019nde \u00f6d\u00fcller sahiplerini buldu&#8221; &#8212; Kuzeyin Sesi\" data-secret=\"3reLeRs0CC\" frameborder=\"0\" marginwidth=\"0\" marginheight=\"0\" scrolling=\"no\" class=\"wp-embedded-content\"><\/iframe><script type=\"text\/javascript\">\n\/* <![CDATA[ *\/\n\/*! This file is auto-generated *\/\n!function(d,l){\"use strict\";l.querySelector&&d.addEventListener&&\"undefined\"!=typeof URL&&(d.wp=d.wp||{},d.wp.receiveEmbedMessage||(d.wp.receiveEmbedMessage=function(e){var t=e.data;if((t||t.secret||t.message||t.value)&&!\/[^a-zA-Z0-9]\/.test(t.secret)){for(var s,r,n,a=l.querySelectorAll('iframe[data-secret=\"'+t.secret+'\"]'),o=l.querySelectorAll('blockquote[data-secret=\"'+t.secret+'\"]'),c=new RegExp(\"^https?:$\",\"i\"),i=0;i<o.length;i++)o[i].style.display=\"none\";for(i=0;i<a.length;i++)s=a[i],e.source===s.contentWindow&&(s.removeAttribute(\"style\"),\"height\"===t.message?(1e3<(r=parseInt(t.value,10))?r=1e3:~~r<200&&(r=200),s.height=r):\"link\"===t.message&&(r=new URL(s.getAttribute(\"src\")),n=new URL(t.value),c.test(n.protocol))&&n.host===r.host&&l.activeElement===s&&(d.top.location.href=t.value))}},d.addEventListener(\"message\",d.wp.receiveEmbedMessage,!1),l.addEventListener(\"DOMContentLoaded\",function(){for(var e,t,s=l.querySelectorAll(\"iframe.wp-embedded-content\"),r=0;r<s.length;r++)(t=(e=s[r]).getAttribute(\"data-secret\"))||(t=Math.random().toString(36).substring(2,12),e.src+=\"#?secret=\"+t,e.setAttribute(\"data-secret\",t)),e.contentWindow.postMessage({message:\"ready\",secret:t},\"*\")},!1)))}(window,document);\n\/\/# sourceURL=https:\/\/kuzeyinsesi.org\/wp-includes\/js\/wp-embed.min.js\n\/* ]]> *\/\n<\/script>\n","thumbnail_url":"https:\/\/kuzeyinsesi.org\/wp-content\/uploads\/2024\/05\/can.jpg","thumbnail_width":1005,"thumbnail_height":533,"description":"Fransa\u2019a bu y\u0131l 77\u2019ncisi d\u00fczenlenen ve 22 filmin yar\u0131\u015ft\u0131\u011f\u0131 Cannes Film Festivali\u2019nde Alt\u0131n Palmiye \u00f6d\u00fcl\u00fc sahibini buldu. Cannes Film Festivali\u2019nde Alt\u0131n Palmiye \u00f6d\u00fcl\u00fc Sean Baker\u2019\u0131n \u201cAnora\u201d filmine verildi. Fransa\u2019n\u0131n Cannes kentinde 14 May\u0131s\u2019ta ba\u015flayan festivalin \u00f6d\u00fcl t\u00f6reni, Cannes Festival Saray\u0131\u2019nda yap\u0131ld\u0131. Alt\u0131n Palmiye \u00f6d\u00fcl\u00fc, Amerikal\u0131 y\u00f6netmen Sean Baker\u2019\u0131n \u201cAnora\u201d drama filmine verildi. J\u00fcri \u00d6zel \u00d6d\u00fcl\u00fc\u2019n\u00fcn [&hellip;]"}