{"version":"1.0","provider_name":"Kuzeyin Sesi","provider_url":"https:\/\/kuzeyinsesi.org","author_name":"Kuzeyin Sesi","author_url":"https:\/\/kuzeyinsesi.org\/index.php\/author\/guven\/","title":"\u201cS\u00f6z\u201d adl\u0131 k\u0131sa filmin galas\u0131 ba\u015fkent Lefko\u015fa\u2019da yap\u0131ld\u0131 - Kuzeyin Sesi","type":"rich","width":600,"height":338,"html":"<blockquote class=\"wp-embedded-content\" data-secret=\"eSXXpHsfmm\"><a href=\"https:\/\/kuzeyinsesi.org\/index.php\/2024\/05\/25\/soz-adli-kisa-filmin-galasi-baskent-lefkosada-yapildi\/\">\u201cS\u00f6z\u201d adl\u0131 k\u0131sa filmin galas\u0131 ba\u015fkent Lefko\u015fa\u2019da yap\u0131ld\u0131<\/a><\/blockquote><iframe sandbox=\"allow-scripts\" security=\"restricted\" src=\"https:\/\/kuzeyinsesi.org\/index.php\/2024\/05\/25\/soz-adli-kisa-filmin-galasi-baskent-lefkosada-yapildi\/embed\/#?secret=eSXXpHsfmm\" width=\"600\" height=\"338\" title=\"&#8220;\u201cS\u00f6z\u201d adl\u0131 k\u0131sa filmin galas\u0131 ba\u015fkent Lefko\u015fa\u2019da yap\u0131ld\u0131&#8221; &#8212; Kuzeyin Sesi\" data-secret=\"eSXXpHsfmm\" frameborder=\"0\" marginwidth=\"0\" marginheight=\"0\" scrolling=\"no\" class=\"wp-embedded-content\"><\/iframe><script type=\"text\/javascript\">\n\/* <![CDATA[ *\/\n\/*! This file is auto-generated *\/\n!function(d,l){\"use strict\";l.querySelector&&d.addEventListener&&\"undefined\"!=typeof URL&&(d.wp=d.wp||{},d.wp.receiveEmbedMessage||(d.wp.receiveEmbedMessage=function(e){var t=e.data;if((t||t.secret||t.message||t.value)&&!\/[^a-zA-Z0-9]\/.test(t.secret)){for(var s,r,n,a=l.querySelectorAll('iframe[data-secret=\"'+t.secret+'\"]'),o=l.querySelectorAll('blockquote[data-secret=\"'+t.secret+'\"]'),c=new RegExp(\"^https?:$\",\"i\"),i=0;i<o.length;i++)o[i].style.display=\"none\";for(i=0;i<a.length;i++)s=a[i],e.source===s.contentWindow&&(s.removeAttribute(\"style\"),\"height\"===t.message?(1e3<(r=parseInt(t.value,10))?r=1e3:~~r<200&&(r=200),s.height=r):\"link\"===t.message&&(r=new URL(s.getAttribute(\"src\")),n=new URL(t.value),c.test(n.protocol))&&n.host===r.host&&l.activeElement===s&&(d.top.location.href=t.value))}},d.addEventListener(\"message\",d.wp.receiveEmbedMessage,!1),l.addEventListener(\"DOMContentLoaded\",function(){for(var e,t,s=l.querySelectorAll(\"iframe.wp-embedded-content\"),r=0;r<s.length;r++)(t=(e=s[r]).getAttribute(\"data-secret\"))||(t=Math.random().toString(36).substring(2,12),e.src+=\"#?secret=\"+t,e.setAttribute(\"data-secret\",t)),e.contentWindow.postMessage({message:\"ready\",secret:t},\"*\")},!1)))}(window,document);\n\/\/# sourceURL=https:\/\/kuzeyinsesi.org\/wp-includes\/js\/wp-embed.min.js\n\/* ]]> *\/\n<\/script>\n","thumbnail_url":"https:\/\/kuzeyinsesi.org\/wp-content\/uploads\/2024\/05\/sinevizyon-dernegi-soz-filmi.jpeg","thumbnail_width":546,"thumbnail_height":772,"description":"K\u0131br\u0131s T\u00fcrk Sinema Televizyon Derne\u011fi (Sinevizyon) ve SineSmart Yap\u0131mc\u0131l\u0131k i\u015f birli\u011fi ile \u00e7ekilen \u201cS\u00f6z\u201d adl\u0131 k\u0131sa filmin galas\u0131, d\u00fcn Lefko\u015fa\u2019da yap\u0131ld\u0131. K\u00fclt\u00fcr Dairesi\u2019nin destekleriyle Lefko\u015fa Atat\u00fcrk K\u00fclt\u00fcr Merkezi\u2019nde yer alan filmin galas\u0131, Bay\u0131nd\u0131rl\u0131k ve Ula\u015ft\u0131rma Bakan\u0131 Erhan Ar\u0131kl\u0131 ve protokol\u00fcn kat\u0131l\u0131m\u0131yla ger\u00e7ekle\u015fti. Dernekten verilen bilgiye g\u00f6re \u201cS\u00f6z\u201d adl\u0131 k\u0131sa film, 1974 y\u0131l\u0131nda G\u00fcney K\u0131br\u0131s\u2019ta ya\u015fayan [&hellip;]"}