{"version":"1.0","provider_name":"Kuzeyin Sesi","provider_url":"https:\/\/kuzeyinsesi.org","author_name":"Kuzeyin Sesi","author_url":"https:\/\/kuzeyinsesi.org\/index.php\/author\/guven\/","title":"\u2018Don Pasquale Operas\u0131\u2019 d\u00fcn ak\u015fam Girne\u2019de sahnelendi - Kuzeyin Sesi","type":"rich","width":600,"height":338,"html":"<blockquote class=\"wp-embedded-content\" data-secret=\"2GEEaGZYmJ\"><a href=\"https:\/\/kuzeyinsesi.org\/index.php\/2024\/05\/23\/don-pasquale-operasi-dun-aksam-girnede-sahnelendi\/\">\u2018Don Pasquale Operas\u0131\u2019 d\u00fcn ak\u015fam Girne\u2019de sahnelendi<\/a><\/blockquote><iframe sandbox=\"allow-scripts\" security=\"restricted\" src=\"https:\/\/kuzeyinsesi.org\/index.php\/2024\/05\/23\/don-pasquale-operasi-dun-aksam-girnede-sahnelendi\/embed\/#?secret=2GEEaGZYmJ\" width=\"600\" height=\"338\" title=\"&#8220;\u2018Don Pasquale Operas\u0131\u2019 d\u00fcn ak\u015fam Girne\u2019de sahnelendi&#8221; &#8212; Kuzeyin Sesi\" data-secret=\"2GEEaGZYmJ\" frameborder=\"0\" marginwidth=\"0\" marginheight=\"0\" scrolling=\"no\" class=\"wp-embedded-content\"><\/iframe><script type=\"text\/javascript\">\n\/* <![CDATA[ *\/\n\/*! This file is auto-generated *\/\n!function(d,l){\"use strict\";l.querySelector&&d.addEventListener&&\"undefined\"!=typeof URL&&(d.wp=d.wp||{},d.wp.receiveEmbedMessage||(d.wp.receiveEmbedMessage=function(e){var t=e.data;if((t||t.secret||t.message||t.value)&&!\/[^a-zA-Z0-9]\/.test(t.secret)){for(var s,r,n,a=l.querySelectorAll('iframe[data-secret=\"'+t.secret+'\"]'),o=l.querySelectorAll('blockquote[data-secret=\"'+t.secret+'\"]'),c=new RegExp(\"^https?:$\",\"i\"),i=0;i<o.length;i++)o[i].style.display=\"none\";for(i=0;i<a.length;i++)s=a[i],e.source===s.contentWindow&&(s.removeAttribute(\"style\"),\"height\"===t.message?(1e3<(r=parseInt(t.value,10))?r=1e3:~~r<200&&(r=200),s.height=r):\"link\"===t.message&&(r=new URL(s.getAttribute(\"src\")),n=new URL(t.value),c.test(n.protocol))&&n.host===r.host&&l.activeElement===s&&(d.top.location.href=t.value))}},d.addEventListener(\"message\",d.wp.receiveEmbedMessage,!1),l.addEventListener(\"DOMContentLoaded\",function(){for(var e,t,s=l.querySelectorAll(\"iframe.wp-embedded-content\"),r=0;r<s.length;r++)(t=(e=s[r]).getAttribute(\"data-secret\"))||(t=Math.random().toString(36).substring(2,12),e.src+=\"#?secret=\"+t,e.setAttribute(\"data-secret\",t)),e.contentWindow.postMessage({message:\"ready\",secret:t},\"*\")},!1)))}(window,document);\n\/\/# sourceURL=https:\/\/kuzeyinsesi.org\/wp-includes\/js\/wp-embed.min.js\n\/* ]]> *\/\n<\/script>\n","thumbnail_url":"https:\/\/kuzeyinsesi.org\/wp-content\/uploads\/2024\/05\/5119f3d2-b48c-4964-8c8c-27ebac8da9c4ffffffffffffffffffff-1.jpg","thumbnail_width":1600,"thumbnail_height":749,"description":"Don Pasquale Operas\u0131, Girne Amerikan \u00dcniveristesi\u2019nde sahnelendi. Donizetti\u2019nin \u201cDon Pasquale\u201d operas\u0131, Ba\u015fbakan Yard\u0131mc\u0131l\u0131\u011f\u0131, Turizm, K\u00fclt\u00fcr, Gen\u00e7lik ve \u00c7evre Bakanl\u0131\u011f\u0131 Devlet Opera ve Bale Koordinasyon Merkezi, Cumhurba\u015fkanl\u0131\u011f\u0131 Senfoni Orkestras\u0131 ve T\u00fcrkiye K\u00fclt\u00fcr ve Turizm Bakanl\u0131\u011f\u0131 Devlet Opera ve Balesi Genel M\u00fcd\u00fcrl\u00fc\u011f\u00fc ortakl\u0131\u011f\u0131nda yap\u0131ld\u0131. Don Pasquale\u2019yi Cumhurba\u015fkan\u0131 Vekili, Cumhuriyet Meclisi Ba\u015fkan\u0131 Zorlu T\u00f6re de izledi."}