{"version":"1.0","provider_name":"Kuzeyin Sesi","provider_url":"https:\/\/kuzeyinsesi.org","author_name":"Kuzeyin Sesi","author_url":"https:\/\/kuzeyinsesi.org\/index.php\/author\/guven\/","title":"K\u00fclt\u00fcr Dairesi Ercan Havaliman\u0131\u2019na k\u00fct\u00fcphane a\u00e7acak - Kuzeyin Sesi","type":"rich","width":600,"height":338,"html":"<blockquote class=\"wp-embedded-content\" data-secret=\"qR22lzkcGZ\"><a href=\"https:\/\/kuzeyinsesi.org\/index.php\/2024\/05\/22\/kultur-dairesi-ercan-havalimanina-kutuphane-acacak\/\">K\u00fclt\u00fcr Dairesi Ercan Havaliman\u0131\u2019na k\u00fct\u00fcphane a\u00e7acak<\/a><\/blockquote><iframe sandbox=\"allow-scripts\" security=\"restricted\" src=\"https:\/\/kuzeyinsesi.org\/index.php\/2024\/05\/22\/kultur-dairesi-ercan-havalimanina-kutuphane-acacak\/embed\/#?secret=qR22lzkcGZ\" width=\"600\" height=\"338\" title=\"&#8220;K\u00fclt\u00fcr Dairesi Ercan Havaliman\u0131\u2019na k\u00fct\u00fcphane a\u00e7acak&#8221; &#8212; Kuzeyin Sesi\" data-secret=\"qR22lzkcGZ\" frameborder=\"0\" marginwidth=\"0\" marginheight=\"0\" scrolling=\"no\" class=\"wp-embedded-content\"><\/iframe><script type=\"text\/javascript\">\n\/* <![CDATA[ *\/\n\/*! This file is auto-generated *\/\n!function(d,l){\"use strict\";l.querySelector&&d.addEventListener&&\"undefined\"!=typeof URL&&(d.wp=d.wp||{},d.wp.receiveEmbedMessage||(d.wp.receiveEmbedMessage=function(e){var t=e.data;if((t||t.secret||t.message||t.value)&&!\/[^a-zA-Z0-9]\/.test(t.secret)){for(var s,r,n,a=l.querySelectorAll('iframe[data-secret=\"'+t.secret+'\"]'),o=l.querySelectorAll('blockquote[data-secret=\"'+t.secret+'\"]'),c=new RegExp(\"^https?:$\",\"i\"),i=0;i<o.length;i++)o[i].style.display=\"none\";for(i=0;i<a.length;i++)s=a[i],e.source===s.contentWindow&&(s.removeAttribute(\"style\"),\"height\"===t.message?(1e3<(r=parseInt(t.value,10))?r=1e3:~~r<200&&(r=200),s.height=r):\"link\"===t.message&&(r=new URL(s.getAttribute(\"src\")),n=new URL(t.value),c.test(n.protocol))&&n.host===r.host&&l.activeElement===s&&(d.top.location.href=t.value))}},d.addEventListener(\"message\",d.wp.receiveEmbedMessage,!1),l.addEventListener(\"DOMContentLoaded\",function(){for(var e,t,s=l.querySelectorAll(\"iframe.wp-embedded-content\"),r=0;r<s.length;r++)(t=(e=s[r]).getAttribute(\"data-secret\"))||(t=Math.random().toString(36).substring(2,12),e.src+=\"#?secret=\"+t,e.setAttribute(\"data-secret\",t)),e.contentWindow.postMessage({message:\"ready\",secret:t},\"*\")},!1)))}(window,document);\n\/\/# sourceURL=https:\/\/kuzeyinsesi.org\/wp-includes\/js\/wp-embed.min.js\n\/* ]]> *\/\n<\/script>\n","thumbnail_url":"https:\/\/kuzeyinsesi.org\/wp-content\/uploads\/2024\/05\/kultur-dairesi-ercan.jpeg","thumbnail_width":1600,"thumbnail_height":1200,"description":"K\u00fclt\u00fcr Dairesi, Ercan Havaliman\u0131\u2019nda K\u0131br\u0131sl\u0131 yazar ve \u015fairlerin kitaplar\u0131ndan olu\u015facak k\u00fct\u00fcphane a\u00e7\u0131yor. K\u00fct\u00fcphane, Ba\u015fbakan Yard\u0131mc\u0131l\u0131\u011f\u0131, Turizm, K\u00fclt\u00fcr, Gen\u00e7lik ve \u00c7evre Bakanl\u0131\u011f\u0131\u2019na ba\u011fl\u0131 K\u00fclt\u00fcr Dairesi M\u00fcd\u00fcrl\u00fc\u011f\u00fc, Bay\u0131nd\u0131rl\u0131k ve Ula\u015ft\u0131rma Bakanl\u0131\u011f\u0131 ile T&amp;T Havaliman\u0131 \u0130\u015fletmecili\u011fi i\u015f birli\u011finde Havaliman\u0131\u2019n\u0131n giden yolcu b\u00f6l\u00fcm\u00fcne a\u00e7\u0131lacak. K\u00fct\u00fcphanede sadece \u00e7ocuk kitaplar\u0131n\u0131n yer alaca\u011f\u0131 bir b\u00f6l\u00fcm de d\u00fczenlenecek. K\u00fct\u00fcr Dairesi\u2019nden verilen bilgiye g\u00f6re [&hellip;]"}