{"version":"1.0","provider_name":"Kuzeyin Sesi","provider_url":"https:\/\/kuzeyinsesi.org","author_name":"Kuzeyin Sesi","author_url":"https:\/\/kuzeyinsesi.org\/index.php\/author\/guven\/","title":"\u201cKarma Kar\u0131\u015f\u0131k\u201d kitab\u0131 Cumartesi g\u00fcn\u00fc tan\u0131t\u0131l\u0131yor - Kuzeyin Sesi","type":"rich","width":600,"height":338,"html":"<blockquote class=\"wp-embedded-content\" data-secret=\"kPc2SPyM7X\"><a href=\"https:\/\/kuzeyinsesi.org\/index.php\/2024\/05\/22\/karma-karisik-kitabi-cumartesi-gunu-tanitiliyor\/\">\u201cKarma Kar\u0131\u015f\u0131k\u201d kitab\u0131 Cumartesi g\u00fcn\u00fc tan\u0131t\u0131l\u0131yor<\/a><\/blockquote><iframe sandbox=\"allow-scripts\" security=\"restricted\" src=\"https:\/\/kuzeyinsesi.org\/index.php\/2024\/05\/22\/karma-karisik-kitabi-cumartesi-gunu-tanitiliyor\/embed\/#?secret=kPc2SPyM7X\" width=\"600\" height=\"338\" title=\"&#8220;\u201cKarma Kar\u0131\u015f\u0131k\u201d kitab\u0131 Cumartesi g\u00fcn\u00fc tan\u0131t\u0131l\u0131yor&#8221; &#8212; Kuzeyin Sesi\" data-secret=\"kPc2SPyM7X\" frameborder=\"0\" marginwidth=\"0\" marginheight=\"0\" scrolling=\"no\" class=\"wp-embedded-content\"><\/iframe><script type=\"text\/javascript\">\n\/* <![CDATA[ *\/\n\/*! This file is auto-generated *\/\n!function(d,l){\"use strict\";l.querySelector&&d.addEventListener&&\"undefined\"!=typeof URL&&(d.wp=d.wp||{},d.wp.receiveEmbedMessage||(d.wp.receiveEmbedMessage=function(e){var t=e.data;if((t||t.secret||t.message||t.value)&&!\/[^a-zA-Z0-9]\/.test(t.secret)){for(var s,r,n,a=l.querySelectorAll('iframe[data-secret=\"'+t.secret+'\"]'),o=l.querySelectorAll('blockquote[data-secret=\"'+t.secret+'\"]'),c=new RegExp(\"^https?:$\",\"i\"),i=0;i<o.length;i++)o[i].style.display=\"none\";for(i=0;i<a.length;i++)s=a[i],e.source===s.contentWindow&&(s.removeAttribute(\"style\"),\"height\"===t.message?(1e3<(r=parseInt(t.value,10))?r=1e3:~~r<200&&(r=200),s.height=r):\"link\"===t.message&&(r=new URL(s.getAttribute(\"src\")),n=new URL(t.value),c.test(n.protocol))&&n.host===r.host&&l.activeElement===s&&(d.top.location.href=t.value))}},d.addEventListener(\"message\",d.wp.receiveEmbedMessage,!1),l.addEventListener(\"DOMContentLoaded\",function(){for(var e,t,s=l.querySelectorAll(\"iframe.wp-embedded-content\"),r=0;r<s.length;r++)(t=(e=s[r]).getAttribute(\"data-secret\"))||(t=Math.random().toString(36).substring(2,12),e.src+=\"#?secret=\"+t,e.setAttribute(\"data-secret\",t)),e.contentWindow.postMessage({message:\"ready\",secret:t},\"*\")},!1)))}(window,document);\n\/\/# sourceURL=https:\/\/kuzeyinsesi.org\/wp-includes\/js\/wp-embed.min.js\n\/* ]]> *\/\n<\/script>\n","thumbnail_url":"https:\/\/kuzeyinsesi.org\/wp-content\/uploads\/2024\/05\/feray-karahuseyin-kitap-tanitim.jpg","thumbnail_width":1857,"thumbnail_height":1489,"description":"\u015eair Feray Karah\u00fcseyin ve \u015eair Fato\u015f Muhtaro\u011flu\u2019nun ikinci \u015fiir kitab\u0131 \u201cKarma Kar\u0131\u015f\u0131k\u201d, cumartesi g\u00fcn\u00fc tan\u0131t\u0131l\u0131yor. R\u00fcstem Kitabevi\u2019nde saat 11.00\u2019de \u015fairlerin d\u00fczenleyece\u011fi kitap tan\u0131t\u0131m ve imza etkinli\u011finde, kitap tan\u0131t\u0131m\u0131, duygu ve d\u00fc\u015f\u00fcncelerin payla\u015f\u0131m\u0131 yan\u0131nda \u015fiir dinletisi de yer alacak."}