{"version":"1.0","provider_name":"Kuzeyin Sesi","provider_url":"https:\/\/kuzeyinsesi.org","author_name":"Kuzeyin Sesi","author_url":"https:\/\/kuzeyinsesi.org\/index.php\/author\/guven\/","title":"Bellapais\u2019te yar\u0131n Tenor Karde\u015fler konseri - Kuzeyin Sesi","type":"rich","width":600,"height":338,"html":"<blockquote class=\"wp-embedded-content\" data-secret=\"yDbcPlelsd\"><a href=\"https:\/\/kuzeyinsesi.org\/index.php\/2024\/05\/22\/bellapaiste-yarin-tenor-kardesler-konseri\/\">Bellapais\u2019te yar\u0131n Tenor Karde\u015fler konseri<\/a><\/blockquote><iframe sandbox=\"allow-scripts\" security=\"restricted\" src=\"https:\/\/kuzeyinsesi.org\/index.php\/2024\/05\/22\/bellapaiste-yarin-tenor-kardesler-konseri\/embed\/#?secret=yDbcPlelsd\" width=\"600\" height=\"338\" title=\"&#8220;Bellapais\u2019te yar\u0131n Tenor Karde\u015fler konseri&#8221; &#8212; Kuzeyin Sesi\" data-secret=\"yDbcPlelsd\" frameborder=\"0\" marginwidth=\"0\" marginheight=\"0\" scrolling=\"no\" class=\"wp-embedded-content\"><\/iframe><script type=\"text\/javascript\">\n\/* <![CDATA[ *\/\n\/*! This file is auto-generated *\/\n!function(d,l){\"use strict\";l.querySelector&&d.addEventListener&&\"undefined\"!=typeof URL&&(d.wp=d.wp||{},d.wp.receiveEmbedMessage||(d.wp.receiveEmbedMessage=function(e){var t=e.data;if((t||t.secret||t.message||t.value)&&!\/[^a-zA-Z0-9]\/.test(t.secret)){for(var s,r,n,a=l.querySelectorAll('iframe[data-secret=\"'+t.secret+'\"]'),o=l.querySelectorAll('blockquote[data-secret=\"'+t.secret+'\"]'),c=new RegExp(\"^https?:$\",\"i\"),i=0;i<o.length;i++)o[i].style.display=\"none\";for(i=0;i<a.length;i++)s=a[i],e.source===s.contentWindow&&(s.removeAttribute(\"style\"),\"height\"===t.message?(1e3<(r=parseInt(t.value,10))?r=1e3:~~r<200&&(r=200),s.height=r):\"link\"===t.message&&(r=new URL(s.getAttribute(\"src\")),n=new URL(t.value),c.test(n.protocol))&&n.host===r.host&&l.activeElement===s&&(d.top.location.href=t.value))}},d.addEventListener(\"message\",d.wp.receiveEmbedMessage,!1),l.addEventListener(\"DOMContentLoaded\",function(){for(var e,t,s=l.querySelectorAll(\"iframe.wp-embedded-content\"),r=0;r<s.length;r++)(t=(e=s[r]).getAttribute(\"data-secret\"))||(t=Math.random().toString(36).substring(2,12),e.src+=\"#?secret=\"+t,e.setAttribute(\"data-secret\",t)),e.contentWindow.postMessage({message:\"ready\",secret:t},\"*\")},!1)))}(window,document);\n\/\/# sourceURL=https:\/\/kuzeyinsesi.org\/wp-includes\/js\/wp-embed.min.js\n\/* ]]> *\/\n<\/script>\n","thumbnail_url":"https:\/\/kuzeyinsesi.org\/wp-content\/uploads\/2024\/05\/bellapais-festivali2.jpeg","thumbnail_width":1000,"thumbnail_height":1000,"description":"Uluslararas\u0131 Bellapais \u0130lkbahar M\u00fczik Festivali kapsam\u0131nda yar\u0131n \u201cTenor Brothers\/Tenor Karde\u015fler\u201d konser verecek. Kuzey K\u0131br\u0131s M\u00fczik Derne\u011fi taraf\u0131ndan 19\u2019uncusu d\u00fczenlenen festival \u00e7er\u00e7evesinde yer alacak konser, Bellapais Manast\u0131r\u0131\u2019nda saat 20.00\u2019de ba\u015flayacak. \u201cTenor Karde\u015fler\u201d konserinde Ankara Devlet Opera ve Balesi Solisti Tenor Ayhan U\u015ftuk ile \u0130zmir Devlet Opera ve Balesi Solisti Tenor Ayd\u0131n U\u015ftuk, Ankara Devlet Opera ve [&hellip;]"}