{"version":"1.0","provider_name":"Kuzeyin Sesi","provider_url":"https:\/\/kuzeyinsesi.org","author_name":"Kuzeyin Sesi","author_url":"https:\/\/kuzeyinsesi.org\/index.php\/author\/guven\/","title":"\u201c\u00c7a\u011fda\u015f Sanat\u201c resim sergisi Cuma g\u00fcn\u00fc a\u00e7\u0131l\u0131yor - Kuzeyin Sesi","type":"rich","width":600,"height":338,"html":"<blockquote class=\"wp-embedded-content\" data-secret=\"acA6CDnode\"><a href=\"https:\/\/kuzeyinsesi.org\/index.php\/2024\/05\/21\/cagdas-sanat-resim-sergisi-cuma-gunu-aciliyor\/\">\u201c\u00c7a\u011fda\u015f Sanat\u201c resim sergisi Cuma g\u00fcn\u00fc a\u00e7\u0131l\u0131yor<\/a><\/blockquote><iframe sandbox=\"allow-scripts\" security=\"restricted\" src=\"https:\/\/kuzeyinsesi.org\/index.php\/2024\/05\/21\/cagdas-sanat-resim-sergisi-cuma-gunu-aciliyor\/embed\/#?secret=acA6CDnode\" width=\"600\" height=\"338\" title=\"&#8220;\u201c\u00c7a\u011fda\u015f Sanat\u201c resim sergisi Cuma g\u00fcn\u00fc a\u00e7\u0131l\u0131yor&#8221; &#8212; Kuzeyin Sesi\" data-secret=\"acA6CDnode\" frameborder=\"0\" marginwidth=\"0\" marginheight=\"0\" scrolling=\"no\" class=\"wp-embedded-content\"><\/iframe><script type=\"text\/javascript\">\n\/* <![CDATA[ *\/\n\/*! This file is auto-generated *\/\n!function(d,l){\"use strict\";l.querySelector&&d.addEventListener&&\"undefined\"!=typeof URL&&(d.wp=d.wp||{},d.wp.receiveEmbedMessage||(d.wp.receiveEmbedMessage=function(e){var t=e.data;if((t||t.secret||t.message||t.value)&&!\/[^a-zA-Z0-9]\/.test(t.secret)){for(var s,r,n,a=l.querySelectorAll('iframe[data-secret=\"'+t.secret+'\"]'),o=l.querySelectorAll('blockquote[data-secret=\"'+t.secret+'\"]'),c=new RegExp(\"^https?:$\",\"i\"),i=0;i<o.length;i++)o[i].style.display=\"none\";for(i=0;i<a.length;i++)s=a[i],e.source===s.contentWindow&&(s.removeAttribute(\"style\"),\"height\"===t.message?(1e3<(r=parseInt(t.value,10))?r=1e3:~~r<200&&(r=200),s.height=r):\"link\"===t.message&&(r=new URL(s.getAttribute(\"src\")),n=new URL(t.value),c.test(n.protocol))&&n.host===r.host&&l.activeElement===s&&(d.top.location.href=t.value))}},d.addEventListener(\"message\",d.wp.receiveEmbedMessage,!1),l.addEventListener(\"DOMContentLoaded\",function(){for(var e,t,s=l.querySelectorAll(\"iframe.wp-embedded-content\"),r=0;r<s.length;r++)(t=(e=s[r]).getAttribute(\"data-secret\"))||(t=Math.random().toString(36).substring(2,12),e.src+=\"#?secret=\"+t,e.setAttribute(\"data-secret\",t)),e.contentWindow.postMessage({message:\"ready\",secret:t},\"*\")},!1)))}(window,document);\n\/\/# sourceURL=https:\/\/kuzeyinsesi.org\/wp-includes\/js\/wp-embed.min.js\n\/* ]]> *\/\n<\/script>\n","thumbnail_url":"https:\/\/kuzeyinsesi.org\/wp-content\/uploads\/2024\/05\/Cagdas-Sanat-resim-sergisi-Cuma-gunu-aciliyor.webp.webp","thumbnail_width":971,"thumbnail_height":551,"description":"Ressam Salih Mustafa \u00c7izel\u2019in \u201c\u00c7a\u011fda\u015f Sanat\u201d isimli 39. ki\u015fisel resim sergisi, 24 May\u0131s Cuma g\u00fcn\u00fc a\u00e7\u0131l\u0131yor. \u00c7izel\u2019in verdi\u011fi bilgiye g\u00f6re, saat 18.00\u2019de Lefko\u015fa\u2019da R\u00fcstem Kitabevi sergi salonunda a\u00e7\u0131lacak serginin k\u00fcrat\u00f6rl\u00fc\u011f\u00fcn\u00fc Ahmet Sava\u015f Kale yapt\u0131. Sergi, 24 May\u0131s \u2013 7 Haziran tarihleri aras\u0131nda a\u00e7\u0131k olacak. Sergi hafta i\u00e7i ve cumartesi g\u00fcnlerinde saat 10.00-18.00 saatleri aras\u0131nda gezilebilecek. [&hellip;]"}