{"version":"1.0","provider_name":"Kuzeyin Sesi","provider_url":"https:\/\/kuzeyinsesi.org","author_name":"Kuzeyin Sesi","author_url":"https:\/\/kuzeyinsesi.org\/index.php\/author\/guven\/","title":"S\u00f6z isimli k\u0131sa filmin galas\u0131 cuma g\u00fcn\u00fc yap\u0131lacak - Kuzeyin Sesi","type":"rich","width":600,"height":338,"html":"<blockquote class=\"wp-embedded-content\" data-secret=\"uy4Ymhl5rA\"><a href=\"https:\/\/kuzeyinsesi.org\/index.php\/2024\/05\/20\/soz-isimli-kisa-filmin-galasi-cuma-gunu-yapilacak\/\">S\u00f6z isimli k\u0131sa filmin galas\u0131 cuma g\u00fcn\u00fc yap\u0131lacak<\/a><\/blockquote><iframe sandbox=\"allow-scripts\" security=\"restricted\" src=\"https:\/\/kuzeyinsesi.org\/index.php\/2024\/05\/20\/soz-isimli-kisa-filmin-galasi-cuma-gunu-yapilacak\/embed\/#?secret=uy4Ymhl5rA\" width=\"600\" height=\"338\" title=\"&#8220;S\u00f6z isimli k\u0131sa filmin galas\u0131 cuma g\u00fcn\u00fc yap\u0131lacak&#8221; &#8212; Kuzeyin Sesi\" data-secret=\"uy4Ymhl5rA\" frameborder=\"0\" marginwidth=\"0\" marginheight=\"0\" scrolling=\"no\" class=\"wp-embedded-content\"><\/iframe><script type=\"text\/javascript\">\n\/* <![CDATA[ *\/\n\/*! This file is auto-generated *\/\n!function(d,l){\"use strict\";l.querySelector&&d.addEventListener&&\"undefined\"!=typeof URL&&(d.wp=d.wp||{},d.wp.receiveEmbedMessage||(d.wp.receiveEmbedMessage=function(e){var t=e.data;if((t||t.secret||t.message||t.value)&&!\/[^a-zA-Z0-9]\/.test(t.secret)){for(var s,r,n,a=l.querySelectorAll('iframe[data-secret=\"'+t.secret+'\"]'),o=l.querySelectorAll('blockquote[data-secret=\"'+t.secret+'\"]'),c=new RegExp(\"^https?:$\",\"i\"),i=0;i<o.length;i++)o[i].style.display=\"none\";for(i=0;i<a.length;i++)s=a[i],e.source===s.contentWindow&&(s.removeAttribute(\"style\"),\"height\"===t.message?(1e3<(r=parseInt(t.value,10))?r=1e3:~~r<200&&(r=200),s.height=r):\"link\"===t.message&&(r=new URL(s.getAttribute(\"src\")),n=new URL(t.value),c.test(n.protocol))&&n.host===r.host&&l.activeElement===s&&(d.top.location.href=t.value))}},d.addEventListener(\"message\",d.wp.receiveEmbedMessage,!1),l.addEventListener(\"DOMContentLoaded\",function(){for(var e,t,s=l.querySelectorAll(\"iframe.wp-embedded-content\"),r=0;r<s.length;r++)(t=(e=s[r]).getAttribute(\"data-secret\"))||(t=Math.random().toString(36).substring(2,12),e.src+=\"#?secret=\"+t,e.setAttribute(\"data-secret\",t)),e.contentWindow.postMessage({message:\"ready\",secret:t},\"*\")},!1)))}(window,document);\n\/\/# sourceURL=https:\/\/kuzeyinsesi.org\/wp-includes\/js\/wp-embed.min.js\n\/* ]]> *\/\n<\/script>\n","thumbnail_url":"https:\/\/kuzeyinsesi.org\/wp-content\/uploads\/2024\/05\/sozzzzzzzzzzzzz.webp.webp","thumbnail_width":710,"thumbnail_height":370,"description":"\u00a0K\u0131br\u0131s T\u00fcrk Sinema Televizyon Derne\u011fi ve SineSmart Yap\u0131mc\u0131l\u0131k i\u015f birli\u011fi ile \u00e7ekilen S\u00f6z adl\u0131 k\u0131sa filmin galas\u0131 24 May\u0131s Cuma g\u00fcn\u00fc Lefko\u015fa Atat\u00fcrk K\u00fclt\u00fcr Merkezi\u2019nde (AKM) saat 19.00\u2019da yap\u0131lacak. \u00a0 Sinevizyon Derne\u011fi\u2019nden yap\u0131lan a\u00e7\u0131klamaya g\u00f6re \u00e7ekimlerine mart ay\u0131nda ba\u015flanan S\u00f6z adl\u0131 k\u0131sa film, 1974 senesinde G\u00fcney K\u0131br\u0131s\u2019taki evinden ayr\u0131lan bir K\u0131br\u0131sl\u0131 T\u00fcrk\u00fcn hikayesini anlat\u0131yor. A\u00e7\u0131klamaya [&hellip;]"}