{"version":"1.0","provider_name":"Kuzeyin Sesi","provider_url":"https:\/\/kuzeyinsesi.org","author_name":"Kuzeyin Sesi","author_url":"https:\/\/kuzeyinsesi.org\/index.php\/author\/guven\/","title":"\u2018\u2019Ma\u011fusa\u2019n\u0131n Flamingolar\u0131 Foto\u011fraf Yar\u0131\u015fmas\u0131\u201d sonu\u00e7land\u0131 - Kuzeyin Sesi","type":"rich","width":600,"height":338,"html":"<blockquote class=\"wp-embedded-content\" data-secret=\"2Se617JBQM\"><a href=\"https:\/\/kuzeyinsesi.org\/index.php\/2024\/05\/20\/magusanin-flamingolari-fotograf-yarismasi-sonuclandi\/\">\u2018\u2019Ma\u011fusa\u2019n\u0131n Flamingolar\u0131 Foto\u011fraf Yar\u0131\u015fmas\u0131\u201d sonu\u00e7land\u0131<\/a><\/blockquote><iframe sandbox=\"allow-scripts\" security=\"restricted\" src=\"https:\/\/kuzeyinsesi.org\/index.php\/2024\/05\/20\/magusanin-flamingolari-fotograf-yarismasi-sonuclandi\/embed\/#?secret=2Se617JBQM\" width=\"600\" height=\"338\" title=\"&#8220;\u2018\u2019Ma\u011fusa\u2019n\u0131n Flamingolar\u0131 Foto\u011fraf Yar\u0131\u015fmas\u0131\u201d sonu\u00e7land\u0131&#8221; &#8212; Kuzeyin Sesi\" data-secret=\"2Se617JBQM\" frameborder=\"0\" marginwidth=\"0\" marginheight=\"0\" scrolling=\"no\" class=\"wp-embedded-content\"><\/iframe><script type=\"text\/javascript\">\n\/* <![CDATA[ *\/\n\/*! This file is auto-generated *\/\n!function(d,l){\"use strict\";l.querySelector&&d.addEventListener&&\"undefined\"!=typeof URL&&(d.wp=d.wp||{},d.wp.receiveEmbedMessage||(d.wp.receiveEmbedMessage=function(e){var t=e.data;if((t||t.secret||t.message||t.value)&&!\/[^a-zA-Z0-9]\/.test(t.secret)){for(var s,r,n,a=l.querySelectorAll('iframe[data-secret=\"'+t.secret+'\"]'),o=l.querySelectorAll('blockquote[data-secret=\"'+t.secret+'\"]'),c=new RegExp(\"^https?:$\",\"i\"),i=0;i<o.length;i++)o[i].style.display=\"none\";for(i=0;i<a.length;i++)s=a[i],e.source===s.contentWindow&&(s.removeAttribute(\"style\"),\"height\"===t.message?(1e3<(r=parseInt(t.value,10))?r=1e3:~~r<200&&(r=200),s.height=r):\"link\"===t.message&&(r=new URL(s.getAttribute(\"src\")),n=new URL(t.value),c.test(n.protocol))&&n.host===r.host&&l.activeElement===s&&(d.top.location.href=t.value))}},d.addEventListener(\"message\",d.wp.receiveEmbedMessage,!1),l.addEventListener(\"DOMContentLoaded\",function(){for(var e,t,s=l.querySelectorAll(\"iframe.wp-embedded-content\"),r=0;r<s.length;r++)(t=(e=s[r]).getAttribute(\"data-secret\"))||(t=Math.random().toString(36).substring(2,12),e.src+=\"#?secret=\"+t,e.setAttribute(\"data-secret\",t)),e.contentWindow.postMessage({message:\"ready\",secret:t},\"*\")},!1)))}(window,document);\n\/\/# sourceURL=https:\/\/kuzeyinsesi.org\/wp-includes\/js\/wp-embed.min.js\n\/* ]]> *\/\n<\/script>\n","thumbnail_url":"https:\/\/kuzeyinsesi.org\/wp-content\/uploads\/2024\/05\/magusa-belediyesi-flamingolar-3-scaled.jpg","thumbnail_width":2560,"thumbnail_height":1706,"description":"Gazima\u011fusa Belediyesi\u2019nin d\u00fczenledi\u011fi \u201cMa\u011fusa\u2019n\u0131n Flamingolar\u0131 Foto\u011fraf Yar\u0131\u015fmas\u0131\u2019nda dereceye girenler belli oldu. Yar\u0131\u015fman\u0131n \u00f6d\u00fcl t\u00f6reni ve sergisi 3 Haziran Pazartesi g\u00fcn\u00fc saat 19.00\u2019da Gazima\u011fusa Bandabuliya\u2019da yer alacak. Belediyeden yap\u0131lan a\u00e7\u0131klamaya g\u00f6re, yar\u0131\u015fmada Gazima\u011fusa Belediyesi s\u0131n\u0131rlar\u0131 i\u00e7erisindeki sulak alanlarda bulunan Flamingolar\u0131n ya\u015famlar\u0131n\u0131 g\u00f6steren 104 eser ve foto\u011fraf yar\u0131\u015ft\u0131. Yrd. Do\u00e7. Dr. \u0130smail G\u00f6k\u00e7e (Foto\u011fraf Sanat\u00e7\u0131s\u0131\/Akademisyen), Kadir Kaba [&hellip;]"}