{"version":"1.0","provider_name":"Kuzeyin Sesi","provider_url":"https:\/\/kuzeyinsesi.org","author_name":"Kuzeyin Sesi","author_url":"https:\/\/kuzeyinsesi.org\/index.php\/author\/guven\/","title":"FODER\u2019in \u201dEngeli Ya\u015famak\u201d adl\u0131 foto\u011fraf a\u00e7\u0131ld\u0131 - Kuzeyin Sesi","type":"rich","width":600,"height":338,"html":"<blockquote class=\"wp-embedded-content\" data-secret=\"QKadjQ9p8R\"><a href=\"https:\/\/kuzeyinsesi.org\/index.php\/2024\/05\/19\/foderin-engeli-yasamak-adli-fotograf-acildi\/\">FODER\u2019in \u201dEngeli Ya\u015famak\u201d adl\u0131 foto\u011fraf a\u00e7\u0131ld\u0131<\/a><\/blockquote><iframe sandbox=\"allow-scripts\" security=\"restricted\" src=\"https:\/\/kuzeyinsesi.org\/index.php\/2024\/05\/19\/foderin-engeli-yasamak-adli-fotograf-acildi\/embed\/#?secret=QKadjQ9p8R\" width=\"600\" height=\"338\" title=\"&#8220;FODER\u2019in \u201dEngeli Ya\u015famak\u201d adl\u0131 foto\u011fraf a\u00e7\u0131ld\u0131&#8221; &#8212; Kuzeyin Sesi\" data-secret=\"QKadjQ9p8R\" frameborder=\"0\" marginwidth=\"0\" marginheight=\"0\" scrolling=\"no\" class=\"wp-embedded-content\"><\/iframe><script type=\"text\/javascript\">\n\/* <![CDATA[ *\/\n\/*! This file is auto-generated *\/\n!function(d,l){\"use strict\";l.querySelector&&d.addEventListener&&\"undefined\"!=typeof URL&&(d.wp=d.wp||{},d.wp.receiveEmbedMessage||(d.wp.receiveEmbedMessage=function(e){var t=e.data;if((t||t.secret||t.message||t.value)&&!\/[^a-zA-Z0-9]\/.test(t.secret)){for(var s,r,n,a=l.querySelectorAll('iframe[data-secret=\"'+t.secret+'\"]'),o=l.querySelectorAll('blockquote[data-secret=\"'+t.secret+'\"]'),c=new RegExp(\"^https?:$\",\"i\"),i=0;i<o.length;i++)o[i].style.display=\"none\";for(i=0;i<a.length;i++)s=a[i],e.source===s.contentWindow&&(s.removeAttribute(\"style\"),\"height\"===t.message?(1e3<(r=parseInt(t.value,10))?r=1e3:~~r<200&&(r=200),s.height=r):\"link\"===t.message&&(r=new URL(s.getAttribute(\"src\")),n=new URL(t.value),c.test(n.protocol))&&n.host===r.host&&l.activeElement===s&&(d.top.location.href=t.value))}},d.addEventListener(\"message\",d.wp.receiveEmbedMessage,!1),l.addEventListener(\"DOMContentLoaded\",function(){for(var e,t,s=l.querySelectorAll(\"iframe.wp-embedded-content\"),r=0;r<s.length;r++)(t=(e=s[r]).getAttribute(\"data-secret\"))||(t=Math.random().toString(36).substring(2,12),e.src+=\"#?secret=\"+t,e.setAttribute(\"data-secret\",t)),e.contentWindow.postMessage({message:\"ready\",secret:t},\"*\")},!1)))}(window,document);\n\/\/# sourceURL=https:\/\/kuzeyinsesi.org\/wp-includes\/js\/wp-embed.min.js\n\/* ]]> *\/\n<\/script>\n","thumbnail_url":"https:\/\/kuzeyinsesi.org\/wp-content\/uploads\/2024\/05\/foder-sergi-8-1.jpg","thumbnail_width":1620,"thumbnail_height":1080,"description":"K\u0131br\u0131s T\u00fcrk Foto\u011fraf Derne\u011fi (FODER) taraf\u0131ndan \u0130smail G\u00f6k\u00e7e\u2019nin k\u00fcrat\u00f6rl\u00fc\u011f\u00fcnde d\u00fczenlenen \u201cEngeli Ya\u015famak\u201d foto\u011fraf sergisi a\u00e7\u0131ld\u0131. FODER\u2019den yap\u0131lan a\u00e7\u0131klamaya g\u00f6re, Cumhurba\u015fkan\u0131 Ersin Tatar\u2019\u0131n e\u015fi Sibel Tatar \u00f6nc\u00fcl\u00fc\u011f\u00fcnde d\u00fczenlenen tek g\u00fcnl\u00fck Engelli Haklar\u0131 \u00c7al\u0131\u015ftay\u0131,uzmanlar\u0131n, engelli derneklerinin, engelli vatanda\u015flar\u0131n ve ilgililerin kat\u0131l\u0131m\u0131yla ger\u00e7ekle\u015fti. \u00c7al\u0131\u015ftay\u2019da K\u0131br\u0131s T\u00fcrk Foto\u011fraf Derne\u011fi (FODER) taraf\u0131ndan \u0130smail G\u00f6k\u00e7e\u2019nin k\u00fcrat\u00f6rl\u00fc\u011f\u00fcnde d\u00fczenlenen \u201cEngeli Ya\u015famak\u201d foto\u011fraf sergisi [&hellip;]"}