{"version":"1.0","provider_name":"Kuzeyin Sesi","provider_url":"https:\/\/kuzeyinsesi.org","author_name":"Kuzeyin Sesi","author_url":"https:\/\/kuzeyinsesi.org\/index.php\/author\/guven\/","title":"Ceviz Festivali 2 Haziran\u2019da yap\u0131l\u0131yor - Kuzeyin Sesi","type":"rich","width":600,"height":338,"html":"<blockquote class=\"wp-embedded-content\" data-secret=\"YweDYovr6Z\"><a href=\"https:\/\/kuzeyinsesi.org\/index.php\/2024\/05\/17\/ceviz-festivali-2-haziranda-yapiliyor\/\">Ceviz Festivali 2 Haziran\u2019da yap\u0131l\u0131yor<\/a><\/blockquote><iframe sandbox=\"allow-scripts\" security=\"restricted\" src=\"https:\/\/kuzeyinsesi.org\/index.php\/2024\/05\/17\/ceviz-festivali-2-haziranda-yapiliyor\/embed\/#?secret=YweDYovr6Z\" width=\"600\" height=\"338\" title=\"&#8220;Ceviz Festivali 2 Haziran\u2019da yap\u0131l\u0131yor&#8221; &#8212; Kuzeyin Sesi\" data-secret=\"YweDYovr6Z\" frameborder=\"0\" marginwidth=\"0\" marginheight=\"0\" scrolling=\"no\" class=\"wp-embedded-content\"><\/iframe><script type=\"text\/javascript\">\n\/* <![CDATA[ *\/\n\/*! This file is auto-generated *\/\n!function(d,l){\"use strict\";l.querySelector&&d.addEventListener&&\"undefined\"!=typeof URL&&(d.wp=d.wp||{},d.wp.receiveEmbedMessage||(d.wp.receiveEmbedMessage=function(e){var t=e.data;if((t||t.secret||t.message||t.value)&&!\/[^a-zA-Z0-9]\/.test(t.secret)){for(var s,r,n,a=l.querySelectorAll('iframe[data-secret=\"'+t.secret+'\"]'),o=l.querySelectorAll('blockquote[data-secret=\"'+t.secret+'\"]'),c=new RegExp(\"^https?:$\",\"i\"),i=0;i<o.length;i++)o[i].style.display=\"none\";for(i=0;i<a.length;i++)s=a[i],e.source===s.contentWindow&&(s.removeAttribute(\"style\"),\"height\"===t.message?(1e3<(r=parseInt(t.value,10))?r=1e3:~~r<200&&(r=200),s.height=r):\"link\"===t.message&&(r=new URL(s.getAttribute(\"src\")),n=new URL(t.value),c.test(n.protocol))&&n.host===r.host&&l.activeElement===s&&(d.top.location.href=t.value))}},d.addEventListener(\"message\",d.wp.receiveEmbedMessage,!1),l.addEventListener(\"DOMContentLoaded\",function(){for(var e,t,s=l.querySelectorAll(\"iframe.wp-embedded-content\"),r=0;r<s.length;r++)(t=(e=s[r]).getAttribute(\"data-secret\"))||(t=Math.random().toString(36).substring(2,12),e.src+=\"#?secret=\"+t,e.setAttribute(\"data-secret\",t)),e.contentWindow.postMessage({message:\"ready\",secret:t},\"*\")},!1)))}(window,document);\n\/\/# sourceURL=https:\/\/kuzeyinsesi.org\/wp-includes\/js\/wp-embed.min.js\n\/* ]]> *\/\n<\/script>\n","thumbnail_url":"https:\/\/kuzeyinsesi.org\/wp-content\/uploads\/2024\/05\/emr-lefke-festival.jpeg","thumbnail_width":1080,"thumbnail_height":1080,"description":"14. Lefke Ceviz Festivali, 2 Haziran Pazar g\u00fcn\u00fc yap\u0131l\u0131yor. Lefke Belediyesi\u2019nin Lefke Turizm Derne\u011fi ile i\u015fbirli\u011finde d\u00fczenledi\u011fi festival saat 10.00\u2019da ba\u015flayacak. Lefke \u00c7ar\u015f\u0131 Merkezi\u2019nde yap\u0131lacak festival \u00e7er\u00e7evesinde d\u00fczenlenen etkinlikler 20.00\u2019ye kadar s\u00fcrecek. \u00dcretimi ve \u00fcreticiyi desteklemek amac\u0131yla organize edilen festivalde g\u00f6steriler ve \u00e7ok say\u0131da aktivite olacak. Kurulacak stantarda ceviz ve ceviz macunu gibi \u00e7e\u015fitli \u00fcr\u00fcn [&hellip;]"}