{"version":"1.0","provider_name":"Kuzeyin Sesi","provider_url":"https:\/\/kuzeyinsesi.org","author_name":"Kuzeyin Sesi","author_url":"https:\/\/kuzeyinsesi.org\/index.php\/author\/guven\/","title":"DA\u00dc 26\u2019nc\u0131 Bahar Festivali ba\u015flad\u0131 - Kuzeyin Sesi","type":"rich","width":600,"height":338,"html":"<blockquote class=\"wp-embedded-content\" data-secret=\"z57OpUgx6H\"><a href=\"https:\/\/kuzeyinsesi.org\/index.php\/2024\/05\/16\/dau-26nci-bahar-festivali-basladi\/\">DA\u00dc 26\u2019nc\u0131 Bahar Festivali ba\u015flad\u0131<\/a><\/blockquote><iframe sandbox=\"allow-scripts\" security=\"restricted\" src=\"https:\/\/kuzeyinsesi.org\/index.php\/2024\/05\/16\/dau-26nci-bahar-festivali-basladi\/embed\/#?secret=z57OpUgx6H\" width=\"600\" height=\"338\" title=\"&#8220;DA\u00dc 26\u2019nc\u0131 Bahar Festivali ba\u015flad\u0131&#8221; &#8212; Kuzeyin Sesi\" data-secret=\"z57OpUgx6H\" frameborder=\"0\" marginwidth=\"0\" marginheight=\"0\" scrolling=\"no\" class=\"wp-embedded-content\"><\/iframe><script type=\"text\/javascript\">\n\/* <![CDATA[ *\/\n\/*! This file is auto-generated *\/\n!function(d,l){\"use strict\";l.querySelector&&d.addEventListener&&\"undefined\"!=typeof URL&&(d.wp=d.wp||{},d.wp.receiveEmbedMessage||(d.wp.receiveEmbedMessage=function(e){var t=e.data;if((t||t.secret||t.message||t.value)&&!\/[^a-zA-Z0-9]\/.test(t.secret)){for(var s,r,n,a=l.querySelectorAll('iframe[data-secret=\"'+t.secret+'\"]'),o=l.querySelectorAll('blockquote[data-secret=\"'+t.secret+'\"]'),c=new RegExp(\"^https?:$\",\"i\"),i=0;i<o.length;i++)o[i].style.display=\"none\";for(i=0;i<a.length;i++)s=a[i],e.source===s.contentWindow&&(s.removeAttribute(\"style\"),\"height\"===t.message?(1e3<(r=parseInt(t.value,10))?r=1e3:~~r<200&&(r=200),s.height=r):\"link\"===t.message&&(r=new URL(s.getAttribute(\"src\")),n=new URL(t.value),c.test(n.protocol))&&n.host===r.host&&l.activeElement===s&&(d.top.location.href=t.value))}},d.addEventListener(\"message\",d.wp.receiveEmbedMessage,!1),l.addEventListener(\"DOMContentLoaded\",function(){for(var e,t,s=l.querySelectorAll(\"iframe.wp-embedded-content\"),r=0;r<s.length;r++)(t=(e=s[r]).getAttribute(\"data-secret\"))||(t=Math.random().toString(36).substring(2,12),e.src+=\"#?secret=\"+t,e.setAttribute(\"data-secret\",t)),e.contentWindow.postMessage({message:\"ready\",secret:t},\"*\")},!1)))}(window,document);\n\/\/# sourceURL=https:\/\/kuzeyinsesi.org\/wp-includes\/js\/wp-embed.min.js\n\/* ]]> *\/\n<\/script>\n","thumbnail_url":"https:\/\/kuzeyinsesi.org\/wp-content\/uploads\/2024\/05\/cea1c258-fd27-484f-92a8-b05f7b41064buu.jpg","thumbnail_width":1600,"thumbnail_height":949,"description":"26. Do\u011fu Akdeniz \u00dcniversitesi (DA\u00dc) Bahar Festivali\u2019nin a\u00e7\u0131l\u0131\u015f\u0131 d\u00fcn ger\u00e7ekle\u015ftirildi. Festival kortej y\u00fcr\u00fcy\u00fc\u015f\u00fcyle ba\u015flad\u0131. Kortejin ard\u0131ndan festivalin a\u00e7\u0131l\u0131\u015f\u0131 ger\u00e7ekle\u015ftirildi. A\u00e7\u0131l\u0131\u015fta konu\u015fan Rekt\u00f6r Yard\u0131mc\u0131lar\u0131 Prof.Dr.Sonu\u00e7 Zorlu ve Prof.Dr.Ali \u00d6zt\u00fcren, \u00f6\u011frencilere keyifle ge\u00e7irecekleri bir bahar festivali program\u0131 haz\u0131rlad\u0131klar\u0131n\u0131 belirttiler. Festivalin a\u00e7\u0131l\u0131\u015f konserini ise T\u00fcrkiye\u2019nin sevilen sanat\u00e7\u0131s\u0131 Sefo yapt\u0131. Bir\u00e7ok aktivitenin yer alaca\u011f\u0131 festival, 18 May\u0131s Cumartesi g\u00fcn\u00fcne [&hellip;]"}