{"version":"1.0","provider_name":"Kuzeyin Sesi","provider_url":"https:\/\/kuzeyinsesi.org","author_name":"Kuzeyin Sesi","author_url":"https:\/\/kuzeyinsesi.org\/index.php\/author\/guven\/","title":"KSTU soru\u015fturmas\u0131:S.G. hakk\u0131nda 3 ay daha tutukluluk - Kuzeyin Sesi","type":"rich","width":600,"height":338,"html":"<blockquote class=\"wp-embedded-content\" data-secret=\"jlzMM4aytH\"><a href=\"https:\/\/kuzeyinsesi.org\/index.php\/2024\/05\/09\/kstu-sorusturmasis-g-hakkinda-3-ay-daha-tutukluluk\/\">KSTU soru\u015fturmas\u0131:S.G. hakk\u0131nda 3 ay daha tutukluluk<\/a><\/blockquote><iframe sandbox=\"allow-scripts\" security=\"restricted\" src=\"https:\/\/kuzeyinsesi.org\/index.php\/2024\/05\/09\/kstu-sorusturmasis-g-hakkinda-3-ay-daha-tutukluluk\/embed\/#?secret=jlzMM4aytH\" width=\"600\" height=\"338\" title=\"&#8220;KSTU soru\u015fturmas\u0131:S.G. hakk\u0131nda 3 ay daha tutukluluk&#8221; &#8212; Kuzeyin Sesi\" data-secret=\"jlzMM4aytH\" frameborder=\"0\" marginwidth=\"0\" marginheight=\"0\" scrolling=\"no\" class=\"wp-embedded-content\"><\/iframe><script type=\"text\/javascript\">\n\/* <![CDATA[ *\/\n\/*! This file is auto-generated *\/\n!function(d,l){\"use strict\";l.querySelector&&d.addEventListener&&\"undefined\"!=typeof URL&&(d.wp=d.wp||{},d.wp.receiveEmbedMessage||(d.wp.receiveEmbedMessage=function(e){var t=e.data;if((t||t.secret||t.message||t.value)&&!\/[^a-zA-Z0-9]\/.test(t.secret)){for(var s,r,n,a=l.querySelectorAll('iframe[data-secret=\"'+t.secret+'\"]'),o=l.querySelectorAll('blockquote[data-secret=\"'+t.secret+'\"]'),c=new RegExp(\"^https?:$\",\"i\"),i=0;i<o.length;i++)o[i].style.display=\"none\";for(i=0;i<a.length;i++)s=a[i],e.source===s.contentWindow&&(s.removeAttribute(\"style\"),\"height\"===t.message?(1e3<(r=parseInt(t.value,10))?r=1e3:~~r<200&&(r=200),s.height=r):\"link\"===t.message&&(r=new URL(s.getAttribute(\"src\")),n=new URL(t.value),c.test(n.protocol))&&n.host===r.host&&l.activeElement===s&&(d.top.location.href=t.value))}},d.addEventListener(\"message\",d.wp.receiveEmbedMessage,!1),l.addEventListener(\"DOMContentLoaded\",function(){for(var e,t,s=l.querySelectorAll(\"iframe.wp-embedded-content\"),r=0;r<s.length;r++)(t=(e=s[r]).getAttribute(\"data-secret\"))||(t=Math.random().toString(36).substring(2,12),e.src+=\"#?secret=\"+t,e.setAttribute(\"data-secret\",t)),e.contentWindow.postMessage({message:\"ready\",secret:t},\"*\")},!1)))}(window,document);\n\/\/# sourceURL=https:\/\/kuzeyinsesi.org\/wp-includes\/js\/wp-embed.min.js\n\/* ]]> *\/\n<\/script>\n","thumbnail_url":"https:\/\/kuzeyinsesi.org\/wp-content\/uploads\/2024\/05\/zanli-s-g-tutuklu1.jpg","thumbnail_width":750,"thumbnail_height":676,"description":"Polis Genel M\u00fcd\u00fcrl\u00fc\u011f\u00fc Mali Su\u00e7larla M\u00fccadele \u015eube Amirli\u011fi taraf\u0131ndan G\u00fczelyurt\u2019taki K\u0131br\u0131s Sa\u011fl\u0131k ve Toplum Bilimleri \u00dcniversitesi\u2019nde (KSTU) y\u00fcr\u00fct\u00fclen soru\u015fturma kapsam\u0131nda tutuklanarak iki ay s\u00fcreyle cezaevine g\u00f6nderilen okulun direkt\u00f6r\u00fc ve hissedarlar\u0131ndan S.G., bug\u00fcn yeniden G\u00fczelyurt Kaza Mahkemesi\u2019ne \u00e7\u0131kar\u0131ld\u0131. Tutukluluk s\u00fcresi doldu\u011fu i\u00e7in mahkemeye \u00e7\u0131kar\u0131lan S.G\u2019nin h\u00fck\u00fcms\u00fcz tutuklu olarak \u00fc\u00e7 ay daha cezaevine g\u00f6nderilmesine karar verildi. Mahkemede [&hellip;]"}