{"version":"1.0","provider_name":"Kuzeyin Sesi","provider_url":"https:\/\/kuzeyinsesi.org","author_name":"Kuzeyin Sesi","author_url":"https:\/\/kuzeyinsesi.org\/index.php\/author\/guven\/","title":"Kay\u0131p \u015eehit Fuat Niyazi, pazar g\u00fcn\u00fc defnediliyor - Kuzeyin Sesi","type":"rich","width":600,"height":338,"html":"<blockquote class=\"wp-embedded-content\" data-secret=\"v183hnqn17\"><a href=\"https:\/\/kuzeyinsesi.org\/index.php\/2024\/05\/09\/kayip-sehit-fuat-niyazi-pazar-gunu-defnediliyor\/\">Kay\u0131p \u015eehit Fuat Niyazi, pazar g\u00fcn\u00fc defnediliyor<\/a><\/blockquote><iframe sandbox=\"allow-scripts\" security=\"restricted\" src=\"https:\/\/kuzeyinsesi.org\/index.php\/2024\/05\/09\/kayip-sehit-fuat-niyazi-pazar-gunu-defnediliyor\/embed\/#?secret=v183hnqn17\" width=\"600\" height=\"338\" title=\"&#8220;Kay\u0131p \u015eehit Fuat Niyazi, pazar g\u00fcn\u00fc defnediliyor&#8221; &#8212; Kuzeyin Sesi\" data-secret=\"v183hnqn17\" frameborder=\"0\" marginwidth=\"0\" marginheight=\"0\" scrolling=\"no\" class=\"wp-embedded-content\"><\/iframe><script type=\"text\/javascript\">\n\/* <![CDATA[ *\/\n\/*! This file is auto-generated *\/\n!function(d,l){\"use strict\";l.querySelector&&d.addEventListener&&\"undefined\"!=typeof URL&&(d.wp=d.wp||{},d.wp.receiveEmbedMessage||(d.wp.receiveEmbedMessage=function(e){var t=e.data;if((t||t.secret||t.message||t.value)&&!\/[^a-zA-Z0-9]\/.test(t.secret)){for(var s,r,n,a=l.querySelectorAll('iframe[data-secret=\"'+t.secret+'\"]'),o=l.querySelectorAll('blockquote[data-secret=\"'+t.secret+'\"]'),c=new RegExp(\"^https?:$\",\"i\"),i=0;i<o.length;i++)o[i].style.display=\"none\";for(i=0;i<a.length;i++)s=a[i],e.source===s.contentWindow&&(s.removeAttribute(\"style\"),\"height\"===t.message?(1e3<(r=parseInt(t.value,10))?r=1e3:~~r<200&&(r=200),s.height=r):\"link\"===t.message&&(r=new URL(s.getAttribute(\"src\")),n=new URL(t.value),c.test(n.protocol))&&n.host===r.host&&l.activeElement===s&&(d.top.location.href=t.value))}},d.addEventListener(\"message\",d.wp.receiveEmbedMessage,!1),l.addEventListener(\"DOMContentLoaded\",function(){for(var e,t,s=l.querySelectorAll(\"iframe.wp-embedded-content\"),r=0;r<s.length;r++)(t=(e=s[r]).getAttribute(\"data-secret\"))||(t=Math.random().toString(36).substring(2,12),e.src+=\"#?secret=\"+t,e.setAttribute(\"data-secret\",t)),e.contentWindow.postMessage({message:\"ready\",secret:t},\"*\")},!1)))}(window,document);\n\/\/# sourceURL=https:\/\/kuzeyinsesi.org\/wp-includes\/js\/wp-embed.min.js\n\/* ]]> *\/\n<\/script>\n","thumbnail_url":"https:\/\/kuzeyinsesi.org\/wp-content\/uploads\/2024\/05\/fuat-niyazi.jpg","thumbnail_width":620,"thumbnail_height":350,"description":"Kay\u0131p \u015eah\u0131slar Komitesi\u2019nin kaz\u0131lar\u0131yla bulunan kay\u0131p \u015eehit Fuat Niyazi\u2019nin naa\u015f\u0131, pazar g\u00fcn\u00fc askeri t\u00f6renle defnediliyor. Lefko\u015fa Kaymakaml\u0131\u011f\u0131\u2019n\u0131n a\u00e7\u0131klamas\u0131na g\u00f6re, Kay\u0131p \u015eah\u0131slar Komitesi\u2019nin Larnaka\u2019ya ba\u011fl\u0131 Truilli k\u00f6y\u00fcndeki kaz\u0131s\u0131nda bulunan ve kimlik tespiti tamamlanan 1963 kay\u0131plar\u0131ndan \u015eehit Fuat Niyazi\u2019nin naa\u015f\u0131, saat 10.00\u2019da Lefko\u015fa Mezarl\u0131\u011f\u0131\u2019nda yer alan Ortak\u00f6y \u015eehitli\u011fi\u2019nde k\u0131l\u0131nacak cenaze namaz\u0131n\u0131n ard\u0131ndan askeri t\u00f6renle \u015fehitli\u011fe defnedilecek."}