{"version":"1.0","provider_name":"Kuzeyin Sesi","provider_url":"https:\/\/kuzeyinsesi.org","author_name":"Kuzeyin Sesi","author_url":"https:\/\/kuzeyinsesi.org\/index.php\/author\/guven\/","title":"T\u0130KA&#039;dan Pakistan&#039;da arama kurtarma e\u011fitimi - Kuzeyin Sesi","type":"rich","width":600,"height":338,"html":"<blockquote class=\"wp-embedded-content\" data-secret=\"CWSLb8PrPQ\"><a href=\"https:\/\/kuzeyinsesi.org\/index.php\/2024\/05\/07\/tikadan-pakistanda-arama-kurtarma-egitimi\/\">T\u0130KA&#039;dan Pakistan&#039;da arama kurtarma e\u011fitimi<\/a><\/blockquote><iframe sandbox=\"allow-scripts\" security=\"restricted\" src=\"https:\/\/kuzeyinsesi.org\/index.php\/2024\/05\/07\/tikadan-pakistanda-arama-kurtarma-egitimi\/embed\/#?secret=CWSLb8PrPQ\" width=\"600\" height=\"338\" title=\"&#8220;T\u0130KA&#039;dan Pakistan&#039;da arama kurtarma e\u011fitimi&#8221; &#8212; Kuzeyin Sesi\" data-secret=\"CWSLb8PrPQ\" frameborder=\"0\" marginwidth=\"0\" marginheight=\"0\" scrolling=\"no\" class=\"wp-embedded-content\"><\/iframe><script type=\"text\/javascript\">\n\/* <![CDATA[ *\/\n\/*! This file is auto-generated *\/\n!function(d,l){\"use strict\";l.querySelector&&d.addEventListener&&\"undefined\"!=typeof URL&&(d.wp=d.wp||{},d.wp.receiveEmbedMessage||(d.wp.receiveEmbedMessage=function(e){var t=e.data;if((t||t.secret||t.message||t.value)&&!\/[^a-zA-Z0-9]\/.test(t.secret)){for(var s,r,n,a=l.querySelectorAll('iframe[data-secret=\"'+t.secret+'\"]'),o=l.querySelectorAll('blockquote[data-secret=\"'+t.secret+'\"]'),c=new RegExp(\"^https?:$\",\"i\"),i=0;i<o.length;i++)o[i].style.display=\"none\";for(i=0;i<a.length;i++)s=a[i],e.source===s.contentWindow&&(s.removeAttribute(\"style\"),\"height\"===t.message?(1e3<(r=parseInt(t.value,10))?r=1e3:~~r<200&&(r=200),s.height=r):\"link\"===t.message&&(r=new URL(s.getAttribute(\"src\")),n=new URL(t.value),c.test(n.protocol))&&n.host===r.host&&l.activeElement===s&&(d.top.location.href=t.value))}},d.addEventListener(\"message\",d.wp.receiveEmbedMessage,!1),l.addEventListener(\"DOMContentLoaded\",function(){for(var e,t,s=l.querySelectorAll(\"iframe.wp-embedded-content\"),r=0;r<s.length;r++)(t=(e=s[r]).getAttribute(\"data-secret\"))||(t=Math.random().toString(36).substring(2,12),e.src+=\"#?secret=\"+t,e.setAttribute(\"data-secret\",t)),e.contentWindow.postMessage({message:\"ready\",secret:t},\"*\")},!1)))}(window,document);\n\/\/# sourceURL=https:\/\/kuzeyinsesi.org\/wp-includes\/js\/wp-embed.min.js\n\/* ]]> *\/\n<\/script>\n","thumbnail_url":"https:\/\/kuzeyinsesi.org\/wp-content\/uploads\/2024\/05\/turkiye-pakistan-bayragi-getty-1495844.jpg","thumbnail_width":1280,"thumbnail_height":720,"description":"&#13; T\u0130KA&#8217;dan yap\u0131lan yaz\u0131l\u0131 a\u00e7\u0131klamada, Tharparkar b\u00f6lgesindeki Karoonjhar da\u011flar\u0131nda bir hafta s\u00fcren e\u011fitim, Kara\u00e7i&#8217;de Sindh \u0130zciler Birli\u011fi Merkezi&#8217;nde d\u00fczenlenen kapan\u0131\u015f ve sertifika da\u011f\u0131t\u0131m program\u0131yla sona erdi. &#13; Kapan\u0131\u015f t\u00f6renine, e\u011fitime kat\u0131lan Sindh \u0130zciler Birli\u011fi ve Alkhidmat Vakf\u0131 arama kurtarma g\u00f6n\u00fcll\u00fclerinin yan\u0131 s\u0131ra T\u00fcrkiye&#8217;nin Kara\u00e7i Ba\u015fkonsolosu Cemal Sangu, Sindh H\u00fck\u00fcmeti eski Ba\u015fsekreteri ve Sindh \u0130zcileri Eyalet [&hellip;]"}