{"version":"1.0","provider_name":"Kuzeyin Sesi","provider_url":"https:\/\/kuzeyinsesi.org","author_name":"Kuzeyin Sesi","author_url":"https:\/\/kuzeyinsesi.org\/index.php\/author\/guven\/","title":"Mesleki E\u011fitim ve Yerli \u00dcr\u00fcnler Fuar\u0131 a\u00e7\u0131ld\u0131 - Kuzeyin Sesi","type":"rich","width":600,"height":338,"html":"<blockquote class=\"wp-embedded-content\" data-secret=\"bff2pIdIWg\"><a href=\"https:\/\/kuzeyinsesi.org\/index.php\/2024\/05\/07\/mesleki-egitim-ve-yerli-urunler-fuari-acildi\/\">Mesleki E\u011fitim ve Yerli \u00dcr\u00fcnler Fuar\u0131 a\u00e7\u0131ld\u0131<\/a><\/blockquote><iframe sandbox=\"allow-scripts\" security=\"restricted\" src=\"https:\/\/kuzeyinsesi.org\/index.php\/2024\/05\/07\/mesleki-egitim-ve-yerli-urunler-fuari-acildi\/embed\/#?secret=bff2pIdIWg\" width=\"600\" height=\"338\" title=\"&#8220;Mesleki E\u011fitim ve Yerli \u00dcr\u00fcnler Fuar\u0131 a\u00e7\u0131ld\u0131&#8221; &#8212; Kuzeyin Sesi\" data-secret=\"bff2pIdIWg\" frameborder=\"0\" marginwidth=\"0\" marginheight=\"0\" scrolling=\"no\" class=\"wp-embedded-content\"><\/iframe><script type=\"text\/javascript\">\n\/* <![CDATA[ *\/\n\/*! This file is auto-generated *\/\n!function(d,l){\"use strict\";l.querySelector&&d.addEventListener&&\"undefined\"!=typeof URL&&(d.wp=d.wp||{},d.wp.receiveEmbedMessage||(d.wp.receiveEmbedMessage=function(e){var t=e.data;if((t||t.secret||t.message||t.value)&&!\/[^a-zA-Z0-9]\/.test(t.secret)){for(var s,r,n,a=l.querySelectorAll('iframe[data-secret=\"'+t.secret+'\"]'),o=l.querySelectorAll('blockquote[data-secret=\"'+t.secret+'\"]'),c=new RegExp(\"^https?:$\",\"i\"),i=0;i<o.length;i++)o[i].style.display=\"none\";for(i=0;i<a.length;i++)s=a[i],e.source===s.contentWindow&&(s.removeAttribute(\"style\"),\"height\"===t.message?(1e3<(r=parseInt(t.value,10))?r=1e3:~~r<200&&(r=200),s.height=r):\"link\"===t.message&&(r=new URL(s.getAttribute(\"src\")),n=new URL(t.value),c.test(n.protocol))&&n.host===r.host&&l.activeElement===s&&(d.top.location.href=t.value))}},d.addEventListener(\"message\",d.wp.receiveEmbedMessage,!1),l.addEventListener(\"DOMContentLoaded\",function(){for(var e,t,s=l.querySelectorAll(\"iframe.wp-embedded-content\"),r=0;r<s.length;r++)(t=(e=s[r]).getAttribute(\"data-secret\"))||(t=Math.random().toString(36).substring(2,12),e.src+=\"#?secret=\"+t,e.setAttribute(\"data-secret\",t)),e.contentWindow.postMessage({message:\"ready\",secret:t},\"*\")},!1)))}(window,document);\n\/\/# sourceURL=https:\/\/kuzeyinsesi.org\/wp-includes\/js\/wp-embed.min.js\n\/* ]]> *\/\n<\/script>\n","thumbnail_url":"https:\/\/kuzeyinsesi.org\/wp-content\/uploads\/2024\/05\/2-mesleki-egitim-ve-yuerli-urunler-fuari-ero-7-.jpeg","thumbnail_width":1599,"thumbnail_height":1066,"description":"Mesleki E\u011fitim ve Yerli \u00dcr\u00fcnler Fuar\u0131 a\u00e7\u0131ld\u0131. Bu y\u0131l ikincisi ger\u00e7ekle\u015ftirilen fuar\u0131n resmi a\u00e7\u0131l\u0131\u015f t\u00f6reni Lefko\u015fa Fuar Alan\u0131\u2019nda bulunan Evlendirme Dairesi\u2019nde yap\u0131ld\u0131. T\u00f6rene Cumhurba\u015fkan\u0131 Ersin Tatar, Cumhuriyet Meclisi Ba\u015fkan\u0131 Zorlu T\u00f6re, Ba\u015fbakan \u00dcnal \u00dcstel, Cumhuriyet\u00e7i T\u00fcrk Partisi Ba\u015fkan\u0131 Tufan Erh\u00fcrman, bakanlar, Milli E\u011fitim ve K\u00fclt\u00fcr Bakanl\u0131\u011f\u0131 yetkilileri ve sivil toplum \u00f6rg\u00fct\u00fc temsilcileri kat\u0131ld\u0131. Mill\u00ee E\u011fitim [&hellip;]"}