{"version":"1.0","provider_name":"Kuzeyin Sesi","provider_url":"https:\/\/kuzeyinsesi.org","author_name":"Kuzeyin Sesi","author_url":"https:\/\/kuzeyinsesi.org\/index.php\/author\/guven\/","title":"Cumhurba\u015fkan\u0131 Tatar yar\u0131n Holguin\u2019i kabul edecek - Kuzeyin Sesi","type":"rich","width":600,"height":338,"html":"<blockquote class=\"wp-embedded-content\" data-secret=\"TzPpQQcmoj\"><a href=\"https:\/\/kuzeyinsesi.org\/index.php\/2024\/05\/07\/cumhurbaskani-tatar-yarin-holguini-kabul-edecek\/\">Cumhurba\u015fkan\u0131 Tatar yar\u0131n Holguin\u2019i kabul edecek<\/a><\/blockquote><iframe sandbox=\"allow-scripts\" security=\"restricted\" src=\"https:\/\/kuzeyinsesi.org\/index.php\/2024\/05\/07\/cumhurbaskani-tatar-yarin-holguini-kabul-edecek\/embed\/#?secret=TzPpQQcmoj\" width=\"600\" height=\"338\" title=\"&#8220;Cumhurba\u015fkan\u0131 Tatar yar\u0131n Holguin\u2019i kabul edecek&#8221; &#8212; Kuzeyin Sesi\" data-secret=\"TzPpQQcmoj\" frameborder=\"0\" marginwidth=\"0\" marginheight=\"0\" scrolling=\"no\" class=\"wp-embedded-content\"><\/iframe><script type=\"text\/javascript\">\n\/* <![CDATA[ *\/\n\/*! This file is auto-generated *\/\n!function(d,l){\"use strict\";l.querySelector&&d.addEventListener&&\"undefined\"!=typeof URL&&(d.wp=d.wp||{},d.wp.receiveEmbedMessage||(d.wp.receiveEmbedMessage=function(e){var t=e.data;if((t||t.secret||t.message||t.value)&&!\/[^a-zA-Z0-9]\/.test(t.secret)){for(var s,r,n,a=l.querySelectorAll('iframe[data-secret=\"'+t.secret+'\"]'),o=l.querySelectorAll('blockquote[data-secret=\"'+t.secret+'\"]'),c=new RegExp(\"^https?:$\",\"i\"),i=0;i<o.length;i++)o[i].style.display=\"none\";for(i=0;i<a.length;i++)s=a[i],e.source===s.contentWindow&&(s.removeAttribute(\"style\"),\"height\"===t.message?(1e3<(r=parseInt(t.value,10))?r=1e3:~~r<200&&(r=200),s.height=r):\"link\"===t.message&&(r=new URL(s.getAttribute(\"src\")),n=new URL(t.value),c.test(n.protocol))&&n.host===r.host&&l.activeElement===s&&(d.top.location.href=t.value))}},d.addEventListener(\"message\",d.wp.receiveEmbedMessage,!1),l.addEventListener(\"DOMContentLoaded\",function(){for(var e,t,s=l.querySelectorAll(\"iframe.wp-embedded-content\"),r=0;r<s.length;r++)(t=(e=s[r]).getAttribute(\"data-secret\"))||(t=Math.random().toString(36).substring(2,12),e.src+=\"#?secret=\"+t,e.setAttribute(\"data-secret\",t)),e.contentWindow.postMessage({message:\"ready\",secret:t},\"*\")},!1)))}(window,document);\n\/\/# sourceURL=https:\/\/kuzeyinsesi.org\/wp-includes\/js\/wp-embed.min.js\n\/* ]]> *\/\n<\/script>\n","thumbnail_url":"https:\/\/kuzeyinsesi.org\/wp-content\/uploads\/2024\/05\/tatar-holguin.jpg","thumbnail_width":1600,"thumbnail_height":1066,"description":"Cumhurba\u015fkan\u0131 Ersin Tatar yar\u0131n saat 12.00\u2019de, BM Genel Sekreteri\u2019nin Ki\u015fisel Temsilcisi Maria Angela Holguin Cuellar\u2019i kabul edecek. Cumhurba\u015fkanl\u0131\u011f\u0131\u2019ndan verilen bilgiye g\u00f6re g\u00f6r\u00fc\u015fmede Tatar ve Holguin\u2019in heyetleri de yer alacak. BM Genel Sekreteri Antonio Guterres taraf\u0131ndan 5 Ocak\u2019ta 6 ay s\u00fcreyle iki taraf aras\u0131nda yeni ve resmi bir s\u00fcrece ge\u00e7ilebilmesi i\u00e7in ortak zemin olup olmad\u0131\u011f\u0131n\u0131 ara\u015ft\u0131rmak [&hellip;]"}