{"version":"1.0","provider_name":"Kuzeyin Sesi","provider_url":"https:\/\/kuzeyinsesi.org","author_name":"Kuzeyin Sesi","author_url":"https:\/\/kuzeyinsesi.org\/index.php\/author\/guven\/","title":"Meclis Genel Kurulu devam ediyor\u2026 - Kuzeyin Sesi","type":"rich","width":600,"height":338,"html":"<blockquote class=\"wp-embedded-content\" data-secret=\"AAgQKfmx2I\"><a href=\"https:\/\/kuzeyinsesi.org\/index.php\/2024\/05\/06\/meclis-genel-kurulu-devam-ediyor\/\">Meclis Genel Kurulu devam ediyor\u2026<\/a><\/blockquote><iframe sandbox=\"allow-scripts\" security=\"restricted\" src=\"https:\/\/kuzeyinsesi.org\/index.php\/2024\/05\/06\/meclis-genel-kurulu-devam-ediyor\/embed\/#?secret=AAgQKfmx2I\" width=\"600\" height=\"338\" title=\"&#8220;Meclis Genel Kurulu devam ediyor\u2026&#8221; &#8212; Kuzeyin Sesi\" data-secret=\"AAgQKfmx2I\" frameborder=\"0\" marginwidth=\"0\" marginheight=\"0\" scrolling=\"no\" class=\"wp-embedded-content\"><\/iframe><script type=\"text\/javascript\">\n\/* <![CDATA[ *\/\n\/*! This file is auto-generated *\/\n!function(d,l){\"use strict\";l.querySelector&&d.addEventListener&&\"undefined\"!=typeof URL&&(d.wp=d.wp||{},d.wp.receiveEmbedMessage||(d.wp.receiveEmbedMessage=function(e){var t=e.data;if((t||t.secret||t.message||t.value)&&!\/[^a-zA-Z0-9]\/.test(t.secret)){for(var s,r,n,a=l.querySelectorAll('iframe[data-secret=\"'+t.secret+'\"]'),o=l.querySelectorAll('blockquote[data-secret=\"'+t.secret+'\"]'),c=new RegExp(\"^https?:$\",\"i\"),i=0;i<o.length;i++)o[i].style.display=\"none\";for(i=0;i<a.length;i++)s=a[i],e.source===s.contentWindow&&(s.removeAttribute(\"style\"),\"height\"===t.message?(1e3<(r=parseInt(t.value,10))?r=1e3:~~r<200&&(r=200),s.height=r):\"link\"===t.message&&(r=new URL(s.getAttribute(\"src\")),n=new URL(t.value),c.test(n.protocol))&&n.host===r.host&&l.activeElement===s&&(d.top.location.href=t.value))}},d.addEventListener(\"message\",d.wp.receiveEmbedMessage,!1),l.addEventListener(\"DOMContentLoaded\",function(){for(var e,t,s=l.querySelectorAll(\"iframe.wp-embedded-content\"),r=0;r<s.length;r++)(t=(e=s[r]).getAttribute(\"data-secret\"))||(t=Math.random().toString(36).substring(2,12),e.src+=\"#?secret=\"+t,e.setAttribute(\"data-secret\",t)),e.contentWindow.postMessage({message:\"ready\",secret:t},\"*\")},!1)))}(window,document);\n\/\/# sourceURL=https:\/\/kuzeyinsesi.org\/wp-includes\/js\/wp-embed.min.js\n\/* ]]> *\/\n<\/script>\n","thumbnail_url":"https:\/\/kuzeyinsesi.org\/wp-content\/uploads\/2024\/05\/meclis-bina6.jpg","thumbnail_width":864,"thumbnail_height":486,"description":"Cumhuriyet Meclisi Genel Kurulu g\u00fcncel konu\u015fmalarla s\u00fcr\u00fcyor. -Amcao\u011flu Ekonomi ve Enerji Bakan\u0131 Olgun Amcao\u011flu konu\u015fmas\u0131nda, 2020 y\u0131l\u0131nda pandemiden dolay\u0131 ekonomi ve Maliye\u2019nin i\u00e7inde bulundu\u011fu \u015fartlarda \u00e7al\u0131\u015fmalar yapt\u0131klar\u0131na dikkat \u00e7ekti. Akaryak\u0131t\u0131n d\u00f6rt \u00f6nemli etkisi oldu\u011funu s\u00f6ylen Amcao\u011flu, dizelde fiyat de\u011fi\u015fikli\u011fi olmamas\u0131 i\u00e7in \u00e7ok \u00e7al\u0131\u015ft\u0131klar\u0131n\u0131 s\u00f6yledi. Pandemi d\u00f6neminden sonra akaryak\u0131t ihtiyac\u0131n\u0131n artt\u0131\u011f\u0131n\u0131 dile getiren Amcao\u011flu, \u00f6zellikle G\u00fcney\u2019den [&hellip;]"}