{"version":"1.0","provider_name":"Kuzeyin Sesi","provider_url":"https:\/\/kuzeyinsesi.org","author_name":"Kuzeyin Sesi","author_url":"https:\/\/kuzeyinsesi.org\/index.php\/author\/guven\/","title":"Sibel Tatar, 24.Geleneksel Eko G\u00fcn etkinli\u011fine kat\u0131ld\u0131 - Kuzeyin Sesi","type":"rich","width":600,"height":338,"html":"<blockquote class=\"wp-embedded-content\" data-secret=\"ZdElH3bLya\"><a href=\"https:\/\/kuzeyinsesi.org\/index.php\/2024\/05\/05\/sibel-tatar-24-geleneksel-eko-gun-etkinligine-katildi\/\">Sibel Tatar, 24.Geleneksel Eko G\u00fcn etkinli\u011fine kat\u0131ld\u0131<\/a><\/blockquote><iframe sandbox=\"allow-scripts\" security=\"restricted\" src=\"https:\/\/kuzeyinsesi.org\/index.php\/2024\/05\/05\/sibel-tatar-24-geleneksel-eko-gun-etkinligine-katildi\/embed\/#?secret=ZdElH3bLya\" width=\"600\" height=\"338\" title=\"&#8220;Sibel Tatar, 24.Geleneksel Eko G\u00fcn etkinli\u011fine kat\u0131ld\u0131&#8221; &#8212; Kuzeyin Sesi\" data-secret=\"ZdElH3bLya\" frameborder=\"0\" marginwidth=\"0\" marginheight=\"0\" scrolling=\"no\" class=\"wp-embedded-content\"><\/iframe><script type=\"text\/javascript\">\n\/* <![CDATA[ *\/\n\/*! This file is auto-generated *\/\n!function(d,l){\"use strict\";l.querySelector&&d.addEventListener&&\"undefined\"!=typeof URL&&(d.wp=d.wp||{},d.wp.receiveEmbedMessage||(d.wp.receiveEmbedMessage=function(e){var t=e.data;if((t||t.secret||t.message||t.value)&&!\/[^a-zA-Z0-9]\/.test(t.secret)){for(var s,r,n,a=l.querySelectorAll('iframe[data-secret=\"'+t.secret+'\"]'),o=l.querySelectorAll('blockquote[data-secret=\"'+t.secret+'\"]'),c=new RegExp(\"^https?:$\",\"i\"),i=0;i<o.length;i++)o[i].style.display=\"none\";for(i=0;i<a.length;i++)s=a[i],e.source===s.contentWindow&&(s.removeAttribute(\"style\"),\"height\"===t.message?(1e3<(r=parseInt(t.value,10))?r=1e3:~~r<200&&(r=200),s.height=r):\"link\"===t.message&&(r=new URL(s.getAttribute(\"src\")),n=new URL(t.value),c.test(n.protocol))&&n.host===r.host&&l.activeElement===s&&(d.top.location.href=t.value))}},d.addEventListener(\"message\",d.wp.receiveEmbedMessage,!1),l.addEventListener(\"DOMContentLoaded\",function(){for(var e,t,s=l.querySelectorAll(\"iframe.wp-embedded-content\"),r=0;r<s.length;r++)(t=(e=s[r]).getAttribute(\"data-secret\"))||(t=Math.random().toString(36).substring(2,12),e.src+=\"#?secret=\"+t,e.setAttribute(\"data-secret\",t)),e.contentWindow.postMessage({message:\"ready\",secret:t},\"*\")},!1)))}(window,document);\n\/\/# sourceURL=https:\/\/kuzeyinsesi.org\/wp-includes\/js\/wp-embed.min.js\n\/* ]]> *\/\n<\/script>\n","thumbnail_url":"https:\/\/kuzeyinsesi.org\/wp-content\/uploads\/2024\/05\/IMG-20240505-WA0013.jpg","thumbnail_width":1600,"thumbnail_height":1066,"description":"Cumhurba\u015fkan\u0131 Ersin Tatar\u2019\u0131n e\u015fi Sibel Tatar, Mehmet\u00e7ik B\u00fcy\u00fckkonuk Belediyesi taraf\u0131ndan d\u00fczenlenen \u201c24. Geleneksel Eko G\u00fcn\u201d etkinli\u011fine kat\u0131ld\u0131. Festivalin a\u00e7\u0131l\u0131\u015f\u0131na kat\u0131lan Sibel Tatar, festival kapsam\u0131nda d\u00fczenlenen stantlar\u0131 gezdi ve vatanda\u015flarla sohbet etti. Sibel Tatar ayr\u0131ca Cumhurba\u015fkanl\u0131\u011f\u0131 himayelerinde ve Sibel Tatar \u00f6nc\u00fcl\u00fc\u011f\u00fcnde ilki Ak\u00e7ay\u2019da ba\u015flat\u0131lan ikinci etab\u0131 Mehmet\u00e7ik B\u00fcy\u00fckkonuk Belediyesi b\u00fcnyesinde Mehmet\u00e7ik\u2019e ba\u011fl\u0131 Pamuklu k\u00f6y\u00fcnde hayata ge\u00e7irilen [&hellip;]"}