{"version":"1.0","provider_name":"Kuzeyin Sesi","provider_url":"https:\/\/kuzeyinsesi.org","author_name":"Kuzeyin Sesi","author_url":"https:\/\/kuzeyinsesi.org\/index.php\/author\/guven\/","title":"\u0130TT Zirvesi ba\u015flad\u0131 - Kuzeyin Sesi","type":"rich","width":600,"height":338,"html":"<blockquote class=\"wp-embedded-content\" data-secret=\"WUcV37A3nC\"><a href=\"https:\/\/kuzeyinsesi.org\/index.php\/2024\/05\/04\/itt-zirvesi-basladi\/\">\u0130TT Zirvesi ba\u015flad\u0131<\/a><\/blockquote><iframe sandbox=\"allow-scripts\" security=\"restricted\" src=\"https:\/\/kuzeyinsesi.org\/index.php\/2024\/05\/04\/itt-zirvesi-basladi\/embed\/#?secret=WUcV37A3nC\" width=\"600\" height=\"338\" title=\"&#8220;\u0130TT Zirvesi ba\u015flad\u0131&#8221; &#8212; Kuzeyin Sesi\" data-secret=\"WUcV37A3nC\" frameborder=\"0\" marginwidth=\"0\" marginheight=\"0\" scrolling=\"no\" class=\"wp-embedded-content\"><\/iframe><script type=\"text\/javascript\">\n\/* <![CDATA[ *\/\n\/*! This file is auto-generated *\/\n!function(d,l){\"use strict\";l.querySelector&&d.addEventListener&&\"undefined\"!=typeof URL&&(d.wp=d.wp||{},d.wp.receiveEmbedMessage||(d.wp.receiveEmbedMessage=function(e){var t=e.data;if((t||t.secret||t.message||t.value)&&!\/[^a-zA-Z0-9]\/.test(t.secret)){for(var s,r,n,a=l.querySelectorAll('iframe[data-secret=\"'+t.secret+'\"]'),o=l.querySelectorAll('blockquote[data-secret=\"'+t.secret+'\"]'),c=new RegExp(\"^https?:$\",\"i\"),i=0;i<o.length;i++)o[i].style.display=\"none\";for(i=0;i<a.length;i++)s=a[i],e.source===s.contentWindow&&(s.removeAttribute(\"style\"),\"height\"===t.message?(1e3<(r=parseInt(t.value,10))?r=1e3:~~r<200&&(r=200),s.height=r):\"link\"===t.message&&(r=new URL(s.getAttribute(\"src\")),n=new URL(t.value),c.test(n.protocol))&&n.host===r.host&&l.activeElement===s&&(d.top.location.href=t.value))}},d.addEventListener(\"message\",d.wp.receiveEmbedMessage,!1),l.addEventListener(\"DOMContentLoaded\",function(){for(var e,t,s=l.querySelectorAll(\"iframe.wp-embedded-content\"),r=0;r<s.length;r++)(t=(e=s[r]).getAttribute(\"data-secret\"))||(t=Math.random().toString(36).substring(2,12),e.src+=\"#?secret=\"+t,e.setAttribute(\"data-secret\",t)),e.contentWindow.postMessage({message:\"ready\",secret:t},\"*\")},!1)))}(window,document);\n\/\/# sourceURL=https:\/\/kuzeyinsesi.org\/wp-includes\/js\/wp-embed.min.js\n\/* ]]> *\/\n<\/script>\n","thumbnail_url":"https:\/\/kuzeyinsesi.org\/wp-content\/uploads\/2024\/05\/b91fd3bb-45ee-4df3-9422-92551ac60844.jpg","thumbnail_width":1105,"thumbnail_height":919,"description":"Gambiya\u2019n\u0131n ba\u015fkenti Banjul\u2019da d\u00fczenlenen 15. \u0130slam \u0130\u015fbirli\u011fi Te\u015fkilat\u0131 (\u0130TT) Devlet ve H\u00fck\u00fcmet Ba\u015fkanlar\u0131 Zirvesi ba\u015flad\u0131. \u201cS\u00fcrd\u00fcr\u00fclebilir Kalk\u0131nma i\u00e7in Diyalog Yoluyla Birlik ve Dayan\u0131\u015fman\u0131n G\u00fc\u00e7lendirilmesi\u201d temas\u0131yla \u00fc\u00e7 y\u0131l aradan sonra d\u00fczenlenen zirvede KKTC\u2019yi Cumhurba\u015fkan\u0131 Ersin Tatar temsil ediyor. Cumhurba\u015fkan\u0131 Tatar, Kuzey K\u0131br\u0131s T\u00fcrk Cumhuriyeti\u2019nin g\u00f6zlemci \u00fcye oldu\u011fu \u0130\u0130T\u2019nin 15. zirvesi kapsam\u0131nda ikili g\u00f6r\u00fc\u015fmeler yapacak, devlet ve [&hellip;]"}