{"version":"1.0","provider_name":"Kuzeyin Sesi","provider_url":"https:\/\/kuzeyinsesi.org","author_name":"Kuzeyin Sesi","author_url":"https:\/\/kuzeyinsesi.org\/index.php\/author\/guven\/","title":"Cumhurba\u015fkan\u0131 Tatar, Girne 19 May\u0131s TMK\u2019y\u0131 ziyaret etti - Kuzeyin Sesi","type":"rich","width":600,"height":338,"html":"<blockquote class=\"wp-embedded-content\" data-secret=\"epxMDnXDvm\"><a href=\"https:\/\/kuzeyinsesi.org\/index.php\/2024\/05\/02\/cumhurbaskani-tatar-girne-19-mayis-tmkyi-ziyaret-etti\/\">Cumhurba\u015fkan\u0131 Tatar, Girne 19 May\u0131s TMK\u2019y\u0131 ziyaret etti<\/a><\/blockquote><iframe sandbox=\"allow-scripts\" security=\"restricted\" src=\"https:\/\/kuzeyinsesi.org\/index.php\/2024\/05\/02\/cumhurbaskani-tatar-girne-19-mayis-tmkyi-ziyaret-etti\/embed\/#?secret=epxMDnXDvm\" width=\"600\" height=\"338\" title=\"&#8220;Cumhurba\u015fkan\u0131 Tatar, Girne 19 May\u0131s TMK\u2019y\u0131 ziyaret etti&#8221; &#8212; Kuzeyin Sesi\" data-secret=\"epxMDnXDvm\" frameborder=\"0\" marginwidth=\"0\" marginheight=\"0\" scrolling=\"no\" class=\"wp-embedded-content\"><\/iframe><script type=\"text\/javascript\">\n\/* <![CDATA[ *\/\n\/*! This file is auto-generated *\/\n!function(d,l){\"use strict\";l.querySelector&&d.addEventListener&&\"undefined\"!=typeof URL&&(d.wp=d.wp||{},d.wp.receiveEmbedMessage||(d.wp.receiveEmbedMessage=function(e){var t=e.data;if((t||t.secret||t.message||t.value)&&!\/[^a-zA-Z0-9]\/.test(t.secret)){for(var s,r,n,a=l.querySelectorAll('iframe[data-secret=\"'+t.secret+'\"]'),o=l.querySelectorAll('blockquote[data-secret=\"'+t.secret+'\"]'),c=new RegExp(\"^https?:$\",\"i\"),i=0;i<o.length;i++)o[i].style.display=\"none\";for(i=0;i<a.length;i++)s=a[i],e.source===s.contentWindow&&(s.removeAttribute(\"style\"),\"height\"===t.message?(1e3<(r=parseInt(t.value,10))?r=1e3:~~r<200&&(r=200),s.height=r):\"link\"===t.message&&(r=new URL(s.getAttribute(\"src\")),n=new URL(t.value),c.test(n.protocol))&&n.host===r.host&&l.activeElement===s&&(d.top.location.href=t.value))}},d.addEventListener(\"message\",d.wp.receiveEmbedMessage,!1),l.addEventListener(\"DOMContentLoaded\",function(){for(var e,t,s=l.querySelectorAll(\"iframe.wp-embedded-content\"),r=0;r<s.length;r++)(t=(e=s[r]).getAttribute(\"data-secret\"))||(t=Math.random().toString(36).substring(2,12),e.src+=\"#?secret=\"+t,e.setAttribute(\"data-secret\",t)),e.contentWindow.postMessage({message:\"ready\",secret:t},\"*\")},!1)))}(window,document);\n\/\/# sourceURL=https:\/\/kuzeyinsesi.org\/wp-includes\/js\/wp-embed.min.js\n\/* ]]> *\/\n<\/script>\n","thumbnail_url":"https:\/\/kuzeyinsesi.org\/wp-content\/uploads\/2024\/05\/tatar-19-mayis-tmk1-scaled.jpg","thumbnail_width":2560,"thumbnail_height":1796,"description":"Cumhurba\u015fkan\u0131 Ersin Tatar, Girne 19 May\u0131s T\u00fcrk Maarif Koleji\u2019ni ziyaret ederek, \u00f6\u011fretmen ve \u00f6\u011frencilerle bir araya geldi. Cumhurba\u015fkanl\u0131\u011f\u0131\u2019ndan verilen bilgiye g\u00f6re, Cumhurba\u015fkan\u0131 Tatar ziyarette \u00f6\u011frencilere yapt\u0131\u011f\u0131 konu\u015fmada, K\u0131br\u0131s meselesi, K\u0131br\u0131s\u2019\u0131n jeopolitik ve jeostratejik \u00f6nemi, iki devletli \u00e7\u00f6z\u00fcm siyaseti, ekonomik geli\u015fmeler, Mavi Vatan, T\u00fcrkiye ve T\u00fcrk Devletleri Te\u015fkilat\u0131 ile ili\u015fkiler konusunda bilgiler verdi. Cumhurba\u015fkan\u0131 Tatar ay\u0131ca, [&hellip;]"}