{"version":"1.0","provider_name":"Kuzeyin Sesi","provider_url":"https:\/\/kuzeyinsesi.org","author_name":"Kuzeyin Sesi","author_url":"https:\/\/kuzeyinsesi.org\/index.php\/author\/guven\/","title":"Bay-Sen Ba\u015fkan\u0131 Kanat\u2019tan 1 May\u0131s mesaj\u0131 - Kuzeyin Sesi","type":"rich","width":600,"height":338,"html":"<blockquote class=\"wp-embedded-content\" data-secret=\"BT8KC8SGEz\"><a href=\"https:\/\/kuzeyinsesi.org\/index.php\/2024\/04\/30\/bay-sen-baskani-kanattan-1-mayis-mesaji\/\">Bay-Sen Ba\u015fkan\u0131 Kanat\u2019tan 1 May\u0131s mesaj\u0131<\/a><\/blockquote><iframe sandbox=\"allow-scripts\" security=\"restricted\" src=\"https:\/\/kuzeyinsesi.org\/index.php\/2024\/04\/30\/bay-sen-baskani-kanattan-1-mayis-mesaji\/embed\/#?secret=BT8KC8SGEz\" width=\"600\" height=\"338\" title=\"&#8220;Bay-Sen Ba\u015fkan\u0131 Kanat\u2019tan 1 May\u0131s mesaj\u0131&#8221; &#8212; Kuzeyin Sesi\" data-secret=\"BT8KC8SGEz\" frameborder=\"0\" marginwidth=\"0\" marginheight=\"0\" scrolling=\"no\" class=\"wp-embedded-content\"><\/iframe><script type=\"text\/javascript\">\n\/* <![CDATA[ *\/\n\/*! This file is auto-generated *\/\n!function(d,l){\"use strict\";l.querySelector&&d.addEventListener&&\"undefined\"!=typeof URL&&(d.wp=d.wp||{},d.wp.receiveEmbedMessage||(d.wp.receiveEmbedMessage=function(e){var t=e.data;if((t||t.secret||t.message||t.value)&&!\/[^a-zA-Z0-9]\/.test(t.secret)){for(var s,r,n,a=l.querySelectorAll('iframe[data-secret=\"'+t.secret+'\"]'),o=l.querySelectorAll('blockquote[data-secret=\"'+t.secret+'\"]'),c=new RegExp(\"^https?:$\",\"i\"),i=0;i<o.length;i++)o[i].style.display=\"none\";for(i=0;i<a.length;i++)s=a[i],e.source===s.contentWindow&&(s.removeAttribute(\"style\"),\"height\"===t.message?(1e3<(r=parseInt(t.value,10))?r=1e3:~~r<200&&(r=200),s.height=r):\"link\"===t.message&&(r=new URL(s.getAttribute(\"src\")),n=new URL(t.value),c.test(n.protocol))&&n.host===r.host&&l.activeElement===s&&(d.top.location.href=t.value))}},d.addEventListener(\"message\",d.wp.receiveEmbedMessage,!1),l.addEventListener(\"DOMContentLoaded\",function(){for(var e,t,s=l.querySelectorAll(\"iframe.wp-embedded-content\"),r=0;r<s.length;r++)(t=(e=s[r]).getAttribute(\"data-secret\"))||(t=Math.random().toString(36).substring(2,12),e.src+=\"#?secret=\"+t,e.setAttribute(\"data-secret\",t)),e.contentWindow.postMessage({message:\"ready\",secret:t},\"*\")},!1)))}(window,document);\n\/\/# sourceURL=https:\/\/kuzeyinsesi.org\/wp-includes\/js\/wp-embed.min.js\n\/* ]]> *\/\n<\/script>\n","thumbnail_url":"https:\/\/kuzeyinsesi.org\/wp-content\/uploads\/2024\/04\/KANAT.jpg","thumbnail_width":880,"thumbnail_height":440,"description":"Bayrak Radyo Televizyon Kurumu \u00c7al\u0131\u015fanlar\u0131 Sendikas\u0131 Ba\u015fkan\u0131 \u0130brahim Kanat, 1 May\u0131s D\u00fcnya Emek ve Dayan\u0131\u015fma G\u00fcn\u00fc dolay\u0131s\u0131yla yay\u0131nlad\u0131\u011f\u0131 mesajda, 1 May\u0131s\u2019\u0131 t\u00fcm d\u00fcnya emek\u00e7ilerinin, haks\u0131zl\u0131klara kar\u015f\u0131 birlik, dayan\u0131\u015fma ve m\u00fccadele g\u00fcn\u00fc olarak g\u00f6rd\u00fcklerini kaydetti. \u201cBiliyoruz ki, emek \u00e7al\u0131\u015fan\u0131n, hak ise eme\u011finin kar\u015f\u0131l\u0131\u011f\u0131n\u0131 almak i\u00e7in m\u00fccadele \u0435d\u0435nindir\u201d diyen Kanat \u015f\u00f6yle devam etti: \u201cBug\u00fcn emek\u00e7i \u00e7al\u0131\u015fanlara verilen [&hellip;]"}