{"version":"1.0","provider_name":"Kuzeyin Sesi","provider_url":"https:\/\/kuzeyinsesi.org","author_name":"Kuzeyin Sesi","author_url":"https:\/\/kuzeyinsesi.org\/index.php\/author\/guven\/","title":"Temas Grubu Riyad&#039;da Filistin&#039;i g\u00f6r\u00fc\u015ft\u00fc - Kuzeyin Sesi","type":"rich","width":600,"height":338,"html":"<blockquote class=\"wp-embedded-content\" data-secret=\"H5C6N2pdyT\"><a href=\"https:\/\/kuzeyinsesi.org\/index.php\/2024\/04\/28\/temas-grubu-riyadda-filistini-gorustu\/\">Temas Grubu Riyad&#039;da Filistin&#039;i g\u00f6r\u00fc\u015ft\u00fc<\/a><\/blockquote><iframe sandbox=\"allow-scripts\" security=\"restricted\" src=\"https:\/\/kuzeyinsesi.org\/index.php\/2024\/04\/28\/temas-grubu-riyadda-filistini-gorustu\/embed\/#?secret=H5C6N2pdyT\" width=\"600\" height=\"338\" title=\"&#8220;Temas Grubu Riyad&#039;da Filistin&#039;i g\u00f6r\u00fc\u015ft\u00fc&#8221; &#8212; Kuzeyin Sesi\" data-secret=\"H5C6N2pdyT\" frameborder=\"0\" marginwidth=\"0\" marginheight=\"0\" scrolling=\"no\" class=\"wp-embedded-content\"><\/iframe><script type=\"text\/javascript\">\n\/* <![CDATA[ *\/\n\/*! This file is auto-generated *\/\n!function(d,l){\"use strict\";l.querySelector&&d.addEventListener&&\"undefined\"!=typeof URL&&(d.wp=d.wp||{},d.wp.receiveEmbedMessage||(d.wp.receiveEmbedMessage=function(e){var t=e.data;if((t||t.secret||t.message||t.value)&&!\/[^a-zA-Z0-9]\/.test(t.secret)){for(var s,r,n,a=l.querySelectorAll('iframe[data-secret=\"'+t.secret+'\"]'),o=l.querySelectorAll('blockquote[data-secret=\"'+t.secret+'\"]'),c=new RegExp(\"^https?:$\",\"i\"),i=0;i<o.length;i++)o[i].style.display=\"none\";for(i=0;i<a.length;i++)s=a[i],e.source===s.contentWindow&&(s.removeAttribute(\"style\"),\"height\"===t.message?(1e3<(r=parseInt(t.value,10))?r=1e3:~~r<200&&(r=200),s.height=r):\"link\"===t.message&&(r=new URL(s.getAttribute(\"src\")),n=new URL(t.value),c.test(n.protocol))&&n.host===r.host&&l.activeElement===s&&(d.top.location.href=t.value))}},d.addEventListener(\"message\",d.wp.receiveEmbedMessage,!1),l.addEventListener(\"DOMContentLoaded\",function(){for(var e,t,s=l.querySelectorAll(\"iframe.wp-embedded-content\"),r=0;r<s.length;r++)(t=(e=s[r]).getAttribute(\"data-secret\"))||(t=Math.random().toString(36).substring(2,12),e.src+=\"#?secret=\"+t,e.setAttribute(\"data-secret\",t)),e.contentWindow.postMessage({message:\"ready\",secret:t},\"*\")},!1)))}(window,document);\n\/\/# sourceURL=https:\/\/kuzeyinsesi.org\/wp-includes\/js\/wp-embed.min.js\n\/* ]]> *\/\n<\/script>\n","thumbnail_url":"https:\/\/kuzeyinsesi.org\/wp-content\/uploads\/2024\/04\/temas-grubu-a-2221103.jpg","thumbnail_width":1280,"thumbnail_height":720,"description":"&#13; Diplomatik kaynaklardan edinilen bilgiye g\u00f6re, Temas Grubu&#8217;nun Riyad&#8217;da d\u00fczenledi\u011fi toplant\u0131 sona erdi. &#13; Toplant\u0131da 4 May\u0131s&#8217;ta Banjul&#8217;da d\u00fczenlenecek \u0130\u0130T Zirvesi&#8217;nde al\u0131nacak kararlar ele al\u0131nd\u0131. &#13; Filistin&#8217;in devlet olarak tan\u0131nmas\u0131 s\u00fcrecinde at\u0131lacak ortak ad\u0131mlar\u0131n masaya yat\u0131r\u0131ld\u0131\u011f\u0131 toplant\u0131da, \u0130srail ve \u0130srail&#8217;e destek veren \u00fclkelere kar\u015f\u0131 uygulanabilecek bask\u0131 unsurlar\u0131 de\u011ferlendirildi. [Foto\u011fraf: AA] &#13; D\u0131\u015fi\u015fleri Bakan\u0131 Hakan Fidan, [&hellip;]"}