{"version":"1.0","provider_name":"Kuzeyin Sesi","provider_url":"https:\/\/kuzeyinsesi.org","author_name":"Kuzeyin Sesi","author_url":"https:\/\/kuzeyinsesi.org\/index.php\/author\/guven\/","title":"Tatar:Demokrasi \u015f\u00f6leni ya\u015fanmas\u0131n\u0131 temenni ediyorum - Kuzeyin Sesi","type":"rich","width":600,"height":338,"html":"<blockquote class=\"wp-embedded-content\" data-secret=\"1qv0FeokkS\"><a href=\"https:\/\/kuzeyinsesi.org\/index.php\/2024\/04\/28\/tatardemokrasi-soleni-yasanmasini-temenni-ediyorum\/\">Tatar:Demokrasi \u015f\u00f6leni ya\u015fanmas\u0131n\u0131 temenni ediyorum<\/a><\/blockquote><iframe sandbox=\"allow-scripts\" security=\"restricted\" src=\"https:\/\/kuzeyinsesi.org\/index.php\/2024\/04\/28\/tatardemokrasi-soleni-yasanmasini-temenni-ediyorum\/embed\/#?secret=1qv0FeokkS\" width=\"600\" height=\"338\" title=\"&#8220;Tatar:Demokrasi \u015f\u00f6leni ya\u015fanmas\u0131n\u0131 temenni ediyorum&#8221; &#8212; Kuzeyin Sesi\" data-secret=\"1qv0FeokkS\" frameborder=\"0\" marginwidth=\"0\" marginheight=\"0\" scrolling=\"no\" class=\"wp-embedded-content\"><\/iframe><script type=\"text\/javascript\">\n\/* <![CDATA[ *\/\n\/*! This file is auto-generated *\/\n!function(d,l){\"use strict\";l.querySelector&&d.addEventListener&&\"undefined\"!=typeof URL&&(d.wp=d.wp||{},d.wp.receiveEmbedMessage||(d.wp.receiveEmbedMessage=function(e){var t=e.data;if((t||t.secret||t.message||t.value)&&!\/[^a-zA-Z0-9]\/.test(t.secret)){for(var s,r,n,a=l.querySelectorAll('iframe[data-secret=\"'+t.secret+'\"]'),o=l.querySelectorAll('blockquote[data-secret=\"'+t.secret+'\"]'),c=new RegExp(\"^https?:$\",\"i\"),i=0;i<o.length;i++)o[i].style.display=\"none\";for(i=0;i<a.length;i++)s=a[i],e.source===s.contentWindow&&(s.removeAttribute(\"style\"),\"height\"===t.message?(1e3<(r=parseInt(t.value,10))?r=1e3:~~r<200&&(r=200),s.height=r):\"link\"===t.message&&(r=new URL(s.getAttribute(\"src\")),n=new URL(t.value),c.test(n.protocol))&&n.host===r.host&&l.activeElement===s&&(d.top.location.href=t.value))}},d.addEventListener(\"message\",d.wp.receiveEmbedMessage,!1),l.addEventListener(\"DOMContentLoaded\",function(){for(var e,t,s=l.querySelectorAll(\"iframe.wp-embedded-content\"),r=0;r<s.length;r++)(t=(e=s[r]).getAttribute(\"data-secret\"))||(t=Math.random().toString(36).substring(2,12),e.src+=\"#?secret=\"+t,e.setAttribute(\"data-secret\",t)),e.contentWindow.postMessage({message:\"ready\",secret:t},\"*\")},!1)))}(window,document);\n\/\/# sourceURL=https:\/\/kuzeyinsesi.org\/wp-includes\/js\/wp-embed.min.js\n\/* ]]> *\/\n<\/script>\n","thumbnail_url":"https:\/\/kuzeyinsesi.org\/wp-content\/uploads\/2024\/04\/Screenshot_20240428_151157_X.jpg","thumbnail_width":1080,"thumbnail_height":562,"description":"Cumhurba\u015fkan\u0131 Ersin Tatar, Yeniden Do\u011fu\u015f Partisi\u2019nin (YDP) 4\u2019\u00fcnc\u00fc Ola\u011fan Kurultay\u0131\u2019na kat\u0131larak konu\u015fma ger\u00e7ekle\u015ftirdi. Cumhurba\u015fkan\u0131 Tatar, yapt\u0131\u011f\u0131 konu\u015fmas\u0131nda, YDP\u2019ye ba\u015far\u0131lar diledi, yap\u0131lan \u00e7al\u0131\u015fmalardan dolay\u0131 tebrik ederek, kurultayda demokrasi \u015f\u00f6leni ya\u015fanmas\u0131 temennisinde bulundu. Bu y\u0131l Bar\u0131\u015f Harekat\u0131\u2019n\u0131n 50\u2019nci y\u0131l\u0131n\u0131n hep beraber kutlanaca\u011f\u0131na i\u015faret eden Cumhurba\u015fkan\u0131 Tatar, halen devam eden t\u00fcm ambargo ve k\u0131s\u0131tlamalara ra\u011fmen KKTC\u2019yi Do\u011fu Akdeniz\u2019de [&hellip;]"}