{"version":"1.0","provider_name":"Kuzeyin Sesi","provider_url":"https:\/\/kuzeyinsesi.org","author_name":"Kuzeyin Sesi","author_url":"https:\/\/kuzeyinsesi.org\/index.php\/author\/guven\/","title":"Cumhuriyet Meclisi Genel Kurulu yar\u0131n toplanacak - Kuzeyin Sesi","type":"rich","width":600,"height":338,"html":"<blockquote class=\"wp-embedded-content\" data-secret=\"mEkBoJPqhW\"><a href=\"https:\/\/kuzeyinsesi.org\/index.php\/2024\/04\/28\/cumhuriyet-meclisi-genel-kurulu-yarin-toplanacak\/\">Cumhuriyet Meclisi Genel Kurulu yar\u0131n toplanacak<\/a><\/blockquote><iframe sandbox=\"allow-scripts\" security=\"restricted\" src=\"https:\/\/kuzeyinsesi.org\/index.php\/2024\/04\/28\/cumhuriyet-meclisi-genel-kurulu-yarin-toplanacak\/embed\/#?secret=mEkBoJPqhW\" width=\"600\" height=\"338\" title=\"&#8220;Cumhuriyet Meclisi Genel Kurulu yar\u0131n toplanacak&#8221; &#8212; Kuzeyin Sesi\" data-secret=\"mEkBoJPqhW\" frameborder=\"0\" marginwidth=\"0\" marginheight=\"0\" scrolling=\"no\" class=\"wp-embedded-content\"><\/iframe><script type=\"text\/javascript\">\n\/* <![CDATA[ *\/\n\/*! This file is auto-generated *\/\n!function(d,l){\"use strict\";l.querySelector&&d.addEventListener&&\"undefined\"!=typeof URL&&(d.wp=d.wp||{},d.wp.receiveEmbedMessage||(d.wp.receiveEmbedMessage=function(e){var t=e.data;if((t||t.secret||t.message||t.value)&&!\/[^a-zA-Z0-9]\/.test(t.secret)){for(var s,r,n,a=l.querySelectorAll('iframe[data-secret=\"'+t.secret+'\"]'),o=l.querySelectorAll('blockquote[data-secret=\"'+t.secret+'\"]'),c=new RegExp(\"^https?:$\",\"i\"),i=0;i<o.length;i++)o[i].style.display=\"none\";for(i=0;i<a.length;i++)s=a[i],e.source===s.contentWindow&&(s.removeAttribute(\"style\"),\"height\"===t.message?(1e3<(r=parseInt(t.value,10))?r=1e3:~~r<200&&(r=200),s.height=r):\"link\"===t.message&&(r=new URL(s.getAttribute(\"src\")),n=new URL(t.value),c.test(n.protocol))&&n.host===r.host&&l.activeElement===s&&(d.top.location.href=t.value))}},d.addEventListener(\"message\",d.wp.receiveEmbedMessage,!1),l.addEventListener(\"DOMContentLoaded\",function(){for(var e,t,s=l.querySelectorAll(\"iframe.wp-embedded-content\"),r=0;r<s.length;r++)(t=(e=s[r]).getAttribute(\"data-secret\"))||(t=Math.random().toString(36).substring(2,12),e.src+=\"#?secret=\"+t,e.setAttribute(\"data-secret\",t)),e.contentWindow.postMessage({message:\"ready\",secret:t},\"*\")},!1)))}(window,document);\n\/\/# sourceURL=https:\/\/kuzeyinsesi.org\/wp-includes\/js\/wp-embed.min.js\n\/* ]]> *\/\n<\/script>\n","thumbnail_url":"https:\/\/kuzeyinsesi.org\/wp-content\/uploads\/2024\/04\/cumhuriyet-meclisi5.jpg","thumbnail_width":1000,"thumbnail_height":666,"description":"Cumhuriyet Meclis\u2019 Genel Kurulu yar\u0131n toplanacak. Genel Kurulun saat 10.00\u2019da ba\u015flamas\u0131 i \u00f6ng\u00f6r\u00fclen toplant\u0131n\u0131n g\u00fcndeminde Yatakl\u0131 Tedavi Kurumlar\u0131 Dairesi (Kurulu\u015f G\u00f6rev ve \u00c7al\u0131\u015fma Esaslar\u0131) (De\u011fi\u015fiklik) Yasa Tasar\u0131s\u0131 ve \u0130dari, Kamu ve Sa\u011fl\u0131k \u0130\u015fleri Komitesi\u2019nin Tasar\u0131ya ili\u015fkin raporu bulunuyor. Meclisten verilen bilgiye g\u00f6re Genel Kurulda ayr\u0131ca Poli\u00e7eler (De\u011fi\u015fiklik) Yasa Tasar\u0131s\u0131\u2019n\u0131n \u00fc\u00e7\u00fcnc\u00fc g\u00f6r\u00fc\u015fmesi de ger\u00e7ekle\u015ftirilecek. \u00a0"}