{"version":"1.0","provider_name":"Kuzeyin Sesi","provider_url":"https:\/\/kuzeyinsesi.org","author_name":"Kuzeyin Sesi","author_url":"https:\/\/kuzeyinsesi.org\/index.php\/author\/guven\/","title":"T\u00f6re:Milli \u015fuura sahip toplumlar aldanmaz ve aldatmaz - Kuzeyin Sesi","type":"rich","width":600,"height":338,"html":"<blockquote class=\"wp-embedded-content\" data-secret=\"GPtGU698Bi\"><a href=\"https:\/\/kuzeyinsesi.org\/index.php\/2024\/04\/27\/toremilli-suura-sahip-toplumlar-aldanmaz-ve-aldatmaz\/\">T\u00f6re:Milli \u015fuura sahip toplumlar aldanmaz ve aldatmaz<\/a><\/blockquote><iframe sandbox=\"allow-scripts\" security=\"restricted\" src=\"https:\/\/kuzeyinsesi.org\/index.php\/2024\/04\/27\/toremilli-suura-sahip-toplumlar-aldanmaz-ve-aldatmaz\/embed\/#?secret=GPtGU698Bi\" width=\"600\" height=\"338\" title=\"&#8220;T\u00f6re:Milli \u015fuura sahip toplumlar aldanmaz ve aldatmaz&#8221; &#8212; Kuzeyin Sesi\" data-secret=\"GPtGU698Bi\" frameborder=\"0\" marginwidth=\"0\" marginheight=\"0\" scrolling=\"no\" class=\"wp-embedded-content\"><\/iframe><script type=\"text\/javascript\">\n\/* <![CDATA[ *\/\n\/*! This file is auto-generated *\/\n!function(d,l){\"use strict\";l.querySelector&&d.addEventListener&&\"undefined\"!=typeof URL&&(d.wp=d.wp||{},d.wp.receiveEmbedMessage||(d.wp.receiveEmbedMessage=function(e){var t=e.data;if((t||t.secret||t.message||t.value)&&!\/[^a-zA-Z0-9]\/.test(t.secret)){for(var s,r,n,a=l.querySelectorAll('iframe[data-secret=\"'+t.secret+'\"]'),o=l.querySelectorAll('blockquote[data-secret=\"'+t.secret+'\"]'),c=new RegExp(\"^https?:$\",\"i\"),i=0;i<o.length;i++)o[i].style.display=\"none\";for(i=0;i<a.length;i++)s=a[i],e.source===s.contentWindow&&(s.removeAttribute(\"style\"),\"height\"===t.message?(1e3<(r=parseInt(t.value,10))?r=1e3:~~r<200&&(r=200),s.height=r):\"link\"===t.message&&(r=new URL(s.getAttribute(\"src\")),n=new URL(t.value),c.test(n.protocol))&&n.host===r.host&&l.activeElement===s&&(d.top.location.href=t.value))}},d.addEventListener(\"message\",d.wp.receiveEmbedMessage,!1),l.addEventListener(\"DOMContentLoaded\",function(){for(var e,t,s=l.querySelectorAll(\"iframe.wp-embedded-content\"),r=0;r<s.length;r++)(t=(e=s[r]).getAttribute(\"data-secret\"))||(t=Math.random().toString(36).substring(2,12),e.src+=\"#?secret=\"+t,e.setAttribute(\"data-secret\",t)),e.contentWindow.postMessage({message:\"ready\",secret:t},\"*\")},!1)))}(window,document);\n\/\/# sourceURL=https:\/\/kuzeyinsesi.org\/wp-includes\/js\/wp-embed.min.js\n\/* ]]> *\/\n<\/script>\n","thumbnail_url":"https:\/\/kuzeyinsesi.org\/wp-content\/uploads\/2024\/04\/8797979.jpg","thumbnail_width":2560,"thumbnail_height":1706,"description":"Cumhuriyet Meclisi Ba\u015fkan\u0131 Zorlu T\u00f6re, \u0130stanbul temaslar\u0131 \u00e7er\u00e7evesinde Mavi Vatan Denizcilik ve Global Stratejiler Derne\u011fi\u2019ni ziyaret etti. Meclisten yap\u0131lan a\u00e7\u0131klamaya g\u00f6re T\u00f6re\u2019yi,\u00a0M\u00fcstafi\u00a0T\u00fcmamiral Cihat Yayc\u0131\u00a0kar\u015f\u0131lad\u0131. T\u00f6re, burada yapt\u0131\u011f\u0131 konu\u015fmada\u00a0M\u00fcstafi\u00a0T\u00fcmamiral Cihat Yayc\u0131\u2019n\u0131n Mavi Vatan\u2019da ve Ortado\u011fu\u2019da yapm\u0131\u015f oldu\u011fu \u00e7al\u0131\u015fmalar\u0131 takdirle izlediklerini ifade etti.T\u00f6re, \u201cmilli \u015fuura sahip olan insanlar\u0131n aldanmayaca\u011f\u0131n\u0131 ve aldatmayaca\u011f\u0131n\u0131 onun i\u00e7in de bu iradenin olu\u015fmas\u0131 [&hellip;]"}