{"version":"1.0","provider_name":"Kuzeyin Sesi","provider_url":"https:\/\/kuzeyinsesi.org","author_name":"Kuzeyin Sesi","author_url":"https:\/\/kuzeyinsesi.org\/index.php\/author\/guven\/","title":"BRT Hayvanseverler Derne\u011fi 1\u2019inci Genel Kurulu\u2019nu yapt\u0131 - Kuzeyin Sesi","type":"rich","width":600,"height":338,"html":"<blockquote class=\"wp-embedded-content\" data-secret=\"OFSe44QOfW\"><a href=\"https:\/\/kuzeyinsesi.org\/index.php\/2024\/04\/27\/brt-hayvanseverler-dernegi-1inci-genel-kurulunu-yapti\/\">BRT Hayvanseverler Derne\u011fi 1\u2019inci Genel Kurulu\u2019nu yapt\u0131<\/a><\/blockquote><iframe sandbox=\"allow-scripts\" security=\"restricted\" src=\"https:\/\/kuzeyinsesi.org\/index.php\/2024\/04\/27\/brt-hayvanseverler-dernegi-1inci-genel-kurulunu-yapti\/embed\/#?secret=OFSe44QOfW\" width=\"600\" height=\"338\" title=\"&#8220;BRT Hayvanseverler Derne\u011fi 1\u2019inci Genel Kurulu\u2019nu yapt\u0131&#8221; &#8212; Kuzeyin Sesi\" data-secret=\"OFSe44QOfW\" frameborder=\"0\" marginwidth=\"0\" marginheight=\"0\" scrolling=\"no\" class=\"wp-embedded-content\"><\/iframe><script type=\"text\/javascript\">\n\/* <![CDATA[ *\/\n\/*! This file is auto-generated *\/\n!function(d,l){\"use strict\";l.querySelector&&d.addEventListener&&\"undefined\"!=typeof URL&&(d.wp=d.wp||{},d.wp.receiveEmbedMessage||(d.wp.receiveEmbedMessage=function(e){var t=e.data;if((t||t.secret||t.message||t.value)&&!\/[^a-zA-Z0-9]\/.test(t.secret)){for(var s,r,n,a=l.querySelectorAll('iframe[data-secret=\"'+t.secret+'\"]'),o=l.querySelectorAll('blockquote[data-secret=\"'+t.secret+'\"]'),c=new RegExp(\"^https?:$\",\"i\"),i=0;i<o.length;i++)o[i].style.display=\"none\";for(i=0;i<a.length;i++)s=a[i],e.source===s.contentWindow&&(s.removeAttribute(\"style\"),\"height\"===t.message?(1e3<(r=parseInt(t.value,10))?r=1e3:~~r<200&&(r=200),s.height=r):\"link\"===t.message&&(r=new URL(s.getAttribute(\"src\")),n=new URL(t.value),c.test(n.protocol))&&n.host===r.host&&l.activeElement===s&&(d.top.location.href=t.value))}},d.addEventListener(\"message\",d.wp.receiveEmbedMessage,!1),l.addEventListener(\"DOMContentLoaded\",function(){for(var e,t,s=l.querySelectorAll(\"iframe.wp-embedded-content\"),r=0;r<s.length;r++)(t=(e=s[r]).getAttribute(\"data-secret\"))||(t=Math.random().toString(36).substring(2,12),e.src+=\"#?secret=\"+t,e.setAttribute(\"data-secret\",t)),e.contentWindow.postMessage({message:\"ready\",secret:t},\"*\")},!1)))}(window,document);\n\/\/# sourceURL=https:\/\/kuzeyinsesi.org\/wp-includes\/js\/wp-embed.min.js\n\/* ]]> *\/\n<\/script>\n","thumbnail_url":"https:\/\/kuzeyinsesi.org\/wp-content\/uploads\/2024\/04\/BRT-HAYSEV-GENEL-KURUL-1.jpeg","thumbnail_width":1600,"thumbnail_height":1200,"description":"BRT Hayvanseverler Derne\u011fi 1\u2019inci Genel Kurulu, K\u0131br\u0131s T\u00fcrk Gazeteciler Birli\u011fi lokalinde yap\u0131ld\u0131. Genel Kurul\u2019da divan ba\u015fkanl\u0131\u011f\u0131na H\u00fcseyin Erko\u00e7, Yazmanl\u0131klara ise Serda T\u00fczel ve Neslihan Soykan getirildi.. Erko\u00e7 konu\u015fmas\u0131nda BRT \u00e7al\u0131\u015fanlar\u0131 olarak olumsuzluklar\u0131 \u00f6nlemek ve BRT\u2019ye b\u0131rak\u0131lan can dostlar\u0131 korumak amac\u0131yla \u00f6rg\u00fctlenildi\u011fini s\u00f6yledi&#8230; Hayvanlar\u0131n ya\u015fam haklar\u0131na sayg\u0131 g\u00f6stermenin insani bir sorumluluk oldu\u011funa i\u015faret eden Erko\u00e7, hayvan [&hellip;]"}